{"id":304,"date":"2025-12-21T10:36:05","date_gmt":"2025-12-21T09:36:05","guid":{"rendered":"https:\/\/sion.beestk.com\/?page_id=304"},"modified":"2026-02-05T12:47:25","modified_gmt":"2026-02-05T11:47:25","slug":"rachat-cession-dentreprise-en-difficulte","status":"publish","type":"page","link":"https:\/\/sion.beestk.com\/fr\/nos-expertises\/droit-des-entreprises-en-difficulte\/rachat-cession-dentreprise-en-difficulte\/","title":{"rendered":"Rachat et cession d\u2019entreprise en difficult\u00e9 : offre de reprise, plan de cession, vente encadr\u00e9e"},"content":{"rendered":"\t\t<div data-elementor-type=\"wp-page\" data-elementor-id=\"304\" class=\"elementor elementor-304\" data-elementor-post-type=\"page\">\n\t\t\t\t<div class=\"elementor-element elementor-element-4d77863 intro-page e-flex e-con-boxed e-con e-parent\" data-id=\"4d77863\" data-element_type=\"container\">\n\t\t\t\t\t<div class=\"e-con-inner\">\n\t\t\t\t<div class=\"elementor-element elementor-element-6586113 elementor-widget elementor-widget-text-editor\" data-id=\"6586113\" data-element_type=\"widget\" data-widget_type=\"text-editor.default\">\n\t\t\t\t\t\t\t\t\t<p><strong>La cession ou la reprise d\u2019une entreprise en difficult\u00e9<\/strong>\u00a0n\u2019ob\u00e9it pas aux r\u00e8gles d\u2019une vente \u00ab classique \u00bb. Lorsqu\u2019une soci\u00e9t\u00e9 est en\u00a0<strong>redressement judiciaire<\/strong>\u00a0ou en\u00a0<strong>liquidation judiciaire<\/strong>, les op\u00e9rations de cession (totale ou partielle) sont\u00a0<strong>encadr\u00e9es par le tribunal<\/strong>\u00a0et mises en \u0153uvre avec l\u2019intervention des organes de la proc\u00e9dure (administrateur, mandataire, liquidateur).<\/p><p><strong>Le Cabinet Ya\u00ebl Sion &amp; ASSOCI\u00c9S<\/strong>\u00a0vous accompagne pour\u00a0<strong>s\u00e9curiser<\/strong>\u00a0une offre de reprise, structurer une cession d\u2019actifs ou une cession d\u2019activit\u00e9, et d\u00e9fendre vos int\u00e9r\u00eats \u00e0 chaque \u00e9tape. Intervention \u00e0 Marseille et\u00a0<strong>\u00e0 distance<\/strong>\u00a0partout en France.<\/p>\t\t\t\t\t\t\t\t<\/div>\n\t\t\t\t\t<\/div>\n\t\t\t\t<\/div>\n\t\t<div class=\"elementor-element elementor-element-af24608 e-flex e-con-boxed e-con e-parent\" data-id=\"af24608\" data-element_type=\"container\">\n\t\t\t\t\t<div class=\"e-con-inner\">\n\t\t<div class=\"elementor-element elementor-element-8324c0e e-con-full image-frame e-flex e-con e-child\" data-id=\"8324c0e\" data-element_type=\"container\">\n\t\t\t\t<div class=\"elementor-element elementor-element-c1d44fd elementor-widget-mobile__width-inherit ratio-m-3-2 elementor-widget elementor-widget-image\" data-id=\"c1d44fd\" data-element_type=\"widget\" data-widget_type=\"image.default\">\n\t\t\t\t\t\t\t\t\t\t\t\t\t\t\t<img fetchpriority=\"high\" decoding=\"async\" width=\"500\" height=\"750\" src=\"https:\/\/sion.beestk.com\/wp-content\/uploads\/2026\/01\/consultation-faq.webp\" class=\"attachment-large size-large wp-image-847\" alt=\"\" srcset=\"https:\/\/sion.beestk.com\/wp-content\/uploads\/2026\/01\/consultation-faq.webp 500w, https:\/\/sion.beestk.com\/wp-content\/uploads\/2026\/01\/consultation-faq-200x300.webp 200w\" sizes=\"(max-width: 500px) 100vw, 500px\" \/>\t\t\t\t\t\t\t\t\t\t\t\t\t\t\t<\/div>\n\t\t\t\t<\/div>\n\t\t<div class=\"elementor-element elementor-element-5af5be3 e-con-full e-flex e-con e-child\" data-id=\"5af5be3\" data-element_type=\"container\">\n\t\t\t\t<div class=\"elementor-element elementor-element-1c8d790 title-line elementor-widget elementor-widget-heading\" data-id=\"1c8d790\" data-element_type=\"widget\" data-widget_type=\"heading.default\">\n\t\t\t\t\t<h2 class=\"elementor-heading-title elementor-size-default\">Deux situations, deux objectifs<\/h2>\t\t\t\t<\/div>\n\t\t\t\t<div class=\"elementor-element elementor-element-ebd1bef elementor-widget elementor-widget-n-accordion\" data-id=\"ebd1bef\" data-element_type=\"widget\" data-settings=\"{&quot;default_state&quot;:&quot;expanded&quot;,&quot;max_items_expended&quot;:&quot;one&quot;,&quot;n_accordion_animation_duration&quot;:{&quot;unit&quot;:&quot;ms&quot;,&quot;size&quot;:400,&quot;sizes&quot;:[]}}\" data-widget_type=\"nested-accordion.default\">\n\t\t\t\t\t\t\t<div class=\"e-n-accordion\" aria-label=\"Accordion. Open links with Enter or Space, close with Escape, and navigate with Arrow Keys\">\n\t\t\t\t\t\t<details id=\"e-n-accordion-item-2470\" class=\"e-n-accordion-item\" open>\n\t\t\t\t<summary class=\"e-n-accordion-item-title\" data-accordion-index=\"1\" tabindex=\"0\" aria-expanded=\"true\" aria-controls=\"e-n-accordion-item-2470\" >\n\t\t\t\t\t<span class='e-n-accordion-item-title-header'><h3 class=\"e-n-accordion-item-title-text\"> Vous \u00eates dirigeant : organiser une cession dans un cadre de proc\u00e9dure <\/h3><\/span>\n\t\t\t\t\t\t\t<span class='e-n-accordion-item-title-icon'>\n\t\t\t<span class='e-opened' ><svg aria-hidden=\"true\" class=\"e-font-icon-svg e-fas-minus\" viewBox=\"0 0 448 512\" xmlns=\"http:\/\/www.w3.org\/2000\/svg\"><path d=\"M416 208H32c-17.67 0-32 14.33-32 32v32c0 17.67 14.33 32 32 32h384c17.67 0 32-14.33 32-32v-32c0-17.67-14.33-32-32-32z\"><\/path><\/svg><\/span>\n\t\t\t<span class='e-closed'><svg aria-hidden=\"true\" class=\"e-font-icon-svg e-fas-plus\" viewBox=\"0 0 448 512\" xmlns=\"http:\/\/www.w3.org\/2000\/svg\"><path d=\"M416 208H272V64c0-17.67-14.33-32-32-32h-32c-17.67 0-32 14.33-32 32v144H32c-17.67 0-32 14.33-32 32v32c0 17.67 14.33 32 32 32h144v144c0 17.67 14.33 32 32 32h32c17.67 0 32-14.33 32-32V304h144c17.67 0 32-14.33 32-32v-32c0-17.67-14.33-32-32-32z\"><\/path><\/svg><\/span>\n\t\t<\/span>\n\n\t\t\t\t\t\t<\/summary>\n\t\t\t\t<div role=\"region\" aria-labelledby=\"e-n-accordion-item-2470\" class=\"elementor-element elementor-element-3072d93 e-con-full e-flex e-con e-child\" data-id=\"3072d93\" data-element_type=\"container\">\n\t\t\t\t<div class=\"elementor-element elementor-element-78c1734 elementor-widget elementor-widget-text-editor\" data-id=\"78c1734\" data-element_type=\"widget\" data-widget_type=\"text-editor.default\">\n\t\t\t\t\t\t\t\t\t<p>Lorsque l\u2019entreprise est en difficult\u00e9, une cession peut \u00eatre une solution de continuit\u00e9 : cession d\u2019une branche d\u2019activit\u00e9, cession d\u2019actifs strat\u00e9giques, ou cession plus globale selon le cadre retenu. L\u2019enjeu est de\u00a0<strong>structurer une solution r\u00e9aliste<\/strong>, conforme \u00e0 la proc\u00e9dure, et pr\u00e9sentable aux organes comp\u00e9tents.<\/p>\t\t\t\t\t\t\t\t<\/div>\n\t\t\t\t<\/div>\n\t\t\t\t\t<\/details>\n\t\t\t\t\t\t<details id=\"e-n-accordion-item-2471\" class=\"e-n-accordion-item\" >\n\t\t\t\t<summary class=\"e-n-accordion-item-title\" data-accordion-index=\"2\" tabindex=\"-1\" aria-expanded=\"false\" aria-controls=\"e-n-accordion-item-2471\" >\n\t\t\t\t\t<span class='e-n-accordion-item-title-header'><h3 class=\"e-n-accordion-item-title-text\"> Vous \u00eates repreneur : d\u00e9poser une offre solide et recevable <\/h3><\/span>\n\t\t\t\t\t\t\t<span class='e-n-accordion-item-title-icon'>\n\t\t\t<span class='e-opened' ><svg aria-hidden=\"true\" class=\"e-font-icon-svg e-fas-minus\" viewBox=\"0 0 448 512\" xmlns=\"http:\/\/www.w3.org\/2000\/svg\"><path d=\"M416 208H32c-17.67 0-32 14.33-32 32v32c0 17.67 14.33 32 32 32h384c17.67 0 32-14.33 32-32v-32c0-17.67-14.33-32-32-32z\"><\/path><\/svg><\/span>\n\t\t\t<span class='e-closed'><svg aria-hidden=\"true\" class=\"e-font-icon-svg e-fas-plus\" viewBox=\"0 0 448 512\" xmlns=\"http:\/\/www.w3.org\/2000\/svg\"><path d=\"M416 208H272V64c0-17.67-14.33-32-32-32h-32c-17.67 0-32 14.33-32 32v144H32c-17.67 0-32 14.33-32 32v32c0 17.67 14.33 32 32 32h144v144c0 17.67 14.33 32 32 32h32c17.67 0 32-14.33 32-32V304h144c17.67 0 32-14.33 32-32v-32c0-17.67-14.33-32-32-32z\"><\/path><\/svg><\/span>\n\t\t<\/span>\n\n\t\t\t\t\t\t<\/summary>\n\t\t\t\t<div role=\"region\" aria-labelledby=\"e-n-accordion-item-2471\" class=\"elementor-element elementor-element-971fcfb e-con-full e-flex e-con e-child\" data-id=\"971fcfb\" data-element_type=\"container\">\n\t\t\t\t<div class=\"elementor-element elementor-element-849446d elementor-widget elementor-widget-text-editor\" data-id=\"849446d\" data-element_type=\"widget\" data-widget_type=\"text-editor.default\">\n\t\t\t\t\t\t\t\t\t<p>La reprise d\u2019actifs ou d\u2019activit\u00e9 en redressement ou en liquidation peut constituer une opportunit\u00e9, \u00e0 condition de\u00a0<strong>ma\u00eetriser le formalisme<\/strong>, le calendrier et le p\u00e9rim\u00e8tre de reprise (actifs, contrats, salari\u00e9s, conditions). Une offre mal structur\u00e9e peut \u00eatre \u00e9cart\u00e9e, m\u00eame si l\u2019intention est s\u00e9rieuse.<\/p>\t\t\t\t\t\t\t\t<\/div>\n\t\t\t\t<\/div>\n\t\t\t\t\t<\/details>\n\t\t\t\t\t<\/div>\n\t\t\t\t\t\t<\/div>\n\t\t\t\t<\/div>\n\t\t\t\t\t<\/div>\n\t\t\t\t<\/div>\n\t\t<div class=\"elementor-element elementor-element-18ca087 e-flex e-con-boxed e-con e-parent\" data-id=\"18ca087\" data-element_type=\"container\" data-settings=\"{&quot;background_background&quot;:&quot;classic&quot;}\">\n\t\t\t\t\t<div class=\"e-con-inner\">\n\t\t<div class=\"elementor-element elementor-element-1f58a8e e-con-full e-flex e-con e-child\" data-id=\"1f58a8e\" data-element_type=\"container\">\n\t\t\t\t<div class=\"elementor-element elementor-element-acb11e5 title-line elementor-widget elementor-widget-heading\" data-id=\"acb11e5\" data-element_type=\"widget\" data-widget_type=\"heading.default\">\n\t\t\t\t\t<h2 class=\"elementor-heading-title elementor-size-default\">Ce qui rend la cession \u00ab en difficult\u00e9 \u00bb sp\u00e9cifique<\/h2>\t\t\t\t<\/div>\n\t\t\t\t<div class=\"elementor-element elementor-element-ce326cf elementor-widget elementor-widget-text-editor\" data-id=\"ce326cf\" data-element_type=\"widget\" data-widget_type=\"text-editor.default\">\n\t\t\t\t\t\t\t\t\t<p>Ici, on ne parle pas de cession d\u2019entreprise \u00ab classique \u00bb (fonds de commerce, titres, reprise de PME). La cession en difficult\u00e9 se d\u00e9roule dans un cadre proc\u00e9dural, avec des exigences propres :<\/p><ul><li><strong>Un calendrier<\/strong>\u00a0fix\u00e9 par la proc\u00e9dure (d\u00e9lais de remise des offres, audiences, validation)<\/li><li><strong>Un formalisme<\/strong>\u00a0strict des offres et des pi\u00e8ces attendues<\/li><li><strong>Un p\u00e9rim\u00e8tre<\/strong>\u00a0de reprise \u00e0 d\u00e9finir pr\u00e9cis\u00e9ment (actifs, contrats, salari\u00e9s, conditions)<\/li><li><strong>Des interlocuteurs<\/strong>\u00a0impos\u00e9s (administrateur\/mandataire\/liquidateur, juge-commissaire, tribunal)<\/li><li><strong>Une logique de protection<\/strong>\u00a0de l\u2019int\u00e9r\u00eat collectif, au-del\u00e0 de la seule n\u00e9gociation bilat\u00e9rale<\/li><\/ul>\t\t\t\t\t\t\t\t<\/div>\n\t\t\t\t<\/div>\n\t\t<div class=\"elementor-element elementor-element-a47d758 e-con-full image-frame left-frame elementor-hidden-tablet elementor-hidden-mobile e-flex e-con e-child\" data-id=\"a47d758\" data-element_type=\"container\">\n\t\t\t\t<div class=\"elementor-element elementor-element-f7c6693 elementor-widget-mobile__width-inherit elementor-widget elementor-widget-image\" data-id=\"f7c6693\" data-element_type=\"widget\" data-widget_type=\"image.default\">\n\t\t\t\t\t\t\t\t\t\t\t\t\t\t\t<img decoding=\"async\" width=\"800\" height=\"532\" src=\"https:\/\/sion.beestk.com\/wp-content\/uploads\/2026\/01\/cabinet-1.webp\" class=\"attachment-large size-large wp-image-795\" alt=\"\" srcset=\"https:\/\/sion.beestk.com\/wp-content\/uploads\/2026\/01\/cabinet-1.webp 800w, https:\/\/sion.beestk.com\/wp-content\/uploads\/2026\/01\/cabinet-1-300x200.webp 300w, https:\/\/sion.beestk.com\/wp-content\/uploads\/2026\/01\/cabinet-1-768x511.webp 768w\" sizes=\"(max-width: 800px) 100vw, 800px\" \/>\t\t\t\t\t\t\t\t\t\t\t\t\t\t\t<\/div>\n\t\t\t\t<\/div>\n\t\t\t\t\t<\/div>\n\t\t\t\t<\/div>\n\t\t<div class=\"elementor-element elementor-element-6980dda e-con-full e-flex e-con e-parent\" data-id=\"6980dda\" data-element_type=\"container\">\n\t\t<div class=\"elementor-element elementor-element-eed32d0 e-con-full e-flex e-con e-child\" data-id=\"eed32d0\" data-element_type=\"container\" data-settings=\"{&quot;background_background&quot;:&quot;classic&quot;}\">\n\t\t\t\t<div class=\"elementor-element elementor-element-b41fec6 elementor-widget__width-initial elementor-widget elementor-widget-heading\" data-id=\"b41fec6\" data-element_type=\"widget\" data-widget_type=\"heading.default\">\n\t\t\t\t\t<h2 class=\"elementor-heading-title elementor-size-default\">Redressement judiciaire : plan de cession et reprise d\u2019activit\u00e9<\/h2>\t\t\t\t<\/div>\n\t\t\t\t<div class=\"elementor-element elementor-element-4daab25 elementor-widget__width-initial elementor-widget elementor-widget-text-editor\" data-id=\"4daab25\" data-element_type=\"widget\" data-widget_type=\"text-editor.default\">\n\t\t\t\t\t\t\t\t\t<p>En redressement judiciaire, une cession peut \u00eatre envisag\u00e9e lorsque la continuit\u00e9 par le d\u00e9biteur n\u2019est pas r\u00e9aliste, ou lorsqu\u2019une solution de reprise permet de pr\u00e9server l\u2019activit\u00e9 et l\u2019emploi. Dans ce cadre, la qualit\u00e9 du dossier, la coh\u00e9rence de l\u2019offre et la clart\u00e9 du p\u00e9rim\u00e8tre sont d\u00e9terminants.<\/p>\t\t\t\t\t\t\t\t<\/div>\n\t\t\t\t<div class=\"elementor-element elementor-element-35ffbd9 elementor-widget__width-initial elementor-widget-tablet__width-inherit elementor-widget elementor-widget-heading\" data-id=\"35ffbd9\" data-element_type=\"widget\" data-widget_type=\"heading.default\">\n\t\t\t\t\t<h3 class=\"elementor-heading-title elementor-size-default\">Objectif : une offre lisible, financ\u00e9e et ex\u00e9cutable<\/h3>\t\t\t\t<\/div>\n\t\t\t\t<div class=\"elementor-element elementor-element-f787402 elementor-widget__width-initial elementor-widget elementor-widget-text-editor\" data-id=\"f787402\" data-element_type=\"widget\" data-widget_type=\"text-editor.default\">\n\t\t\t\t\t\t\t\t\t<p>Nous vous aidons \u00e0 formaliser une offre coh\u00e9rente : p\u00e9rim\u00e8tre repris, conditions, garanties, calendrier, organisation, et articulation avec les exigences de la proc\u00e9dure.<\/p>\t\t\t\t\t\t\t\t<\/div>\n\t\t\t\t<\/div>\n\t\t<div class=\"elementor-element elementor-element-7b05ebc e-con-full e-flex e-con e-child\" data-id=\"7b05ebc\" data-element_type=\"container\" data-settings=\"{&quot;background_background&quot;:&quot;classic&quot;}\">\n\t\t\t\t<div class=\"elementor-element elementor-element-a885580 elementor-widget__width-initial elementor-widget elementor-widget-heading\" data-id=\"a885580\" data-element_type=\"widget\" data-widget_type=\"heading.default\">\n\t\t\t\t\t<h2 class=\"elementor-heading-title elementor-size-default\">Liquidation judiciaire : cession d\u2019actifs, reprise partielle, ventes encadr\u00e9es<\/h2>\t\t\t\t<\/div>\n\t\t\t\t<div class=\"elementor-element elementor-element-ad1995a elementor-widget__width-initial elementor-widget elementor-widget-text-editor\" data-id=\"ad1995a\" data-element_type=\"widget\" data-widget_type=\"text-editor.default\">\n\t\t\t\t\t\t\t\t\t<p>En liquidation, les op\u00e9rations portent souvent sur la\u00a0<strong>reprise d\u2019actifs<\/strong>\u00a0(mat\u00e9riel, stock, droit au bail, client\u00e8le selon les cas) ou sur une cession d\u2019activit\u00e9 lorsque cela est possible. Les ventes peuvent \u00eatre organis\u00e9es et encadr\u00e9es, avec des r\u00e8gles strictes de calendrier et de validation.<\/p>\t\t\t\t\t\t\t\t<\/div>\n\t\t\t\t<div class=\"elementor-element elementor-element-aeb7f79 elementor-widget__width-initial elementor-widget-tablet__width-inherit elementor-widget elementor-widget-heading\" data-id=\"aeb7f79\" data-element_type=\"widget\" data-widget_type=\"heading.default\">\n\t\t\t\t\t<h3 class=\"elementor-heading-title elementor-size-default\">Vente aux ench\u00e8res et ventes organis\u00e9es : s\u00e9curiser vos int\u00e9r\u00eats<\/h3>\t\t\t\t<\/div>\n\t\t\t\t<div class=\"elementor-element elementor-element-cc1f659 elementor-widget__width-initial elementor-widget elementor-widget-text-editor\" data-id=\"cc1f659\" data-element_type=\"widget\" data-widget_type=\"text-editor.default\">\n\t\t\t\t\t\t\t\t\t<p>Certaines cessions interviennent via des modalit\u00e9s de vente encadr\u00e9es (notamment selon la nature des actifs). L\u2019enjeu est d\u2019anticiper les contraintes, d\u2019\u00e9valuer les risques et de pr\u00e9parer une strat\u00e9gie conforme \u00e0 la proc\u00e9dure.<\/p>\t\t\t\t\t\t\t\t<\/div>\n\t\t\t\t<\/div>\n\t\t\t\t<\/div>\n\t\t<div class=\"elementor-element elementor-element-cf61e1d e-flex e-con-boxed e-con e-parent\" data-id=\"cf61e1d\" data-element_type=\"container\" data-settings=\"{&quot;background_background&quot;:&quot;classic&quot;}\">\n\t\t\t\t\t<div class=\"e-con-inner\">\n\t\t\t\t<div class=\"elementor-element elementor-element-d643c2a title-line line-center elementor-widget elementor-widget-heading\" data-id=\"d643c2a\" data-element_type=\"widget\" data-widget_type=\"heading.default\">\n\t\t\t\t\t<h2 class=\"elementor-heading-title elementor-size-default\">L\u2019accompagnement du cabinet :<br> de la strat\u00e9gie \u00e0 la validation<\/h2>\t\t\t\t<\/div>\n\t\t\t\t<div class=\"elementor-element elementor-element-4bd230a elementor-widget elementor-widget-text-editor\" data-id=\"4bd230a\" data-element_type=\"widget\" data-widget_type=\"text-editor.default\">\n\t\t\t\t\t\t\t\t\t<p><strong>Notre r\u00f4le<\/strong>\u00a0est de vous faire gagner en clart\u00e9 et en s\u00e9curit\u00e9 dans un cadre o\u00f9 le temps est compt\u00e9 et le formalisme d\u00e9terminant.<\/p>\t\t\t\t\t\t\t\t<\/div>\n\t\t<div class=\"elementor-element elementor-element-9c3d940 e-con-full e-flex e-con e-child\" data-id=\"9c3d940\" data-element_type=\"container\">\n\t\t<div class=\"elementor-element elementor-element-314117c e-con-full e-flex e-con e-child\" data-id=\"314117c\" data-element_type=\"container\" data-settings=\"{&quot;background_background&quot;:&quot;classic&quot;}\">\n\t\t\t\t<div class=\"elementor-element elementor-element-df4558e elementor-widget elementor-widget-heading\" data-id=\"df4558e\" data-element_type=\"widget\" data-widget_type=\"heading.default\">\n\t\t\t\t\t<h3 class=\"elementor-heading-title elementor-size-default\">Pour le repreneur<\/h3>\t\t\t\t<\/div>\n\t\t\t\t<div class=\"elementor-element elementor-element-63ec011 elementor-widget elementor-widget-text-editor\" data-id=\"63ec011\" data-element_type=\"widget\" data-widget_type=\"text-editor.default\">\n\t\t\t\t\t\t\t\t\t<p><strong>Analyse du cadre<\/strong>\u00a0(redressement \/ liquidation, calendrier, p\u00e9rim\u00e8tre possible)<\/p><p><strong>Structuration<\/strong>\u00a0de l\u2019offre (conditions, engagements, coh\u00e9rence et faisabilit\u00e9)<\/p><p><strong>S\u00e9curisation<\/strong>\u00a0des points sensibles (risques, limites, documents, contraintes)<\/p><p><strong>Assistance<\/strong>\u00a0dans les \u00e9changes avec les organes et lors des \u00e9tapes cl\u00e9s<\/p>\t\t\t\t\t\t\t\t<\/div>\n\t\t\t\t<\/div>\n\t\t<div class=\"elementor-element elementor-element-69efaa9 e-con-full e-flex e-con e-child\" data-id=\"69efaa9\" data-element_type=\"container\" data-settings=\"{&quot;background_background&quot;:&quot;classic&quot;}\">\n\t\t\t\t<div class=\"elementor-element elementor-element-b21ecf3 elementor-widget elementor-widget-heading\" data-id=\"b21ecf3\" data-element_type=\"widget\" data-widget_type=\"heading.default\">\n\t\t\t\t\t<h3 class=\"elementor-heading-title elementor-size-default\">Pour le dirigeant \/ l\u2019entreprise<\/h3>\t\t\t\t<\/div>\n\t\t\t\t<div class=\"elementor-element elementor-element-7c40c74 elementor-widget elementor-widget-text-editor\" data-id=\"7c40c74\" data-element_type=\"widget\" data-widget_type=\"text-editor.default\">\n\t\t\t\t\t\t\t\t\t<p><strong>Cadrage<\/strong>\u00a0de la strat\u00e9gie de cession (totale ou partielle) dans le cadre de la proc\u00e9dure<\/p><p><strong>Pr\u00e9paration<\/strong>\u00a0des \u00e9l\u00e9ments n\u00e9cessaires et s\u00e9curisation des \u00e9changes<\/p><p><strong>Analyse<\/strong>\u00a0des offres, points forts \/ points faibles, impacts et risques<\/p><p><strong>Suivi<\/strong>\u00a0de l\u2019ex\u00e9cution des actes et des \u00e9tapes proc\u00e9durales<\/p>\t\t\t\t\t\t\t\t<\/div>\n\t\t\t\t<\/div>\n\t\t\t\t<\/div>\n\t\t\t\t\t<\/div>\n\t\t\t\t<\/div>\n\t\t<div class=\"elementor-element elementor-element-208698c e-con-full e-flex e-con e-child\" data-id=\"208698c\" data-element_type=\"container\" data-settings=\"{&quot;background_background&quot;:&quot;classic&quot;}\">\n\t\t\t\t<div class=\"elementor-element elementor-element-e2ef2db elementor-widget elementor-widget-heading\" data-id=\"e2ef2db\" data-element_type=\"widget\" data-widget_type=\"heading.default\">\n\t\t\t\t\t<h2 class=\"elementor-heading-title elementor-size-default\">Prendre contact<\/h2>\t\t\t\t<\/div>\n\t\t\t\t<div class=\"elementor-element elementor-element-4014450 elementor-widget__width-initial elementor-widget-mobile__width-inherit elementor-widget elementor-widget-text-editor\" data-id=\"4014450\" data-element_type=\"widget\" data-widget_type=\"text-editor.default\">\n\t\t\t\t\t\t\t\t\t<p><strong>Vous avez un projet de reprise ou de cession dans le cadre d\u2019un redressement ou d\u2019une liquidation ?<\/strong>\u00a0Prenons un temps de cadrage pour d\u00e9finir la strat\u00e9gie et s\u00e9curiser la proc\u00e9dure.<\/p>\t\t\t\t\t\t\t\t<\/div>\n\t\t<div class=\"elementor-element elementor-element-0287ff4 e-con-full e-flex e-con e-child\" data-id=\"0287ff4\" data-element_type=\"container\">\n\t\t\t\t<div class=\"elementor-element elementor-element-693ab05 elementor-align-left elementor-widget elementor-widget-button\" data-id=\"693ab05\" data-element_type=\"widget\" data-widget_type=\"button.default\">\n\t\t\t\t\t\t\t\t\t\t<a class=\"elementor-button elementor-button-link elementor-size-sm\" href=\"tel:+33465848884\">\n\t\t\t\t\t\t<span class=\"elementor-button-content-wrapper\">\n\t\t\t\t\t\t<span class=\"elementor-button-icon\">\n\t\t\t\t<svg aria-hidden=\"true\" class=\"e-font-icon-svg e-fas-phone-alt\" viewBox=\"0 0 512 512\" xmlns=\"http:\/\/www.w3.org\/2000\/svg\"><path d=\"M497.39 361.8l-112-48a24 24 0 0 0-28 6.9l-49.6 60.6A370.66 370.66 0 0 1 130.6 204.11l60.6-49.6a23.94 23.94 0 0 0 6.9-28l-48-112A24.16 24.16 0 0 0 122.6.61l-104 24A24 24 0 0 0 0 48c0 256.5 207.9 464 464 464a24 24 0 0 0 23.4-18.6l24-104a24.29 24.29 0 0 0-14.01-27.6z\"><\/path><\/svg>\t\t\t<\/span>\n\t\t\t\t\t\t\t\t\t<span class=\"elementor-button-text\">Nous appeler<\/span>\n\t\t\t\t\t<\/span>\n\t\t\t\t\t<\/a>\n\t\t\t\t\t\t\t\t<\/div>\n\t\t\t\t<div class=\"elementor-element elementor-element-8d54b5c elementor-align-left elementor-widget elementor-widget-button\" data-id=\"8d54b5c\" data-element_type=\"widget\" data-widget_type=\"button.default\">\n\t\t\t\t\t\t\t\t\t\t<a class=\"elementor-button elementor-button-link elementor-size-sm\" href=\"https:\/\/sion.beestk.com\/fr\/contact\/\">\n\t\t\t\t\t\t<span class=\"elementor-button-content-wrapper\">\n\t\t\t\t\t\t<span class=\"elementor-button-icon\">\n\t\t\t\t<svg aria-hidden=\"true\" class=\"e-font-icon-svg e-far-envelope\" viewBox=\"0 0 512 512\" xmlns=\"http:\/\/www.w3.org\/2000\/svg\"><path d=\"M464 64H48C21.49 64 0 85.49 0 112v288c0 26.51 21.49 48 48 48h416c26.51 0 48-21.49 48-48V112c0-26.51-21.49-48-48-48zm0 48v40.805c-22.422 18.259-58.168 46.651-134.587 106.49-16.841 13.247-50.201 45.072-73.413 44.701-23.208.375-56.579-31.459-73.413-44.701C106.18 199.465 70.425 171.067 48 152.805V112h416zM48 400V214.398c22.914 18.251 55.409 43.862 104.938 82.646 21.857 17.205 60.134 55.186 103.062 54.955 42.717.231 80.509-37.199 103.053-54.947 49.528-38.783 82.032-64.401 104.947-82.653V400H48z\"><\/path><\/svg>\t\t\t<\/span>\n\t\t\t\t\t\t\t\t\t<span class=\"elementor-button-text\">Nous \u00e9crire<\/span>\n\t\t\t\t\t<\/span>\n\t\t\t\t\t<\/a>\n\t\t\t\t\t\t\t\t<\/div>\n\t\t\t\t<\/div>\n\t\t\t\t<\/div>\n\t\t<div class=\"elementor-element elementor-element-481daea e-flex e-con-boxed e-con e-parent\" data-id=\"481daea\" data-element_type=\"container\">\n\t\t\t\t\t<div class=\"e-con-inner\">\n\t\t<div class=\"elementor-element elementor-element-8bafd3d e-con-full e-flex e-con e-child\" data-id=\"8bafd3d\" data-element_type=\"container\">\n\t\t\t\t<div class=\"elementor-element elementor-element-31d933e title-line elementor-widget elementor-widget-heading\" data-id=\"31d933e\" data-element_type=\"widget\" data-widget_type=\"heading.default\">\n\t\t\t\t\t<h2 class=\"elementor-heading-title elementor-size-default\">FAQ \u2013 Reprise et cession d\u2019entreprise en difficult\u00e9<\/h2>\t\t\t\t<\/div>\n\t\t\t\t<div class=\"elementor-element elementor-element-fff0e48 elementor-widget elementor-widget-n-accordion\" data-id=\"fff0e48\" data-element_type=\"widget\" data-settings=\"{&quot;default_state&quot;:&quot;expanded&quot;,&quot;max_items_expended&quot;:&quot;one&quot;,&quot;n_accordion_animation_duration&quot;:{&quot;unit&quot;:&quot;ms&quot;,&quot;size&quot;:400,&quot;sizes&quot;:[]}}\" data-widget_type=\"nested-accordion.default\">\n\t\t\t\t\t\t\t<div class=\"e-n-accordion\" aria-label=\"Accordion. Open links with Enter or Space, close with Escape, and navigate with Arrow Keys\">\n\t\t\t\t\t\t<details id=\"e-n-accordion-item-2680\" class=\"e-n-accordion-item\" open>\n\t\t\t\t<summary class=\"e-n-accordion-item-title\" data-accordion-index=\"1\" tabindex=\"0\" aria-expanded=\"true\" aria-controls=\"e-n-accordion-item-2680\" >\n\t\t\t\t\t<span class='e-n-accordion-item-title-header'><h3 class=\"e-n-accordion-item-title-text\"> Quelle diff\u00e9rence avec une cession d\u2019entreprise \u00ab classique \u00bb ? <\/h3><\/span>\n\t\t\t\t\t\t\t<span class='e-n-accordion-item-title-icon'>\n\t\t\t<span class='e-opened' ><svg aria-hidden=\"true\" class=\"e-font-icon-svg e-fas-minus\" viewBox=\"0 0 448 512\" xmlns=\"http:\/\/www.w3.org\/2000\/svg\"><path d=\"M416 208H32c-17.67 0-32 14.33-32 32v32c0 17.67 14.33 32 32 32h384c17.67 0 32-14.33 32-32v-32c0-17.67-14.33-32-32-32z\"><\/path><\/svg><\/span>\n\t\t\t<span class='e-closed'><svg aria-hidden=\"true\" class=\"e-font-icon-svg e-fas-plus\" viewBox=\"0 0 448 512\" xmlns=\"http:\/\/www.w3.org\/2000\/svg\"><path d=\"M416 208H272V64c0-17.67-14.33-32-32-32h-32c-17.67 0-32 14.33-32 32v144H32c-17.67 0-32 14.33-32 32v32c0 17.67 14.33 32 32 32h144v144c0 17.67 14.33 32 32 32h32c17.67 0 32-14.33 32-32V304h144c17.67 0 32-14.33 32-32v-32c0-17.67-14.33-32-32-32z\"><\/path><\/svg><\/span>\n\t\t<\/span>\n\n\t\t\t\t\t\t<\/summary>\n\t\t\t\t<div role=\"region\" aria-labelledby=\"e-n-accordion-item-2680\" class=\"elementor-element elementor-element-4e830b0 e-con-full e-flex e-con e-child\" data-id=\"4e830b0\" data-element_type=\"container\">\n\t\t\t\t<div class=\"elementor-element elementor-element-f2667c8 elementor-widget elementor-widget-text-editor\" data-id=\"f2667c8\" data-element_type=\"widget\" data-widget_type=\"text-editor.default\">\n\t\t\t\t\t\t\t\t\t<p>La cession en difficult\u00e9 est encadr\u00e9e par une proc\u00e9dure collective (tribunal, organes de la proc\u00e9dure, d\u00e9lais et formalisme). Elle ne se traite pas comme une vente de fonds de commerce ou une cession de titres hors proc\u00e9dure.<\/p>\t\t\t\t\t\t\t\t<\/div>\n\t\t\t\t<\/div>\n\t\t\t\t\t<\/details>\n\t\t\t\t\t\t<details id=\"e-n-accordion-item-2681\" class=\"e-n-accordion-item\" >\n\t\t\t\t<summary class=\"e-n-accordion-item-title\" data-accordion-index=\"2\" tabindex=\"-1\" aria-expanded=\"false\" aria-controls=\"e-n-accordion-item-2681\" >\n\t\t\t\t\t<span class='e-n-accordion-item-title-header'><h3 class=\"e-n-accordion-item-title-text\"> Peut-on faire une offre de reprise en liquidation judiciaire ? <\/h3><\/span>\n\t\t\t\t\t\t\t<span class='e-n-accordion-item-title-icon'>\n\t\t\t<span class='e-opened' ><svg aria-hidden=\"true\" class=\"e-font-icon-svg e-fas-minus\" viewBox=\"0 0 448 512\" xmlns=\"http:\/\/www.w3.org\/2000\/svg\"><path d=\"M416 208H32c-17.67 0-32 14.33-32 32v32c0 17.67 14.33 32 32 32h384c17.67 0 32-14.33 32-32v-32c0-17.67-14.33-32-32-32z\"><\/path><\/svg><\/span>\n\t\t\t<span class='e-closed'><svg aria-hidden=\"true\" class=\"e-font-icon-svg e-fas-plus\" viewBox=\"0 0 448 512\" xmlns=\"http:\/\/www.w3.org\/2000\/svg\"><path d=\"M416 208H272V64c0-17.67-14.33-32-32-32h-32c-17.67 0-32 14.33-32 32v144H32c-17.67 0-32 14.33-32 32v32c0 17.67 14.33 32 32 32h144v144c0 17.67 14.33 32 32 32h32c17.67 0 32-14.33 32-32V304h144c17.67 0 32-14.33 32-32v-32c0-17.67-14.33-32-32-32z\"><\/path><\/svg><\/span>\n\t\t<\/span>\n\n\t\t\t\t\t\t<\/summary>\n\t\t\t\t<div role=\"region\" aria-labelledby=\"e-n-accordion-item-2681\" class=\"elementor-element elementor-element-cf9c64e e-con-full e-flex e-con e-child\" data-id=\"cf9c64e\" data-element_type=\"container\">\n\t\t\t\t<div class=\"elementor-element elementor-element-a7e7e73 elementor-widget elementor-widget-text-editor\" data-id=\"a7e7e73\" data-element_type=\"widget\" data-widget_type=\"text-editor.default\">\n\t\t\t\t\t\t\t\t\t<p>Oui, selon le p\u00e9rim\u00e8tre et les modalit\u00e9s de vente pr\u00e9vues. La recevabilit\u00e9 et la solidit\u00e9 de l\u2019offre d\u00e9pendent du cadre, du calendrier et du respect du formalisme.<\/p>\t\t\t\t\t\t\t\t<\/div>\n\t\t\t\t<\/div>\n\t\t\t\t\t<\/details>\n\t\t\t\t\t\t<details id=\"e-n-accordion-item-2682\" class=\"e-n-accordion-item\" >\n\t\t\t\t<summary class=\"e-n-accordion-item-title\" data-accordion-index=\"3\" tabindex=\"-1\" aria-expanded=\"false\" aria-controls=\"e-n-accordion-item-2682\" >\n\t\t\t\t\t<span class='e-n-accordion-item-title-header'><h3 class=\"e-n-accordion-item-title-text\"> Pourquoi se faire accompagner par un avocat ? <\/h3><\/span>\n\t\t\t\t\t\t\t<span class='e-n-accordion-item-title-icon'>\n\t\t\t<span class='e-opened' ><svg aria-hidden=\"true\" class=\"e-font-icon-svg e-fas-minus\" viewBox=\"0 0 448 512\" xmlns=\"http:\/\/www.w3.org\/2000\/svg\"><path d=\"M416 208H32c-17.67 0-32 14.33-32 32v32c0 17.67 14.33 32 32 32h384c17.67 0 32-14.33 32-32v-32c0-17.67-14.33-32-32-32z\"><\/path><\/svg><\/span>\n\t\t\t<span class='e-closed'><svg aria-hidden=\"true\" class=\"e-font-icon-svg e-fas-plus\" viewBox=\"0 0 448 512\" xmlns=\"http:\/\/www.w3.org\/2000\/svg\"><path d=\"M416 208H272V64c0-17.67-14.33-32-32-32h-32c-17.67 0-32 14.33-32 32v144H32c-17.67 0-32 14.33-32 32v32c0 17.67 14.33 32 32 32h144v144c0 17.67 14.33 32 32 32h32c17.67 0 32-14.33 32-32V304h144c17.67 0 32-14.33 32-32v-32c0-17.67-14.33-32-32-32z\"><\/path><\/svg><\/span>\n\t\t<\/span>\n\n\t\t\t\t\t\t<\/summary>\n\t\t\t\t<div role=\"region\" aria-labelledby=\"e-n-accordion-item-2682\" class=\"elementor-element elementor-element-7fe6162 e-con-full e-flex e-con e-child\" data-id=\"7fe6162\" data-element_type=\"container\">\n\t\t\t\t<div class=\"elementor-element elementor-element-87f25eb elementor-widget elementor-widget-text-editor\" data-id=\"87f25eb\" data-element_type=\"widget\" data-widget_type=\"text-editor.default\">\n\t\t\t\t\t\t\t\t\t<p>Parce que le calendrier est souvent serr\u00e9 et que la qualit\u00e9 juridique de l\u2019offre, la coh\u00e9rence des engagements et le respect des r\u00e8gles proc\u00e9durales sont d\u00e9terminants.<\/p>\t\t\t\t\t\t\t\t<\/div>\n\t\t\t\t<\/div>\n\t\t\t\t\t<\/details>\n\t\t\t\t\t\t<details id=\"e-n-accordion-item-2683\" class=\"e-n-accordion-item\" >\n\t\t\t\t<summary class=\"e-n-accordion-item-title\" data-accordion-index=\"4\" tabindex=\"-1\" aria-expanded=\"false\" aria-controls=\"e-n-accordion-item-2683\" >\n\t\t\t\t\t<span class='e-n-accordion-item-title-header'><h3 class=\"e-n-accordion-item-title-text\"> Intervenez-vous uniquement \u00e0 Marseille ? <\/h3><\/span>\n\t\t\t\t\t\t\t<span class='e-n-accordion-item-title-icon'>\n\t\t\t<span class='e-opened' ><svg aria-hidden=\"true\" class=\"e-font-icon-svg e-fas-minus\" viewBox=\"0 0 448 512\" xmlns=\"http:\/\/www.w3.org\/2000\/svg\"><path d=\"M416 208H32c-17.67 0-32 14.33-32 32v32c0 17.67 14.33 32 32 32h384c17.67 0 32-14.33 32-32v-32c0-17.67-14.33-32-32-32z\"><\/path><\/svg><\/span>\n\t\t\t<span class='e-closed'><svg aria-hidden=\"true\" class=\"e-font-icon-svg e-fas-plus\" viewBox=\"0 0 448 512\" xmlns=\"http:\/\/www.w3.org\/2000\/svg\"><path d=\"M416 208H272V64c0-17.67-14.33-32-32-32h-32c-17.67 0-32 14.33-32 32v144H32c-17.67 0-32 14.33-32 32v32c0 17.67 14.33 32 32 32h144v144c0 17.67 14.33 32 32 32h32c17.67 0 32-14.33 32-32V304h144c17.67 0 32-14.33 32-32v-32c0-17.67-14.33-32-32-32z\"><\/path><\/svg><\/span>\n\t\t<\/span>\n\n\t\t\t\t\t\t<\/summary>\n\t\t\t\t<div role=\"region\" aria-labelledby=\"e-n-accordion-item-2683\" class=\"elementor-element elementor-element-0036b3f e-flex e-con-boxed e-con e-child\" data-id=\"0036b3f\" data-element_type=\"container\">\n\t\t\t\t\t<div class=\"e-con-inner\">\n\t\t\t\t<div class=\"elementor-element elementor-element-2965175 elementor-widget elementor-widget-text-editor\" data-id=\"2965175\" data-element_type=\"widget\" data-widget_type=\"text-editor.default\">\n\t\t\t\t\t\t\t\t\t<p>Le cabinet est bas\u00e9 \u00e0 Marseille et intervient aussi\u00a0<strong>\u00e0 distance<\/strong>\u00a0partout en France.<\/p>\t\t\t\t\t\t\t\t<\/div>\n\t\t\t\t\t<\/div>\n\t\t\t\t<\/div>\n\t\t\t\t\t<\/details>\n\t\t\t\t\t<\/div>\n\t\t\t\t\t<script type=\"application\/ld+json\">{\"@context\":\"https:\\\/\\\/schema.org\",\"@type\":\"FAQPage\",\"mainEntity\":[{\"@type\":\"Question\",\"name\":\"Quelle diff\\u00e9rence avec une cession d\\u2019entreprise \\u00ab classique \\u00bb ?\",\"acceptedAnswer\":{\"@type\":\"Answer\",\"text\":\"La cession en difficult\\u00e9 est encadr\\u00e9e par une proc\\u00e9dure collective (tribunal, organes de la proc\\u00e9dure, d\\u00e9lais et formalisme). Elle ne se traite pas comme une vente de fonds de commerce ou une cession de titres hors proc\\u00e9dure.\"}},{\"@type\":\"Question\",\"name\":\"Peut-on faire une offre de reprise en liquidation judiciaire ?\",\"acceptedAnswer\":{\"@type\":\"Answer\",\"text\":\"Oui, selon le p\\u00e9rim\\u00e8tre et les modalit\\u00e9s de vente pr\\u00e9vues. La recevabilit\\u00e9 et la solidit\\u00e9 de l\\u2019offre d\\u00e9pendent du cadre, du calendrier et du respect du formalisme.\"}},{\"@type\":\"Question\",\"name\":\"Pourquoi se faire accompagner par un avocat ?\",\"acceptedAnswer\":{\"@type\":\"Answer\",\"text\":\"Parce que le calendrier est souvent serr\\u00e9 et que la qualit\\u00e9 juridique de l\\u2019offre, la coh\\u00e9rence des engagements et le respect des r\\u00e8gles proc\\u00e9durales sont d\\u00e9terminants.\"}},{\"@type\":\"Question\",\"name\":\"Intervenez-vous uniquement \\u00e0 Marseille ?\",\"acceptedAnswer\":{\"@type\":\"Answer\",\"text\":\"Le cabinet est bas\\u00e9 \\u00e0 Marseille et intervient aussi\\u00a0\\u00e0 distance\\u00a0partout en France.\"}}]}<\/script>\n\t\t\t\t\t\t\t<\/div>\n\t\t\t\t<\/div>\n\t\t<div class=\"elementor-element elementor-element-d6c1eff e-con-full image-frame left-frame elementor-hidden-mobile e-flex e-con e-child\" data-id=\"d6c1eff\" data-element_type=\"container\">\n\t\t\t\t<div class=\"elementor-element elementor-element-10920dd elementor-widget elementor-widget-image\" data-id=\"10920dd\" data-element_type=\"widget\" data-widget_type=\"image.default\">\n\t\t\t\t\t\t\t\t\t\t\t\t\t\t\t<img fetchpriority=\"high\" decoding=\"async\" width=\"500\" height=\"750\" src=\"https:\/\/sion.beestk.com\/wp-content\/uploads\/2026\/01\/consultation-faq.webp\" class=\"attachment-large size-large wp-image-847\" alt=\"\" srcset=\"https:\/\/sion.beestk.com\/wp-content\/uploads\/2026\/01\/consultation-faq.webp 500w, https:\/\/sion.beestk.com\/wp-content\/uploads\/2026\/01\/consultation-faq-200x300.webp 200w\" sizes=\"(max-width: 500px) 100vw, 500px\" \/>\t\t\t\t\t\t\t\t\t\t\t\t\t\t\t<\/div>\n\t\t\t\t<\/div>\n\t\t\t\t\t<\/div>\n\t\t\t\t<\/div>\n\t\t\t\t<\/div>\n\t\t","protected":false},"excerpt":{"rendered":"<p>La cession ou la reprise d\u2019une entreprise en difficult\u00e9\u00a0n\u2019ob\u00e9it pas aux r\u00e8gles d\u2019une vente \u00ab classique \u00bb. Lorsqu\u2019une soci\u00e9t\u00e9 est en\u00a0redressement judiciaire\u00a0ou en\u00a0liquidation judiciaire, les op\u00e9rations de cession (totale ou partielle) sont\u00a0encadr\u00e9es par le tribunal\u00a0et mises en \u0153uvre avec l\u2019intervention des organes de la proc\u00e9dure (administrateur, mandataire, liquidateur). Le Cabinet Ya\u00ebl Sion &amp; ASSOCI\u00c9S\u00a0vous accompagne [&hellip;]<\/p>\n","protected":false},"author":3,"featured_media":0,"parent":296,"menu_order":0,"comment_status":"closed","ping_status":"closed","template":"","meta":{"_acf_changed":false,"footnotes":""},"class_list":["post-304","page","type-page","status-publish","hentry"],"acf":[],"yoast_head":"<!-- This site is optimized with the Yoast SEO plugin v26.8 - https:\/\/yoast.com\/product\/yoast-seo-wordpress\/ -->\n<title>Avocat reprise\/cession entreprise difficult\u00e9 | Ya\u00ebl Sion &amp; ASSOCI\u00c9S<\/title>\n<meta name=\"description\" content=\"Avocat pour reprise et cession d\u2019entreprise en difficult\u00e9 : offre de reprise, plan de cession, cession d\u2019actifs en redressement ou liquidation, proc\u00e9dures encadr\u00e9es par le tribunal.\" \/>\n<meta name=\"robots\" content=\"noindex, follow, max-snippet:-1, max-image-preview:large, max-video-preview:-1\" \/>\n<meta property=\"og:locale\" content=\"fr_FR\" \/>\n<meta property=\"og:type\" content=\"article\" \/>\n<meta property=\"og:title\" content=\"Avocat reprise\/cession entreprise difficult\u00e9 | Ya\u00ebl Sion &amp; ASSOCI\u00c9S\" \/>\n<meta property=\"og:description\" content=\"Avocat pour reprise et cession d\u2019entreprise en difficult\u00e9 : offre de reprise, plan de cession, cession d\u2019actifs en redressement ou liquidation, proc\u00e9dures encadr\u00e9es par le tribunal.\" \/>\n<meta property=\"og:url\" content=\"https:\/\/sion.beestk.com\/fr\/nos-expertises\/droit-des-entreprises-en-difficulte\/rachat-cession-dentreprise-en-difficulte\/\" \/>\n<meta property=\"og:site_name\" content=\"Sion Avocat\" \/>\n<meta property=\"article:publisher\" content=\"https:\/\/maps.app.goo.gl\/wgFyjZZdY3JC98nZA\" \/>\n<meta property=\"article:modified_time\" content=\"2026-02-05T11:47:25+00:00\" \/>\n<meta property=\"og:image\" content=\"https:\/\/sion.beestk.com\/wp-content\/uploads\/2026\/01\/consultation-faq.webp\" \/>\n<meta name=\"twitter:card\" content=\"summary_large_image\" \/>\n<meta name=\"twitter:label1\" content=\"Dur\u00e9e de lecture estim\u00e9e\" \/>\n\t<meta name=\"twitter:data1\" content=\"6 minutes\" \/>\n<script type=\"application\/ld+json\" class=\"yoast-schema-graph\">{\n\t    \"@context\": \"https:\/\/schema.org\",\n\t    \"@graph\": [\n\t        {\n\t            \"@type\": \"WebPage\",\n\t            \"@id\": \"https:\/\/sion.beestk.com\/fr\/nos-expertises\/droit-des-entreprises-en-difficulte\/rachat-cession-dentreprise-en-difficulte\/\",\n\t            \"url\": \"https:\/\/sion.beestk.com\/fr\/nos-expertises\/droit-des-entreprises-en-difficulte\/rachat-cession-dentreprise-en-difficulte\/\",\n\t            \"name\": \"Avocat reprise\/cession entreprise difficult\u00e9 | Ya\u00ebl Sion & ASSOCI\u00c9S\",\n\t            \"isPartOf\": {\n\t                \"@id\": \"https:\/\/sion.beestk.com\/fr\/#website\"\n\t            },\n\t            \"primaryImageOfPage\": {\n\t                \"@id\": \"https:\/\/sion.beestk.com\/fr\/nos-expertises\/droit-des-entreprises-en-difficulte\/rachat-cession-dentreprise-en-difficulte\/#primaryimage\"\n\t            },\n\t            \"image\": {\n\t                \"@id\": \"https:\/\/sion.beestk.com\/fr\/nos-expertises\/droit-des-entreprises-en-difficulte\/rachat-cession-dentreprise-en-difficulte\/#primaryimage\"\n\t            },\n\t            \"thumbnailUrl\": \"https:\/\/sion.beestk.com\/wp-content\/uploads\/2026\/01\/consultation-faq.webp\",\n\t            \"datePublished\": \"2025-12-21T09:36:05+00:00\",\n\t            \"dateModified\": \"2026-02-05T11:47:25+00:00\",\n\t            \"description\": \"Avocat pour reprise et cession d\u2019entreprise en difficult\u00e9 : offre de reprise, plan de cession, cession d\u2019actifs en redressement ou liquidation, proc\u00e9dures encadr\u00e9es par le tribunal.\",\n\t            \"breadcrumb\": {\n\t                \"@id\": \"https:\/\/sion.beestk.com\/fr\/nos-expertises\/droit-des-entreprises-en-difficulte\/rachat-cession-dentreprise-en-difficulte\/#breadcrumb\"\n\t            },\n\t            \"inLanguage\": \"fr-FR\",\n\t            \"potentialAction\": [\n\t                {\n\t                    \"@type\": \"ReadAction\",\n\t                    \"target\": [\n\t                        \"https:\/\/sion.beestk.com\/fr\/nos-expertises\/droit-des-entreprises-en-difficulte\/rachat-cession-dentreprise-en-difficulte\/\"\n\t                    ]\n\t                }\n\t            ]\n\t        },\n\t        {\n\t            \"@type\": \"ImageObject\",\n\t            \"inLanguage\": \"fr-FR\",\n\t            \"@id\": \"https:\/\/sion.beestk.com\/fr\/nos-expertises\/droit-des-entreprises-en-difficulte\/rachat-cession-dentreprise-en-difficulte\/#primaryimage\",\n\t            \"url\": \"https:\/\/sion.beestk.com\/wp-content\/uploads\/2026\/01\/consultation-faq.webp\",\n\t            \"contentUrl\": \"https:\/\/sion.beestk.com\/wp-content\/uploads\/2026\/01\/consultation-faq.webp\"\n\t        },\n\t        {\n\t            \"@type\": \"BreadcrumbList\",\n\t            \"@id\": \"https:\/\/sion.beestk.com\/fr\/nos-expertises\/droit-des-entreprises-en-difficulte\/rachat-cession-dentreprise-en-difficulte\/#breadcrumb\",\n\t            \"itemListElement\": [\n\t                {\n\t                    \"@type\": \"ListItem\",\n\t                    \"position\": 1,\n\t                    \"name\": \"Accueil\",\n\t                    \"item\": \"https:\/\/sion.beestk.com\/fr\/\"\n\t                },\n\t                {\n\t                    \"@type\": \"ListItem\",\n\t                    \"position\": 2,\n\t                    \"name\": \"Nos Expertises\",\n\t                    \"item\": \"https:\/\/sion.beestk.com\/fr\/nos-expertises\/\"\n\t                },\n\t                {\n\t                    \"@type\": \"ListItem\",\n\t                    \"position\": 3,\n\t                    \"name\": \"Droit des entreprises en difficult\u00e9\",\n\t                    \"item\": \"https:\/\/sion.beestk.com\/fr\/nos-expertises\/droit-des-entreprises-en-difficulte\/\"\n\t                },\n\t                {\n\t                    \"@type\": \"ListItem\",\n\t                    \"position\": 4,\n\t                    \"name\": \"Rachat et cession d\u2019entreprise en difficult\u00e9 : offre de reprise, plan de cession, vente encadr\u00e9e\"\n\t                }\n\t            ]\n\t        },\n\t        {\n\t            \"@type\": \"WebSite\",\n\t            \"@id\": \"https:\/\/sion.beestk.com\/fr\/#website\",\n\t            \"url\": \"https:\/\/sion.beestk.com\/fr\/\",\n\t            \"name\": \"Cabinet Ya\u00ebl Sion & ASSOCI\u00c9S\",\n\t            \"description\": \"\",\n\t            \"publisher\": {\n\t                \"@id\": \"https:\/\/sion.beestk.com\/fr\/#organization\"\n\t            },\n\t            \"potentialAction\": [\n\t                {\n\t                    \"@type\": \"SearchAction\",\n\t                    \"target\": {\n\t                        \"@type\": \"EntryPoint\",\n\t                        \"urlTemplate\": \"https:\/\/sion.beestk.com\/fr\/?s={search_term_string}\"\n\t                    },\n\t                    \"query-input\": {\n\t                        \"@type\": \"PropertyValueSpecification\",\n\t                        \"valueRequired\": true,\n\t                        \"valueName\": \"search_term_string\"\n\t                    }\n\t                }\n\t            ],\n\t            \"inLanguage\": \"fr-FR\"\n\t        },\n\t        {\n\t            \"@type\": [\n\t                \"Organization\",\n\t                \"LocalBusiness\",\n\t                \"LegalService\"\n\t            ],\n\t            \"@id\": \"https:\/\/sion.beestk.com\/fr\/#organization\",\n\t            \"name\": \"Cabinet Ya\u00ebl Sion & ASSOCI\u00c9S\",\n\t            \"url\": \"https:\/\/sion.beestk.com\/fr\/\",\n\t            \"logo\": {\n\t                \"@type\": \"ImageObject\",\n\t                \"inLanguage\": \"fr-FR\",\n\t                \"@id\": \"https:\/\/sion.beestk.com\/fr\/#\/schema\/logo\/image\/\",\n\t                \"url\": \"https:\/\/sion.beestk.com\/wp-content\/uploads\/2025\/12\/logo.png\",\n\t                \"contentUrl\": \"https:\/\/sion.beestk.com\/wp-content\/uploads\/2025\/12\/logo.png\",\n\t                \"width\": 150,\n\t                \"height\": 72,\n\t                \"caption\": \"Cabinet Ya\u00ebl Sion & ASSOCI\u00c9S\"\n\t            },\n\t            \"image\": {\n\t                \"@id\": \"https:\/\/sion.beestk.com\/fr\/#\/schema\/logo\/image\/\"\n\t            },\n\t            \"sameAs\": [\n\t                \"https:\/\/maps.app.goo.gl\/wgFyjZZdY3JC98nZA\",\n\t                \"https:\/\/www.linkedin.com\/in\/ya%C3%ABl-sion-0a18091b3\/\"\n\t            ],\n\t            \"telephone\": \"+33465848884\",\n\t            \"address\": {\n\t                \"@type\": \"PostalAddress\",\n\t                \"addressCountry\": \"FR\",\n\t                \"addressLocality\": \"Marseille\",\n\t                \"postalCode\": \"13008\",\n\t                \"streetAddress\": \"565 avenue du Prado\"\n\t            },\n\t            \"openingHours\": [\n\t                \"Mo-Th 09:00-19:00\",\n\t                \"Fr 09:00-16:00\"\n\t            ],\n\t            \"hasMap\": \"https:\/\/maps.app.goo.gl\/wgFyjZZdY3JC98nZA\",\n\t            \"founder\": [\n\t                {\n\t                    \"@type\": \"Person\",\n\t                    \"name\": \"Ya\u00ebl Sion\",\n\t                    \"jobTitle\": \"Avocat\",\n\t                    \"worksFor\": {\n\t                        \"@id\": \"https:\/\/sion.beestk.com\/fr\/#organization\"\n\t                    },\n\t                    \"sameAs\": [\n\t                        \"https:\/\/www.linkedin.com\/in\/ya%C3%ABl-sion-0a18091b3\/\"\n\t                    ]\n\t                }\n\t            ],\n\t            \"foundingDate\": \"2015\"\n\t        }\n\t    ]\n\t}<\/script>\n<!-- \/ Yoast SEO plugin. -->","yoast_head_json":{"title":"Avocat reprise\/cession entreprise difficult\u00e9 | Ya\u00ebl Sion & ASSOCI\u00c9S","description":"Avocat pour reprise et cession d\u2019entreprise en difficult\u00e9 : offre de reprise, plan de cession, cession d\u2019actifs en redressement ou liquidation, proc\u00e9dures encadr\u00e9es par le tribunal.","robots":{"index":"noindex","follow":"follow","max-snippet":"max-snippet:-1","max-image-preview":"max-image-preview:large","max-video-preview":"max-video-preview:-1"},"og_locale":"fr_FR","og_type":"article","og_title":"Avocat reprise\/cession entreprise difficult\u00e9 | Ya\u00ebl Sion & ASSOCI\u00c9S","og_description":"Avocat pour reprise et cession d\u2019entreprise en difficult\u00e9 : offre de reprise, plan de cession, cession d\u2019actifs en redressement ou liquidation, proc\u00e9dures encadr\u00e9es par le tribunal.","og_url":"https:\/\/sion.beestk.com\/fr\/nos-expertises\/droit-des-entreprises-en-difficulte\/rachat-cession-dentreprise-en-difficulte\/","og_site_name":"Sion Avocat","article_publisher":"https:\/\/maps.app.goo.gl\/wgFyjZZdY3JC98nZA","article_modified_time":"2026-02-05T11:47:25+00:00","og_image":[{"url":"https:\/\/sion.beestk.com\/wp-content\/uploads\/2026\/01\/consultation-faq.webp","type":"","width":"","height":""}],"twitter_card":"summary_large_image","twitter_misc":{"Dur\u00e9e de lecture estim\u00e9e":"6 minutes"},"schema":{"@context":"https:\/\/schema.org","@graph":[{"@type":"WebPage","@id":"https:\/\/sion.beestk.com\/fr\/nos-expertises\/droit-des-entreprises-en-difficulte\/rachat-cession-dentreprise-en-difficulte\/","url":"https:\/\/sion.beestk.com\/fr\/nos-expertises\/droit-des-entreprises-en-difficulte\/rachat-cession-dentreprise-en-difficulte\/","name":"Avocat reprise\/cession entreprise difficult\u00e9 | Ya\u00ebl Sion & ASSOCI\u00c9S","isPartOf":{"@id":"https:\/\/sion.beestk.com\/fr\/#website"},"primaryImageOfPage":{"@id":"https:\/\/sion.beestk.com\/fr\/nos-expertises\/droit-des-entreprises-en-difficulte\/rachat-cession-dentreprise-en-difficulte\/#primaryimage"},"image":{"@id":"https:\/\/sion.beestk.com\/fr\/nos-expertises\/droit-des-entreprises-en-difficulte\/rachat-cession-dentreprise-en-difficulte\/#primaryimage"},"thumbnailUrl":"https:\/\/sion.beestk.com\/wp-content\/uploads\/2026\/01\/consultation-faq.webp","datePublished":"2025-12-21T09:36:05+00:00","dateModified":"2026-02-05T11:47:25+00:00","description":"Avocat pour reprise et cession d\u2019entreprise en difficult\u00e9 : offre de reprise, plan de cession, cession d\u2019actifs en redressement ou liquidation, proc\u00e9dures encadr\u00e9es par le tribunal.","breadcrumb":{"@id":"https:\/\/sion.beestk.com\/fr\/nos-expertises\/droit-des-entreprises-en-difficulte\/rachat-cession-dentreprise-en-difficulte\/#breadcrumb"},"inLanguage":"fr-FR","potentialAction":[{"@type":"ReadAction","target":["https:\/\/sion.beestk.com\/fr\/nos-expertises\/droit-des-entreprises-en-difficulte\/rachat-cession-dentreprise-en-difficulte\/"]}]},{"@type":"ImageObject","inLanguage":"fr-FR","@id":"https:\/\/sion.beestk.com\/fr\/nos-expertises\/droit-des-entreprises-en-difficulte\/rachat-cession-dentreprise-en-difficulte\/#primaryimage","url":"https:\/\/sion.beestk.com\/wp-content\/uploads\/2026\/01\/consultation-faq.webp","contentUrl":"https:\/\/sion.beestk.com\/wp-content\/uploads\/2026\/01\/consultation-faq.webp"},{"@type":"BreadcrumbList","@id":"https:\/\/sion.beestk.com\/fr\/nos-expertises\/droit-des-entreprises-en-difficulte\/rachat-cession-dentreprise-en-difficulte\/#breadcrumb","itemListElement":[{"@type":"ListItem","position":1,"name":"Accueil","item":"https:\/\/sion.beestk.com\/fr\/"},{"@type":"ListItem","position":2,"name":"Nos Expertises","item":"https:\/\/sion.beestk.com\/fr\/nos-expertises\/"},{"@type":"ListItem","position":3,"name":"Droit des entreprises en difficult\u00e9","item":"https:\/\/sion.beestk.com\/fr\/nos-expertises\/droit-des-entreprises-en-difficulte\/"},{"@type":"ListItem","position":4,"name":"Rachat et cession d\u2019entreprise en difficult\u00e9 : offre de reprise, plan de cession, vente encadr\u00e9e"}]},{"@type":"WebSite","@id":"https:\/\/sion.beestk.com\/fr\/#website","url":"https:\/\/sion.beestk.com\/fr\/","name":"Cabinet Ya\u00ebl Sion & ASSOCI\u00c9S","description":"","publisher":{"@id":"https:\/\/sion.beestk.com\/fr\/#organization"},"potentialAction":[{"@type":"SearchAction","target":{"@type":"EntryPoint","urlTemplate":"https:\/\/sion.beestk.com\/fr\/?s={search_term_string}"},"query-input":{"@type":"PropertyValueSpecification","valueRequired":true,"valueName":"search_term_string"}}],"inLanguage":"fr-FR"},{"@type":["Organization","LocalBusiness","LegalService"],"@id":"https:\/\/sion.beestk.com\/fr\/#organization","name":"Cabinet Ya\u00ebl Sion & ASSOCI\u00c9S","url":"https:\/\/sion.beestk.com\/fr\/","logo":{"@type":"ImageObject","inLanguage":"fr-FR","@id":"https:\/\/sion.beestk.com\/fr\/#\/schema\/logo\/image\/","url":"https:\/\/sion.beestk.com\/wp-content\/uploads\/2025\/12\/logo.png","contentUrl":"https:\/\/sion.beestk.com\/wp-content\/uploads\/2025\/12\/logo.png","width":150,"height":72,"caption":"Cabinet Ya\u00ebl Sion & ASSOCI\u00c9S"},"image":{"@id":"https:\/\/sion.beestk.com\/fr\/#\/schema\/logo\/image\/"},"sameAs":["https:\/\/maps.app.goo.gl\/wgFyjZZdY3JC98nZA","https:\/\/www.linkedin.com\/in\/ya%C3%ABl-sion-0a18091b3\/"],"telephone":"+33465848884","address":{"@type":"PostalAddress","addressCountry":"FR","addressLocality":"Marseille","postalCode":"13008","streetAddress":"565 avenue du Prado"},"openingHours":["Mo-Th 09:00-19:00","Fr 09:00-16:00"],"hasMap":"https:\/\/maps.app.goo.gl\/wgFyjZZdY3JC98nZA","founder":[{"@type":"Person","name":"Ya\u00ebl Sion","jobTitle":"Avocat","worksFor":{"@id":"https:\/\/sion.beestk.com\/fr\/#organization"},"sameAs":["https:\/\/www.linkedin.com\/in\/ya%C3%ABl-sion-0a18091b3\/"]}],"foundingDate":"2015"}]}},"_links":{"self":[{"href":"https:\/\/sion.beestk.com\/fr\/wp-json\/wp\/v2\/pages\/304","targetHints":{"allow":["GET"]}}],"collection":[{"href":"https:\/\/sion.beestk.com\/fr\/wp-json\/wp\/v2\/pages"}],"about":[{"href":"https:\/\/sion.beestk.com\/fr\/wp-json\/wp\/v2\/types\/page"}],"author":[{"embeddable":true,"href":"https:\/\/sion.beestk.com\/fr\/wp-json\/wp\/v2\/users\/3"}],"replies":[{"embeddable":true,"href":"https:\/\/sion.beestk.com\/fr\/wp-json\/wp\/v2\/comments?post=304"}],"version-history":[{"count":1,"href":"https:\/\/sion.beestk.com\/fr\/wp-json\/wp\/v2\/pages\/304\/revisions"}],"predecessor-version":[{"id":3185,"href":"https:\/\/sion.beestk.com\/fr\/wp-json\/wp\/v2\/pages\/304\/revisions\/3185"}],"up":[{"embeddable":true,"href":"https:\/\/sion.beestk.com\/fr\/wp-json\/wp\/v2\/pages\/296"}],"wp:attachment":[{"href":"https:\/\/sion.beestk.com\/fr\/wp-json\/wp\/v2\/media?parent=304"}],"curies":[{"name":"wp","href":"https:\/\/api.w.org\/{rel}","templated":true}]}}