{"id":300,"date":"2025-12-21T10:35:41","date_gmt":"2025-12-21T09:35:41","guid":{"rendered":"https:\/\/sion.beestk.com\/?page_id=300"},"modified":"2026-02-05T12:47:25","modified_gmt":"2026-02-05T11:47:25","slug":"redressement-judiciaire","status":"publish","type":"page","link":"https:\/\/sion.beestk.com\/fr\/nos-expertises\/droit-des-entreprises-en-difficulte\/redressement-judiciaire\/","title":{"rendered":"Redressement judiciaire : avocat pour prot\u00e9ger votre entreprise et organiser la poursuite de l\u2019activit\u00e9"},"content":{"rendered":"\t\t<div data-elementor-type=\"wp-page\" data-elementor-id=\"300\" class=\"elementor elementor-300\" data-elementor-post-type=\"page\">\n\t\t\t\t<div class=\"elementor-element elementor-element-520e05d intro-page e-flex e-con-boxed e-con e-parent\" data-id=\"520e05d\" data-element_type=\"container\">\n\t\t\t\t\t<div class=\"e-con-inner\">\n\t\t\t\t<div class=\"elementor-element elementor-element-e249889 elementor-widget elementor-widget-text-editor\" data-id=\"e249889\" data-element_type=\"widget\" data-widget_type=\"text-editor.default\">\n\t\t\t\t\t\t\t\t\t<p><strong>Le redressement judiciaire<\/strong>\u00a0est une proc\u00e9dure collective destin\u00e9e aux entreprises en\u00a0<strong>cessation des paiements<\/strong>\u00a0mais dont l\u2019activit\u00e9 peut encore \u00eatre sauv\u00e9e. Son objectif :\u00a0<strong>stopper l\u2019aggravation des dettes<\/strong>, organiser une p\u00e9riode de protection et rechercher une issue structur\u00e9e (plan, cession, ou r\u00e9orientation) sous le contr\u00f4le du tribunal.<\/p><p><strong>Le Cabinet Ya\u00ebl Sion &amp; ASSOCI\u00c9S<\/strong>,\u00a0<strong>avocat en droit des entreprises en difficult\u00e9 \u00e0 Marseille<\/strong>, accompagne dirigeants et soci\u00e9t\u00e9s \u00e0 chaque \u00e9tape : analyse de l\u2019urgence, strat\u00e9gie d\u2019ouverture, \u00e9changes avec les organes de la proc\u00e9dure, s\u00e9curisation des d\u00e9cisions et d\u00e9fense de vos int\u00e9r\u00eats. Intervention \u00e0 Marseille et\u00a0<strong>\u00e0 distance<\/strong>\u00a0partout en France.<\/p>\t\t\t\t\t\t\t\t<\/div>\n\t\t\t\t\t<\/div>\n\t\t\t\t<\/div>\n\t\t<div class=\"elementor-element elementor-element-4d33e2f e-flex e-con-boxed e-con e-parent\" data-id=\"4d33e2f\" data-element_type=\"container\">\n\t\t\t\t\t<div class=\"e-con-inner\">\n\t\t<div class=\"elementor-element elementor-element-0350b9a e-con-full image-frame e-flex e-con e-child\" data-id=\"0350b9a\" data-element_type=\"container\">\n\t\t\t\t<div class=\"elementor-element elementor-element-989287a elementor-widget-mobile__width-inherit ratio-m-3-2 elementor-widget elementor-widget-image\" data-id=\"989287a\" data-element_type=\"widget\" data-widget_type=\"image.default\">\n\t\t\t\t\t\t\t\t\t\t\t\t\t\t\t<img fetchpriority=\"high\" decoding=\"async\" width=\"500\" height=\"750\" src=\"https:\/\/sion.beestk.com\/wp-content\/uploads\/2026\/01\/consultation-faq.webp\" class=\"attachment-large size-large wp-image-847\" alt=\"\" srcset=\"https:\/\/sion.beestk.com\/wp-content\/uploads\/2026\/01\/consultation-faq.webp 500w, https:\/\/sion.beestk.com\/wp-content\/uploads\/2026\/01\/consultation-faq-200x300.webp 200w\" sizes=\"(max-width: 500px) 100vw, 500px\" \/>\t\t\t\t\t\t\t\t\t\t\t\t\t\t\t<\/div>\n\t\t\t\t<\/div>\n\t\t<div class=\"elementor-element elementor-element-a3ec707 e-con-full e-flex e-con e-child\" data-id=\"a3ec707\" data-element_type=\"container\">\n\t\t\t\t<div class=\"elementor-element elementor-element-67348eb title-line elementor-widget elementor-widget-heading\" data-id=\"67348eb\" data-element_type=\"widget\" data-widget_type=\"heading.default\">\n\t\t\t\t\t<h2 class=\"elementor-heading-title elementor-size-default\">Quand ouvrir un redressement judiciaire ?<\/h2>\t\t\t\t<\/div>\n\t\t\t\t<div class=\"elementor-element elementor-element-7b02857 elementor-widget elementor-widget-text-editor\" data-id=\"7b02857\" data-element_type=\"widget\" data-widget_type=\"text-editor.default\">\n\t\t\t\t\t\t\t\t\t<p>Le redressement judiciaire intervient lorsque l\u2019entreprise est en\u00a0<strong>cessation des paiements<\/strong>, c\u2019est-\u00e0-dire lorsqu\u2019elle ne peut plus faire face \u00e0 son\u00a0<strong>passif exigible<\/strong>\u00a0avec son\u00a0<strong>actif disponible<\/strong>. Il s\u2019agit d\u2019un tournant : agir t\u00f4t permet de pr\u00e9server l\u2019activit\u00e9, les emplois et les chances de redressement.<\/p><p>Contrairement \u00e0 la sauvegarde, l\u2019ouverture peut \u00eatre demand\u00e9e non seulement par le dirigeant, mais aussi par un cr\u00e9ancier (assignation) ou par le minist\u00e8re public. Dans tous les cas, la pr\u00e9paration et la strat\u00e9gie sont d\u00e9terminantes.<\/p>\t\t\t\t\t\t\t\t<\/div>\n\t\t\t\t<\/div>\n\t\t\t\t\t<\/div>\n\t\t\t\t<\/div>\n\t\t<div class=\"elementor-element elementor-element-ff960c2 e-flex e-con-boxed e-con e-parent\" data-id=\"ff960c2\" data-element_type=\"container\" data-settings=\"{&quot;background_background&quot;:&quot;classic&quot;}\">\n\t\t\t\t\t<div class=\"e-con-inner\">\n\t\t<div class=\"elementor-element elementor-element-48ec1bb e-con-full e-flex e-con e-child\" data-id=\"48ec1bb\" data-element_type=\"container\">\n\t\t\t\t<div class=\"elementor-element elementor-element-70d5358 title-line elementor-widget elementor-widget-heading\" data-id=\"70d5358\" data-element_type=\"widget\" data-widget_type=\"heading.default\">\n\t\t\t\t\t<h2 class=\"elementor-heading-title elementor-size-default\">Ce que le redressement judiciaire change (effets concrets)<\/h2>\t\t\t\t<\/div>\n\t\t\t\t<div class=\"elementor-element elementor-element-645d10b elementor-widget elementor-widget-text-editor\" data-id=\"645d10b\" data-element_type=\"widget\" data-widget_type=\"text-editor.default\">\n\t\t\t\t\t\t\t\t\t<ul><li><strong>Protection de l\u2019entreprise<\/strong>\u00a0: suspension ou encadrement des poursuites individuelles des cr\u00e9anciers.<\/li><li><strong>P\u00e9riode d\u2019observation<\/strong>\u00a0: analyse de la situation, mesures de r\u00e9organisation et recherche d\u2019une solution viable.<\/li><li><strong>Cadre judiciaire<\/strong>\u00a0: intervention d\u2019organes de proc\u00e9dure (administrateur, mandataire, juge-commissaire) selon la taille et le dossier.<\/li><li><strong>Issues possibles<\/strong>\u00a0: plan de redressement, cession (totale ou partielle), ou conversion en liquidation si la poursuite est impossible.<\/li><\/ul><p><em>Un accompagnement juridique solide permet d\u2019\u00e9viter les erreurs de trajectoire, de s\u00e9curiser les \u00e9changes et de d\u00e9fendre les int\u00e9r\u00eats de l\u2019entreprise et du dirigeant.<\/em><\/p>\t\t\t\t\t\t\t\t<\/div>\n\t\t\t\t<\/div>\n\t\t<div class=\"elementor-element elementor-element-628d4ce e-con-full image-frame left-frame elementor-hidden-tablet elementor-hidden-mobile e-flex e-con e-child\" data-id=\"628d4ce\" data-element_type=\"container\">\n\t\t\t\t<div class=\"elementor-element elementor-element-513e3ea elementor-widget-mobile__width-inherit elementor-widget elementor-widget-image\" data-id=\"513e3ea\" data-element_type=\"widget\" data-widget_type=\"image.default\">\n\t\t\t\t\t\t\t\t\t\t\t\t\t\t\t<img decoding=\"async\" width=\"800\" height=\"532\" src=\"https:\/\/sion.beestk.com\/wp-content\/uploads\/2026\/01\/cabinet-1.webp\" class=\"attachment-large size-large wp-image-795\" alt=\"\" srcset=\"https:\/\/sion.beestk.com\/wp-content\/uploads\/2026\/01\/cabinet-1.webp 800w, https:\/\/sion.beestk.com\/wp-content\/uploads\/2026\/01\/cabinet-1-300x200.webp 300w, https:\/\/sion.beestk.com\/wp-content\/uploads\/2026\/01\/cabinet-1-768x511.webp 768w\" sizes=\"(max-width: 800px) 100vw, 800px\" \/>\t\t\t\t\t\t\t\t\t\t\t\t\t\t\t<\/div>\n\t\t\t\t<\/div>\n\t\t\t\t\t<\/div>\n\t\t\t\t<\/div>\n\t\t<div class=\"elementor-element elementor-element-f653756 e-flex e-con-boxed e-con e-parent\" data-id=\"f653756\" data-element_type=\"container\" data-settings=\"{&quot;background_background&quot;:&quot;classic&quot;}\">\n\t\t\t\t\t<div class=\"e-con-inner\">\n\t\t\t\t<div class=\"elementor-element elementor-element-5c30bdd title-line line-center elementor-widget elementor-widget-heading\" data-id=\"5c30bdd\" data-element_type=\"widget\" data-widget_type=\"heading.default\">\n\t\t\t\t\t<h2 class=\"elementor-heading-title elementor-size-default\">D\u00e9roulement : les grandes \u00e9tapes du redressement judiciaire<\/h2>\t\t\t\t<\/div>\n\t\t\t\t<div class=\"elementor-element elementor-element-271d5f3 elementor-widget elementor-widget-text-editor\" data-id=\"271d5f3\" data-element_type=\"widget\" data-widget_type=\"text-editor.default\">\n\t\t\t\t\t\t\t\t\t<p>Le redressement judiciaire ob\u00e9it \u00e0 un calendrier pr\u00e9cis et \u00e0 des \u00e9tapes cl\u00e9s, au cours desquelles chaque d\u00e9cision peut influencer l\u2019issue de la proc\u00e9dure, qu\u2019il s\u2019agisse de la poursuite de l\u2019activit\u00e9, de l\u2019adoption d\u2019un plan ou d\u2019une cession.<\/p>\t\t\t\t\t\t\t\t<\/div>\n\t\t<div class=\"elementor-element elementor-element-f45057e e-con-full e-flex e-con e-child\" data-id=\"f45057e\" data-element_type=\"container\">\n\t\t\t\t<div class=\"elementor-element elementor-element-1fef8c3 e-n-tabs-mobile elementor-widget elementor-widget-n-tabs\" data-id=\"1fef8c3\" data-element_type=\"widget\" data-widget_type=\"nested-tabs.default\">\n\t\t\t\t\t\t\t<div class=\"e-n-tabs\" data-widget-number=\"33487043\" aria-label=\"Onglets. Ouvrez des \u00e9l\u00e9ments avec Entrer ou Espace, fermez-les avec Echape et naviguez \u00e0 l&#039;aide des touches fl\u00e9ch\u00e9es.\">\n\t\t\t<div class=\"e-n-tabs-heading\" role=\"tablist\">\n\t\t\t\t\t<button id=\"e-n-tab-title-334870431\" data-tab-title-id=\"e-n-tab-title-334870431\" class=\"e-n-tab-title\" aria-selected=\"true\" data-tab-index=\"1\" role=\"tab\" tabindex=\"0\" aria-controls=\"e-n-tab-content-334870431\" style=\"--n-tabs-title-order: 1;\">\n\t\t\t\t\t<span class=\"e-n-tab-icon\">\n\t\t\t<svg aria-hidden=\"true\" class=\"e-font-icon-svg e-fas-chevron-right\" viewBox=\"0 0 320 512\" xmlns=\"http:\/\/www.w3.org\/2000\/svg\"><path d=\"M285.476 272.971L91.132 467.314c-9.373 9.373-24.569 9.373-33.941 0l-22.667-22.667c-9.357-9.357-9.375-24.522-.04-33.901L188.505 256 34.484 101.255c-9.335-9.379-9.317-24.544.04-33.901l22.667-22.667c9.373-9.373 24.569-9.373 33.941 0L285.475 239.03c9.373 9.372 9.373 24.568.001 33.941z\"><\/path><\/svg>\t\t\t<svg aria-hidden=\"true\" class=\"e-font-icon-svg e-fas-chevron-right\" viewBox=\"0 0 320 512\" xmlns=\"http:\/\/www.w3.org\/2000\/svg\"><path d=\"M285.476 272.971L91.132 467.314c-9.373 9.373-24.569 9.373-33.941 0l-22.667-22.667c-9.357-9.357-9.375-24.522-.04-33.901L188.505 256 34.484 101.255c-9.335-9.379-9.317-24.544.04-33.901l22.667-22.667c9.373-9.373 24.569-9.373 33.941 0L285.475 239.03c9.373 9.372 9.373 24.568.001 33.941z\"><\/path><\/svg>\t\t<\/span>\n\t\t\t\t\t<span class=\"e-n-tab-title-text\">\n\t\t\t\t1) L\u2019ouverture de la proc\u00e9dure\t\t\t<\/span>\n\t\t<\/button>\n\t\t\t\t<button id=\"e-n-tab-title-334870432\" data-tab-title-id=\"e-n-tab-title-334870432\" class=\"e-n-tab-title\" aria-selected=\"false\" data-tab-index=\"2\" role=\"tab\" tabindex=\"-1\" aria-controls=\"e-n-tab-content-334870432\" style=\"--n-tabs-title-order: 2;\">\n\t\t\t\t\t<span class=\"e-n-tab-icon\">\n\t\t\t<svg aria-hidden=\"true\" class=\"e-font-icon-svg e-fas-chevron-right\" viewBox=\"0 0 320 512\" xmlns=\"http:\/\/www.w3.org\/2000\/svg\"><path d=\"M285.476 272.971L91.132 467.314c-9.373 9.373-24.569 9.373-33.941 0l-22.667-22.667c-9.357-9.357-9.375-24.522-.04-33.901L188.505 256 34.484 101.255c-9.335-9.379-9.317-24.544.04-33.901l22.667-22.667c9.373-9.373 24.569-9.373 33.941 0L285.475 239.03c9.373 9.372 9.373 24.568.001 33.941z\"><\/path><\/svg>\t\t\t<svg aria-hidden=\"true\" class=\"e-font-icon-svg e-fas-chevron-right\" viewBox=\"0 0 320 512\" xmlns=\"http:\/\/www.w3.org\/2000\/svg\"><path d=\"M285.476 272.971L91.132 467.314c-9.373 9.373-24.569 9.373-33.941 0l-22.667-22.667c-9.357-9.357-9.375-24.522-.04-33.901L188.505 256 34.484 101.255c-9.335-9.379-9.317-24.544.04-33.901l22.667-22.667c9.373-9.373 24.569-9.373 33.941 0L285.475 239.03c9.373 9.372 9.373 24.568.001 33.941z\"><\/path><\/svg>\t\t<\/span>\n\t\t\t\t\t<span class=\"e-n-tab-title-text\">\n\t\t\t\t2) La p\u00e9riode d\u2019observation\t\t\t<\/span>\n\t\t<\/button>\n\t\t\t\t<button id=\"e-n-tab-title-334870433\" data-tab-title-id=\"e-n-tab-title-334870433\" class=\"e-n-tab-title\" aria-selected=\"false\" data-tab-index=\"3\" role=\"tab\" tabindex=\"-1\" aria-controls=\"e-n-tab-content-334870433\" style=\"--n-tabs-title-order: 3;\">\n\t\t\t\t\t<span class=\"e-n-tab-icon\">\n\t\t\t<svg aria-hidden=\"true\" class=\"e-font-icon-svg e-fas-chevron-right\" viewBox=\"0 0 320 512\" xmlns=\"http:\/\/www.w3.org\/2000\/svg\"><path d=\"M285.476 272.971L91.132 467.314c-9.373 9.373-24.569 9.373-33.941 0l-22.667-22.667c-9.357-9.357-9.375-24.522-.04-33.901L188.505 256 34.484 101.255c-9.335-9.379-9.317-24.544.04-33.901l22.667-22.667c9.373-9.373 24.569-9.373 33.941 0L285.475 239.03c9.373 9.372 9.373 24.568.001 33.941z\"><\/path><\/svg>\t\t\t<svg aria-hidden=\"true\" class=\"e-font-icon-svg e-fas-chevron-right\" viewBox=\"0 0 320 512\" xmlns=\"http:\/\/www.w3.org\/2000\/svg\"><path d=\"M285.476 272.971L91.132 467.314c-9.373 9.373-24.569 9.373-33.941 0l-22.667-22.667c-9.357-9.357-9.375-24.522-.04-33.901L188.505 256 34.484 101.255c-9.335-9.379-9.317-24.544.04-33.901l22.667-22.667c9.373-9.373 24.569-9.373 33.941 0L285.475 239.03c9.373 9.372 9.373 24.568.001 33.941z\"><\/path><\/svg>\t\t<\/span>\n\t\t\t\t\t<span class=\"e-n-tab-title-text\">\n\t\t\t\t3) L\u2019issue : plan ou cession\t\t\t<\/span>\n\t\t<\/button>\n\t\t\t\t\t<\/div>\n\t\t\t<div class=\"e-n-tabs-content\">\n\t\t\t\t<div id=\"e-n-tab-content-334870431\" role=\"tabpanel\" aria-labelledby=\"e-n-tab-title-334870431\" data-tab-index=\"1\" style=\"--n-tabs-title-order: 1;\" class=\"e-active elementor-element elementor-element-417eb15 e-con-full e-flex e-con e-child\" data-id=\"417eb15\" data-element_type=\"container\">\n\t\t\t\t<div class=\"elementor-element elementor-element-e9adf96 elementor-widget elementor-widget-heading\" data-id=\"e9adf96\" data-element_type=\"widget\" data-widget_type=\"heading.default\">\n\t\t\t\t\t<h3 class=\"elementor-heading-title elementor-size-default\">L\u2019ouverture de la proc\u00e9dure<\/h3>\t\t\t\t<\/div>\n\t\t\t\t<div class=\"elementor-element elementor-element-08ad0d4 elementor-widget elementor-widget-text-editor\" data-id=\"08ad0d4\" data-element_type=\"widget\" data-widget_type=\"text-editor.default\">\n\t\t\t\t\t\t\t\t\t<p>L\u2019ouverture repose sur un dossier pr\u00e9cis (\u00e9tat de cessation des paiements, situation de tr\u00e9sorerie, liste des cr\u00e9anciers, chiffres cl\u00e9s, perspectives). Une demande mal pr\u00e9par\u00e9e ou tardive peut fragiliser la suite et r\u00e9duire les options.<\/p><p>En cas d\u2019assignation par un cr\u00e9ancier, il est essentiel de structurer une d\u00e9fense rapide : contestation \u00e9ventuelle de la cessation des paiements, demande de renvoi pour pr\u00e9paration, proposition de solutions, et cadrage des risques.<\/p>\t\t\t\t\t\t\t\t<\/div>\n\t\t\t\t<\/div>\n\t\t<div id=\"e-n-tab-content-334870432\" role=\"tabpanel\" aria-labelledby=\"e-n-tab-title-334870432\" data-tab-index=\"2\" style=\"--n-tabs-title-order: 2;\" class=\" elementor-element elementor-element-c6ee744 e-con-full e-flex e-con e-child\" data-id=\"c6ee744\" data-element_type=\"container\">\n\t\t\t\t<div class=\"elementor-element elementor-element-8277b69 elementor-widget elementor-widget-heading\" data-id=\"8277b69\" data-element_type=\"widget\" data-widget_type=\"heading.default\">\n\t\t\t\t\t<h3 class=\"elementor-heading-title elementor-size-default\">La p\u00e9riode d\u2019observation<\/h3>\t\t\t\t<\/div>\n\t\t\t\t<div class=\"elementor-element elementor-element-045deae elementor-widget elementor-widget-text-editor\" data-id=\"045deae\" data-element_type=\"widget\" data-widget_type=\"text-editor.default\">\n\t\t\t\t\t\t\t\t\t<p>La p\u00e9riode d\u2019observation sert \u00e0 \u00e9tablir un diagnostic complet et \u00e0 pr\u00e9parer une solution. Elle peut durer\u00a0<strong>6 mois<\/strong>\u00a0et \u00eatre renouvel\u00e9e. Pendant cette phase, l\u2019activit\u00e9 se poursuit sous contr\u00f4le, avec des obligations de transparence et de suivi.<\/p><p>Les d\u00e9cisions prises durant cette p\u00e9riode (gestion, contrats, tr\u00e9sorerie, mesures sociales) impactent directement la cr\u00e9dibilit\u00e9 du projet et l\u2019issue finale.<\/p>\t\t\t\t\t\t\t\t<\/div>\n\t\t\t\t<\/div>\n\t\t<div id=\"e-n-tab-content-334870433\" role=\"tabpanel\" aria-labelledby=\"e-n-tab-title-334870433\" data-tab-index=\"3\" style=\"--n-tabs-title-order: 3;\" class=\" elementor-element elementor-element-3f76d73 e-con-full e-flex e-con e-child\" data-id=\"3f76d73\" data-element_type=\"container\">\n\t\t\t\t<div class=\"elementor-element elementor-element-b8a6eb0 elementor-widget elementor-widget-heading\" data-id=\"b8a6eb0\" data-element_type=\"widget\" data-widget_type=\"heading.default\">\n\t\t\t\t\t<h3 class=\"elementor-heading-title elementor-size-default\">L\u2019issue : plan ou cession<\/h3>\t\t\t\t<\/div>\n\t\t\t\t<div class=\"elementor-element elementor-element-03f6790 elementor-widget elementor-widget-text-editor\" data-id=\"03f6790\" data-element_type=\"widget\" data-widget_type=\"text-editor.default\">\n\t\t\t\t\t\t\t\t\t<p>\u00c0 l\u2019issue de l\u2019observation, plusieurs sc\u00e9narios sont possibles :<\/p><ul><li><strong>Plan de redressement<\/strong>\u00a0: r\u00e9\u00e9chelonnement des dettes, mesures de r\u00e9organisation, engagements financiers et op\u00e9rationnels.<\/li><li><strong>Cession<\/strong>\u00a0(totale ou partielle) : reprise d\u2019une activit\u00e9 viable, cession d\u2019actifs ou de branche, avec analyse des offres et s\u00e9curisation des conditions.<\/li><li><strong>Conversion<\/strong>\u00a0: si la poursuite est manifestement impossible, une liquidation peut \u00eatre prononc\u00e9e.<\/li><\/ul>\t\t\t\t\t\t\t\t<\/div>\n\t\t\t\t<\/div>\n\t\t\t\t\t<\/div>\n\t\t<\/div>\n\t\t\t\t\t\t<\/div>\n\t\t\t\t<\/div>\n\t\t\t\t\t<\/div>\n\t\t\t\t<\/div>\n\t\t<div class=\"elementor-element elementor-element-1f005a9 e-flex e-con-boxed e-con e-parent\" data-id=\"1f005a9\" data-element_type=\"container\">\n\t\t\t\t\t<div class=\"e-con-inner\">\n\t\t<div class=\"elementor-element elementor-element-9ae6566 e-con-full image-frame e-flex e-con e-child\" data-id=\"9ae6566\" data-element_type=\"container\">\n\t\t\t\t<div class=\"elementor-element elementor-element-9e29963 elementor-widget-mobile__width-inherit ratio-m-3-2 elementor-widget elementor-widget-image\" data-id=\"9e29963\" data-element_type=\"widget\" data-widget_type=\"image.default\">\n\t\t\t\t\t\t\t\t\t\t\t\t\t\t\t<img fetchpriority=\"high\" decoding=\"async\" width=\"500\" height=\"750\" src=\"https:\/\/sion.beestk.com\/wp-content\/uploads\/2026\/01\/consultation-faq.webp\" class=\"attachment-large size-large wp-image-847\" alt=\"\" srcset=\"https:\/\/sion.beestk.com\/wp-content\/uploads\/2026\/01\/consultation-faq.webp 500w, https:\/\/sion.beestk.com\/wp-content\/uploads\/2026\/01\/consultation-faq-200x300.webp 200w\" sizes=\"(max-width: 500px) 100vw, 500px\" \/>\t\t\t\t\t\t\t\t\t\t\t\t\t\t\t<\/div>\n\t\t\t\t<\/div>\n\t\t<div class=\"elementor-element elementor-element-836bc30 e-con-full e-flex e-con e-child\" data-id=\"836bc30\" data-element_type=\"container\">\n\t\t\t\t<div class=\"elementor-element elementor-element-5691949 title-line elementor-widget elementor-widget-heading\" data-id=\"5691949\" data-element_type=\"widget\" data-widget_type=\"heading.default\">\n\t\t\t\t\t<h2 class=\"elementor-heading-title elementor-size-default\">Pourquoi se faire accompagner par un avocat en redressement judiciaire ?<\/h2>\t\t\t\t<\/div>\n\t\t\t\t<div class=\"elementor-element elementor-element-36b45dc elementor-widget elementor-widget-text-editor\" data-id=\"36b45dc\" data-element_type=\"widget\" data-widget_type=\"text-editor.default\">\n\t\t\t\t\t\t\t\t\t<p>Le redressement judiciaire implique des enjeux multiples : juridique, financier, social, relation cr\u00e9anciers, responsabilit\u00e9 du dirigeant. Un\u00a0<strong>avocat en redressement judiciaire<\/strong>\u00a0intervient pour cadrer la proc\u00e9dure, s\u00e9curiser vos d\u00e9cisions et d\u00e9fendre vos int\u00e9r\u00eats face aux organes et aux cr\u00e9anciers.<\/p><ul><li><strong>Anticiper<\/strong>\u00a0les risques li\u00e9s \u00e0 la cessation des paiements et au calendrier<\/li><li><strong>Structurer<\/strong>\u00a0un dossier solide et cr\u00e9dible pour le tribunal<\/li><li><strong>Encadrer<\/strong>\u00a0les \u00e9changes avec l\u2019administrateur, le mandataire, le juge-commissaire<\/li><li><strong>N\u00e9gocier<\/strong>\u00a0dans un cadre s\u00e9curis\u00e9 (cr\u00e9anciers, partenaires, bailleurs, banques)<\/li><li><strong>Prot\u00e9ger le dirigeant<\/strong>\u00a0(d\u00e9cisions sensibles, risques de responsabilit\u00e9, coh\u00e9rence des d\u00e9clarations)<\/li><\/ul>\t\t\t\t\t\t\t\t<\/div>\n\t\t\t\t<\/div>\n\t\t\t\t\t<\/div>\n\t\t\t\t<\/div>\n\t\t<div class=\"elementor-element elementor-element-7346eb6 e-con-full e-flex e-con e-parent\" data-id=\"7346eb6\" data-element_type=\"container\" data-settings=\"{&quot;background_background&quot;:&quot;classic&quot;}\">\n\t\t<div class=\"elementor-element elementor-element-bea0956 e-con-full e-flex e-con e-child\" data-id=\"bea0956\" data-element_type=\"container\">\n\t\t\t\t<div class=\"elementor-element elementor-element-2a9497c title-line elementor-widget__width-initial elementor-widget-tablet__width-inherit elementor-widget elementor-widget-heading\" data-id=\"2a9497c\" data-element_type=\"widget\" data-widget_type=\"heading.default\">\n\t\t\t\t\t<h2 class=\"elementor-heading-title elementor-size-default\">L\u2019accompagnement du Cabinet Ya\u00ebl Sion &amp; ASSOCI\u00c9S<\/h2>\t\t\t\t<\/div>\n\t\t\t\t<div class=\"elementor-element elementor-element-1feda71 elementor-widget__width-initial elementor-widget-tablet__width-inherit elementor-widget elementor-widget-text-editor\" data-id=\"1feda71\" data-element_type=\"widget\" data-widget_type=\"text-editor.default\">\n\t\t\t\t\t\t\t\t\t<p><strong>Notre approche<\/strong>\u00a0: intervenir t\u00f4t, s\u00e9curiser la proc\u00e9dure et orienter le dossier vers l\u2019issue la plus protectrice, en tenant compte de vos objectifs (continuit\u00e9, restructuration, cession, sauvegarde des emplois).<\/p><ul><li><strong>Avant l\u2019ouverture<\/strong>\u00a0: analyse de la situation, cadrage de la cessation des paiements, strat\u00e9gie et constitution du dossier<\/li><li><strong>\u00c0 l\u2019ouverture<\/strong>\u00a0: assistance \u00e0 l\u2019audience, d\u00e9fense en cas d\u2019assignation, s\u00e9curisation des premiers actes<\/li><li><strong>Pendant l\u2019observation<\/strong>\u00a0: suivi des \u00e9changes, r\u00e9ponses aux demandes, strat\u00e9gie de n\u00e9gociation, protection du dirigeant<\/li><li><strong>Plan \/ cession<\/strong>\u00a0: analyse et s\u00e9curisation des options, r\u00e9daction et d\u00e9fense des documents, accompagnement jusqu\u2019\u00e0 la d\u00e9cision<\/li><\/ul>\t\t\t\t\t\t\t\t<\/div>\n\t\t\t\t<\/div>\n\t\t<div class=\"elementor-element elementor-element-6f8626b e-con-full elementor-hidden-tablet elementor-hidden-mobile e-flex e-con e-child\" data-id=\"6f8626b\" data-element_type=\"container\">\n\t\t\t\t<div class=\"elementor-element elementor-element-ec68fd3 elementor-widget-mobile__width-inherit elementor-widget elementor-widget-image\" data-id=\"ec68fd3\" data-element_type=\"widget\" data-widget_type=\"image.default\">\n\t\t\t\t\t\t\t\t\t\t\t\t\t\t\t<img decoding=\"async\" width=\"800\" height=\"505\" src=\"https:\/\/sion.beestk.com\/wp-content\/uploads\/2026\/01\/cabinet-carte-1024x647.webp\" class=\"attachment-large size-large wp-image-796\" alt=\"\" srcset=\"https:\/\/sion.beestk.com\/wp-content\/uploads\/2026\/01\/cabinet-carte-1024x647.webp 1024w, https:\/\/sion.beestk.com\/wp-content\/uploads\/2026\/01\/cabinet-carte-300x190.webp 300w, https:\/\/sion.beestk.com\/wp-content\/uploads\/2026\/01\/cabinet-carte-768x485.webp 768w, https:\/\/sion.beestk.com\/wp-content\/uploads\/2026\/01\/cabinet-carte.webp 1200w\" sizes=\"(max-width: 800px) 100vw, 800px\" \/>\t\t\t\t\t\t\t\t\t\t\t\t\t\t\t<\/div>\n\t\t\t\t<\/div>\n\t\t\t\t<\/div>\n\t\t<div class=\"elementor-element elementor-element-b06dd46 e-con-full e-flex e-con e-child\" data-id=\"b06dd46\" data-element_type=\"container\" data-settings=\"{&quot;background_background&quot;:&quot;classic&quot;}\">\n\t\t\t\t<div class=\"elementor-element elementor-element-cc33ad9 elementor-widget elementor-widget-heading\" data-id=\"cc33ad9\" data-element_type=\"widget\" data-widget_type=\"heading.default\">\n\t\t\t\t\t<h2 class=\"elementor-heading-title elementor-size-default\">Prendre contact<\/h2>\t\t\t\t<\/div>\n\t\t\t\t<div class=\"elementor-element elementor-element-5c8d724 elementor-widget__width-initial elementor-widget-mobile__width-inherit elementor-widget elementor-widget-text-editor\" data-id=\"5c8d724\" data-element_type=\"widget\" data-widget_type=\"text-editor.default\">\n\t\t\t\t\t\t\t\t\t<p><strong>Vous \u00eates confront\u00e9 \u00e0 une urgence ?<\/strong>\u00a0Le cabinet peut vous accompagner \u00e0 Marseille et\u00a0<strong>\u00e0 distance<\/strong>\u00a0partout en France pour cadrer rapidement la situation et prot\u00e9ger votre entreprise.<\/p>\t\t\t\t\t\t\t\t<\/div>\n\t\t<div class=\"elementor-element elementor-element-7d87abd e-con-full e-flex e-con e-child\" data-id=\"7d87abd\" data-element_type=\"container\">\n\t\t\t\t<div class=\"elementor-element elementor-element-d7be75e elementor-align-left elementor-widget elementor-widget-button\" data-id=\"d7be75e\" data-element_type=\"widget\" data-widget_type=\"button.default\">\n\t\t\t\t\t\t\t\t\t\t<a class=\"elementor-button elementor-button-link elementor-size-sm\" href=\"tel:+33465848884\">\n\t\t\t\t\t\t<span class=\"elementor-button-content-wrapper\">\n\t\t\t\t\t\t<span class=\"elementor-button-icon\">\n\t\t\t\t<svg aria-hidden=\"true\" class=\"e-font-icon-svg e-fas-phone-alt\" viewBox=\"0 0 512 512\" xmlns=\"http:\/\/www.w3.org\/2000\/svg\"><path d=\"M497.39 361.8l-112-48a24 24 0 0 0-28 6.9l-49.6 60.6A370.66 370.66 0 0 1 130.6 204.11l60.6-49.6a23.94 23.94 0 0 0 6.9-28l-48-112A24.16 24.16 0 0 0 122.6.61l-104 24A24 24 0 0 0 0 48c0 256.5 207.9 464 464 464a24 24 0 0 0 23.4-18.6l24-104a24.29 24.29 0 0 0-14.01-27.6z\"><\/path><\/svg>\t\t\t<\/span>\n\t\t\t\t\t\t\t\t\t<span class=\"elementor-button-text\">Nous appeler<\/span>\n\t\t\t\t\t<\/span>\n\t\t\t\t\t<\/a>\n\t\t\t\t\t\t\t\t<\/div>\n\t\t\t\t<div class=\"elementor-element elementor-element-eb8ec28 elementor-align-left elementor-widget elementor-widget-button\" data-id=\"eb8ec28\" data-element_type=\"widget\" data-widget_type=\"button.default\">\n\t\t\t\t\t\t\t\t\t\t<a class=\"elementor-button elementor-button-link elementor-size-sm\" href=\"https:\/\/sion.beestk.com\/fr\/contact\/\">\n\t\t\t\t\t\t<span class=\"elementor-button-content-wrapper\">\n\t\t\t\t\t\t<span class=\"elementor-button-icon\">\n\t\t\t\t<svg aria-hidden=\"true\" class=\"e-font-icon-svg e-far-envelope\" viewBox=\"0 0 512 512\" xmlns=\"http:\/\/www.w3.org\/2000\/svg\"><path d=\"M464 64H48C21.49 64 0 85.49 0 112v288c0 26.51 21.49 48 48 48h416c26.51 0 48-21.49 48-48V112c0-26.51-21.49-48-48-48zm0 48v40.805c-22.422 18.259-58.168 46.651-134.587 106.49-16.841 13.247-50.201 45.072-73.413 44.701-23.208.375-56.579-31.459-73.413-44.701C106.18 199.465 70.425 171.067 48 152.805V112h416zM48 400V214.398c22.914 18.251 55.409 43.862 104.938 82.646 21.857 17.205 60.134 55.186 103.062 54.955 42.717.231 80.509-37.199 103.053-54.947 49.528-38.783 82.032-64.401 104.947-82.653V400H48z\"><\/path><\/svg>\t\t\t<\/span>\n\t\t\t\t\t\t\t\t\t<span class=\"elementor-button-text\">Nous \u00e9crire<\/span>\n\t\t\t\t\t<\/span>\n\t\t\t\t\t<\/a>\n\t\t\t\t\t\t\t\t<\/div>\n\t\t\t\t<\/div>\n\t\t\t\t<\/div>\n\t\t<div class=\"elementor-element elementor-element-0795c82 e-flex e-con-boxed e-con e-parent\" data-id=\"0795c82\" data-element_type=\"container\">\n\t\t\t\t\t<div class=\"e-con-inner\">\n\t\t<div class=\"elementor-element elementor-element-764597d e-con-full e-flex e-con e-child\" data-id=\"764597d\" data-element_type=\"container\">\n\t\t\t\t<div class=\"elementor-element elementor-element-bc77299 title-line elementor-widget elementor-widget-heading\" data-id=\"bc77299\" data-element_type=\"widget\" data-widget_type=\"heading.default\">\n\t\t\t\t\t<h2 class=\"elementor-heading-title elementor-size-default\">FAQ \u2013 Redressement judiciaire<\/h2>\t\t\t\t<\/div>\n\t\t\t\t<div class=\"elementor-element elementor-element-92cf02b elementor-widget elementor-widget-n-accordion\" data-id=\"92cf02b\" data-element_type=\"widget\" data-settings=\"{&quot;default_state&quot;:&quot;expanded&quot;,&quot;max_items_expended&quot;:&quot;one&quot;,&quot;n_accordion_animation_duration&quot;:{&quot;unit&quot;:&quot;ms&quot;,&quot;size&quot;:400,&quot;sizes&quot;:[]}}\" data-widget_type=\"nested-accordion.default\">\n\t\t\t\t\t\t\t<div class=\"e-n-accordion\" aria-label=\"Accordion. Open links with Enter or Space, close with Escape, and navigate with Arrow Keys\">\n\t\t\t\t\t\t<details id=\"e-n-accordion-item-1530\" class=\"e-n-accordion-item\" open>\n\t\t\t\t<summary class=\"e-n-accordion-item-title\" data-accordion-index=\"1\" tabindex=\"0\" aria-expanded=\"true\" aria-controls=\"e-n-accordion-item-1530\" >\n\t\t\t\t\t<span class='e-n-accordion-item-title-header'><h3 class=\"e-n-accordion-item-title-text\"> Le redressement judiciaire signifie-t-il la fin de l\u2019entreprise ? <\/h3><\/span>\n\t\t\t\t\t\t\t<span class='e-n-accordion-item-title-icon'>\n\t\t\t<span class='e-opened' ><svg aria-hidden=\"true\" class=\"e-font-icon-svg e-fas-minus\" viewBox=\"0 0 448 512\" xmlns=\"http:\/\/www.w3.org\/2000\/svg\"><path d=\"M416 208H32c-17.67 0-32 14.33-32 32v32c0 17.67 14.33 32 32 32h384c17.67 0 32-14.33 32-32v-32c0-17.67-14.33-32-32-32z\"><\/path><\/svg><\/span>\n\t\t\t<span class='e-closed'><svg aria-hidden=\"true\" class=\"e-font-icon-svg e-fas-plus\" viewBox=\"0 0 448 512\" xmlns=\"http:\/\/www.w3.org\/2000\/svg\"><path d=\"M416 208H272V64c0-17.67-14.33-32-32-32h-32c-17.67 0-32 14.33-32 32v144H32c-17.67 0-32 14.33-32 32v32c0 17.67 14.33 32 32 32h144v144c0 17.67 14.33 32 32 32h32c17.67 0 32-14.33 32-32V304h144c17.67 0 32-14.33 32-32v-32c0-17.67-14.33-32-32-32z\"><\/path><\/svg><\/span>\n\t\t<\/span>\n\n\t\t\t\t\t\t<\/summary>\n\t\t\t\t<div role=\"region\" aria-labelledby=\"e-n-accordion-item-1530\" class=\"elementor-element elementor-element-c6909fd e-con-full e-flex e-con e-child\" data-id=\"c6909fd\" data-element_type=\"container\">\n\t\t\t\t<div class=\"elementor-element elementor-element-ce54413 elementor-widget elementor-widget-text-editor\" data-id=\"ce54413\" data-element_type=\"widget\" data-widget_type=\"text-editor.default\">\n\t\t\t\t\t\t\t\t\t<p>Non. Le redressement judiciaire vise au contraire \u00e0 permettre la poursuite de l\u2019activit\u00e9 lorsque cela reste possible, en organisant une p\u00e9riode de protection et une solution (plan ou cession).<\/p>\t\t\t\t\t\t\t\t<\/div>\n\t\t\t\t<\/div>\n\t\t\t\t\t<\/details>\n\t\t\t\t\t\t<details id=\"e-n-accordion-item-1531\" class=\"e-n-accordion-item\" >\n\t\t\t\t<summary class=\"e-n-accordion-item-title\" data-accordion-index=\"2\" tabindex=\"-1\" aria-expanded=\"false\" aria-controls=\"e-n-accordion-item-1531\" >\n\t\t\t\t\t<span class='e-n-accordion-item-title-header'><h3 class=\"e-n-accordion-item-title-text\"> Quelle diff\u00e9rence avec la sauvegarde ? <\/h3><\/span>\n\t\t\t\t\t\t\t<span class='e-n-accordion-item-title-icon'>\n\t\t\t<span class='e-opened' ><svg aria-hidden=\"true\" class=\"e-font-icon-svg e-fas-minus\" viewBox=\"0 0 448 512\" xmlns=\"http:\/\/www.w3.org\/2000\/svg\"><path d=\"M416 208H32c-17.67 0-32 14.33-32 32v32c0 17.67 14.33 32 32 32h384c17.67 0 32-14.33 32-32v-32c0-17.67-14.33-32-32-32z\"><\/path><\/svg><\/span>\n\t\t\t<span class='e-closed'><svg aria-hidden=\"true\" class=\"e-font-icon-svg e-fas-plus\" viewBox=\"0 0 448 512\" xmlns=\"http:\/\/www.w3.org\/2000\/svg\"><path d=\"M416 208H272V64c0-17.67-14.33-32-32-32h-32c-17.67 0-32 14.33-32 32v144H32c-17.67 0-32 14.33-32 32v32c0 17.67 14.33 32 32 32h144v144c0 17.67 14.33 32 32 32h32c17.67 0 32-14.33 32-32V304h144c17.67 0 32-14.33 32-32v-32c0-17.67-14.33-32-32-32z\"><\/path><\/svg><\/span>\n\t\t<\/span>\n\n\t\t\t\t\t\t<\/summary>\n\t\t\t\t<div role=\"region\" aria-labelledby=\"e-n-accordion-item-1531\" class=\"elementor-element elementor-element-4b9bdce e-con-full e-flex e-con e-child\" data-id=\"4b9bdce\" data-element_type=\"container\">\n\t\t\t\t<div class=\"elementor-element elementor-element-b7f8ef5 elementor-widget elementor-widget-text-editor\" data-id=\"b7f8ef5\" data-element_type=\"widget\" data-widget_type=\"text-editor.default\">\n\t\t\t\t\t\t\t\t\t<p>La sauvegarde concerne une entreprise qui n\u2019est pas encore en cessation des paiements. Le redressement judiciaire intervient lorsque la cessation des paiements est constat\u00e9e.<\/p>\t\t\t\t\t\t\t\t<\/div>\n\t\t\t\t<\/div>\n\t\t\t\t\t<\/details>\n\t\t\t\t\t\t<details id=\"e-n-accordion-item-1532\" class=\"e-n-accordion-item\" >\n\t\t\t\t<summary class=\"e-n-accordion-item-title\" data-accordion-index=\"3\" tabindex=\"-1\" aria-expanded=\"false\" aria-controls=\"e-n-accordion-item-1532\" >\n\t\t\t\t\t<span class='e-n-accordion-item-title-header'><h3 class=\"e-n-accordion-item-title-text\"> Peut-on \u00eatre mis en redressement \u00e0 l\u2019initiative d\u2019un cr\u00e9ancier ? <\/h3><\/span>\n\t\t\t\t\t\t\t<span class='e-n-accordion-item-title-icon'>\n\t\t\t<span class='e-opened' ><svg aria-hidden=\"true\" class=\"e-font-icon-svg e-fas-minus\" viewBox=\"0 0 448 512\" xmlns=\"http:\/\/www.w3.org\/2000\/svg\"><path d=\"M416 208H32c-17.67 0-32 14.33-32 32v32c0 17.67 14.33 32 32 32h384c17.67 0 32-14.33 32-32v-32c0-17.67-14.33-32-32-32z\"><\/path><\/svg><\/span>\n\t\t\t<span class='e-closed'><svg aria-hidden=\"true\" class=\"e-font-icon-svg e-fas-plus\" viewBox=\"0 0 448 512\" xmlns=\"http:\/\/www.w3.org\/2000\/svg\"><path d=\"M416 208H272V64c0-17.67-14.33-32-32-32h-32c-17.67 0-32 14.33-32 32v144H32c-17.67 0-32 14.33-32 32v32c0 17.67 14.33 32 32 32h144v144c0 17.67 14.33 32 32 32h32c17.67 0 32-14.33 32-32V304h144c17.67 0 32-14.33 32-32v-32c0-17.67-14.33-32-32-32z\"><\/path><\/svg><\/span>\n\t\t<\/span>\n\n\t\t\t\t\t\t<\/summary>\n\t\t\t\t<div role=\"region\" aria-labelledby=\"e-n-accordion-item-1532\" class=\"elementor-element elementor-element-dfad4e4 e-con-full e-flex e-con e-child\" data-id=\"dfad4e4\" data-element_type=\"container\">\n\t\t\t\t<div class=\"elementor-element elementor-element-a8c4e98 elementor-widget elementor-widget-text-editor\" data-id=\"a8c4e98\" data-element_type=\"widget\" data-widget_type=\"text-editor.default\">\n\t\t\t\t\t\t\t\t\t<p>Oui. Un cr\u00e9ancier peut assigner l\u2019entreprise. Dans ce cas, il est essentiel d\u2019\u00eatre conseill\u00e9 rapidement pour pr\u00e9parer la d\u00e9fense et cadrer la strat\u00e9gie.<\/p>\t\t\t\t\t\t\t\t<\/div>\n\t\t\t\t<\/div>\n\t\t\t\t\t<\/details>\n\t\t\t\t\t\t<details id=\"e-n-accordion-item-1533\" class=\"e-n-accordion-item\" >\n\t\t\t\t<summary class=\"e-n-accordion-item-title\" data-accordion-index=\"4\" tabindex=\"-1\" aria-expanded=\"false\" aria-controls=\"e-n-accordion-item-1533\" >\n\t\t\t\t\t<span class='e-n-accordion-item-title-header'><h3 class=\"e-n-accordion-item-title-text\"> Combien de temps dure la p\u00e9riode d\u2019observation ? <\/h3><\/span>\n\t\t\t\t\t\t\t<span class='e-n-accordion-item-title-icon'>\n\t\t\t<span class='e-opened' ><svg aria-hidden=\"true\" class=\"e-font-icon-svg e-fas-minus\" viewBox=\"0 0 448 512\" xmlns=\"http:\/\/www.w3.org\/2000\/svg\"><path d=\"M416 208H32c-17.67 0-32 14.33-32 32v32c0 17.67 14.33 32 32 32h384c17.67 0 32-14.33 32-32v-32c0-17.67-14.33-32-32-32z\"><\/path><\/svg><\/span>\n\t\t\t<span class='e-closed'><svg aria-hidden=\"true\" class=\"e-font-icon-svg e-fas-plus\" viewBox=\"0 0 448 512\" xmlns=\"http:\/\/www.w3.org\/2000\/svg\"><path d=\"M416 208H272V64c0-17.67-14.33-32-32-32h-32c-17.67 0-32 14.33-32 32v144H32c-17.67 0-32 14.33-32 32v32c0 17.67 14.33 32 32 32h144v144c0 17.67 14.33 32 32 32h32c17.67 0 32-14.33 32-32V304h144c17.67 0 32-14.33 32-32v-32c0-17.67-14.33-32-32-32z\"><\/path><\/svg><\/span>\n\t\t<\/span>\n\n\t\t\t\t\t\t<\/summary>\n\t\t\t\t<div role=\"region\" aria-labelledby=\"e-n-accordion-item-1533\" class=\"elementor-element elementor-element-7cb5681 e-flex e-con-boxed e-con e-child\" data-id=\"7cb5681\" data-element_type=\"container\">\n\t\t\t\t\t<div class=\"e-con-inner\">\n\t\t\t\t<div class=\"elementor-element elementor-element-c683e22 elementor-widget elementor-widget-text-editor\" data-id=\"c683e22\" data-element_type=\"widget\" data-widget_type=\"text-editor.default\">\n\t\t\t\t\t\t\t\t\t<p>La p\u00e9riode d\u2019observation est en principe de\u00a0<strong>6 mois<\/strong>, renouvelable, selon la situation et la d\u00e9cision du tribunal.<\/p>\t\t\t\t\t\t\t\t<\/div>\n\t\t\t\t\t<\/div>\n\t\t\t\t<\/div>\n\t\t\t\t\t<\/details>\n\t\t\t\t\t\t<details id=\"e-n-accordion-item-1534\" class=\"e-n-accordion-item\" >\n\t\t\t\t<summary class=\"e-n-accordion-item-title\" data-accordion-index=\"5\" tabindex=\"-1\" aria-expanded=\"false\" aria-controls=\"e-n-accordion-item-1534\" >\n\t\t\t\t\t<span class='e-n-accordion-item-title-header'><h3 class=\"e-n-accordion-item-title-text\"> Intervenez-vous uniquement \u00e0 Marseille ? <\/h3><\/span>\n\t\t\t\t\t\t\t<span class='e-n-accordion-item-title-icon'>\n\t\t\t<span class='e-opened' ><svg aria-hidden=\"true\" class=\"e-font-icon-svg e-fas-minus\" viewBox=\"0 0 448 512\" xmlns=\"http:\/\/www.w3.org\/2000\/svg\"><path d=\"M416 208H32c-17.67 0-32 14.33-32 32v32c0 17.67 14.33 32 32 32h384c17.67 0 32-14.33 32-32v-32c0-17.67-14.33-32-32-32z\"><\/path><\/svg><\/span>\n\t\t\t<span class='e-closed'><svg aria-hidden=\"true\" class=\"e-font-icon-svg e-fas-plus\" viewBox=\"0 0 448 512\" xmlns=\"http:\/\/www.w3.org\/2000\/svg\"><path d=\"M416 208H272V64c0-17.67-14.33-32-32-32h-32c-17.67 0-32 14.33-32 32v144H32c-17.67 0-32 14.33-32 32v32c0 17.67 14.33 32 32 32h144v144c0 17.67 14.33 32 32 32h32c17.67 0 32-14.33 32-32V304h144c17.67 0 32-14.33 32-32v-32c0-17.67-14.33-32-32-32z\"><\/path><\/svg><\/span>\n\t\t<\/span>\n\n\t\t\t\t\t\t<\/summary>\n\t\t\t\t<div role=\"region\" aria-labelledby=\"e-n-accordion-item-1534\" class=\"elementor-element elementor-element-eb5dd0a e-flex e-con-boxed e-con e-child\" data-id=\"eb5dd0a\" data-element_type=\"container\">\n\t\t\t\t\t<div class=\"e-con-inner\">\n\t\t\t\t<div class=\"elementor-element elementor-element-471344d elementor-widget elementor-widget-text-editor\" data-id=\"471344d\" data-element_type=\"widget\" data-widget_type=\"text-editor.default\">\n\t\t\t\t\t\t\t\t\t<p>Le cabinet est bas\u00e9 \u00e0 Marseille et accompagne \u00e9galement\u00a0<strong>\u00e0 distance<\/strong>\u00a0partout en France, selon votre situation et vos contraintes.<\/p>\t\t\t\t\t\t\t\t<\/div>\n\t\t\t\t\t<\/div>\n\t\t\t\t<\/div>\n\t\t\t\t\t<\/details>\n\t\t\t\t\t<\/div>\n\t\t\t\t\t<script type=\"application\/ld+json\">{\"@context\":\"https:\\\/\\\/schema.org\",\"@type\":\"FAQPage\",\"mainEntity\":[{\"@type\":\"Question\",\"name\":\"Le redressement judiciaire signifie-t-il la fin de l\\u2019entreprise ?\",\"acceptedAnswer\":{\"@type\":\"Answer\",\"text\":\"Non. Le redressement judiciaire vise au contraire \\u00e0 permettre la poursuite de l\\u2019activit\\u00e9 lorsque cela reste possible, en organisant une p\\u00e9riode de protection et une solution (plan ou cession).\"}},{\"@type\":\"Question\",\"name\":\"Quelle diff\\u00e9rence avec la sauvegarde ?\",\"acceptedAnswer\":{\"@type\":\"Answer\",\"text\":\"La sauvegarde concerne une entreprise qui n\\u2019est pas encore en cessation des paiements. Le redressement judiciaire intervient lorsque la cessation des paiements est constat\\u00e9e.\"}},{\"@type\":\"Question\",\"name\":\"Peut-on \\u00eatre mis en redressement \\u00e0 l\\u2019initiative d\\u2019un cr\\u00e9ancier ?\",\"acceptedAnswer\":{\"@type\":\"Answer\",\"text\":\"Oui. Un cr\\u00e9ancier peut assigner l\\u2019entreprise. Dans ce cas, il est essentiel d\\u2019\\u00eatre conseill\\u00e9 rapidement pour pr\\u00e9parer la d\\u00e9fense et cadrer la strat\\u00e9gie.\"}},{\"@type\":\"Question\",\"name\":\"Combien de temps dure la p\\u00e9riode d\\u2019observation ?\",\"acceptedAnswer\":{\"@type\":\"Answer\",\"text\":\"La p\\u00e9riode d\\u2019observation est en principe de\\u00a06 mois, renouvelable, selon la situation et la d\\u00e9cision du tribunal.\"}},{\"@type\":\"Question\",\"name\":\"Intervenez-vous uniquement \\u00e0 Marseille ?\",\"acceptedAnswer\":{\"@type\":\"Answer\",\"text\":\"Le cabinet est bas\\u00e9 \\u00e0 Marseille et accompagne \\u00e9galement\\u00a0\\u00e0 distance\\u00a0partout en France, selon votre situation et vos contraintes.\"}}]}<\/script>\n\t\t\t\t\t\t\t<\/div>\n\t\t\t\t<\/div>\n\t\t<div class=\"elementor-element elementor-element-62529d9 e-con-full image-frame left-frame elementor-hidden-mobile e-flex e-con e-child\" data-id=\"62529d9\" data-element_type=\"container\">\n\t\t\t\t<div class=\"elementor-element elementor-element-9351db6 elementor-widget elementor-widget-image\" data-id=\"9351db6\" data-element_type=\"widget\" data-widget_type=\"image.default\">\n\t\t\t\t\t\t\t\t\t\t\t\t\t\t\t<img fetchpriority=\"high\" decoding=\"async\" width=\"500\" height=\"750\" src=\"https:\/\/sion.beestk.com\/wp-content\/uploads\/2026\/01\/consultation-faq.webp\" class=\"attachment-large size-large wp-image-847\" alt=\"\" srcset=\"https:\/\/sion.beestk.com\/wp-content\/uploads\/2026\/01\/consultation-faq.webp 500w, https:\/\/sion.beestk.com\/wp-content\/uploads\/2026\/01\/consultation-faq-200x300.webp 200w\" sizes=\"(max-width: 500px) 100vw, 500px\" \/>\t\t\t\t\t\t\t\t\t\t\t\t\t\t\t<\/div>\n\t\t\t\t<\/div>\n\t\t\t\t\t<\/div>\n\t\t\t\t<\/div>\n\t\t\t\t<\/div>\n\t\t","protected":false},"excerpt":{"rendered":"<p>Le redressement judiciaire\u00a0est une proc\u00e9dure collective destin\u00e9e aux entreprises en\u00a0cessation des paiements\u00a0mais dont l\u2019activit\u00e9 peut encore \u00eatre sauv\u00e9e. Son objectif :\u00a0stopper l\u2019aggravation des dettes, organiser une p\u00e9riode de protection et rechercher une issue structur\u00e9e (plan, cession, ou r\u00e9orientation) sous le contr\u00f4le du tribunal. Le Cabinet Ya\u00ebl Sion &amp; ASSOCI\u00c9S,\u00a0avocat en droit des entreprises en difficult\u00e9 [&hellip;]<\/p>\n","protected":false},"author":3,"featured_media":0,"parent":296,"menu_order":0,"comment_status":"closed","ping_status":"closed","template":"","meta":{"_acf_changed":false,"footnotes":""},"class_list":["post-300","page","type-page","status-publish","hentry"],"acf":[],"yoast_head":"<!-- This site is optimized with the Yoast SEO plugin v26.8 - https:\/\/yoast.com\/product\/yoast-seo-wordpress\/ -->\n<title>Avocat redressement judiciaire | Cabinet Ya\u00ebl Sion &amp; ASSOCI\u00c9S Marseille<\/title>\n<meta name=\"description\" content=\"Avocat en redressement judiciaire \u00e0 Marseille : accompagnement pour l\u2019ouverture, la p\u00e9riode d\u2019observation, le plan, la n\u00e9gociation avec les cr\u00e9anciers et la cession.\" \/>\n<meta name=\"robots\" content=\"noindex, follow, max-snippet:-1, max-image-preview:large, max-video-preview:-1\" \/>\n<meta property=\"og:locale\" content=\"fr_FR\" \/>\n<meta property=\"og:type\" content=\"article\" \/>\n<meta property=\"og:title\" content=\"Avocat redressement judiciaire | Cabinet Ya\u00ebl Sion &amp; ASSOCI\u00c9S Marseille\" \/>\n<meta property=\"og:description\" content=\"Avocat en redressement judiciaire \u00e0 Marseille : accompagnement pour l\u2019ouverture, la p\u00e9riode d\u2019observation, le plan, la n\u00e9gociation avec les cr\u00e9anciers et la cession.\" \/>\n<meta property=\"og:url\" content=\"https:\/\/sion.beestk.com\/fr\/nos-expertises\/droit-des-entreprises-en-difficulte\/redressement-judiciaire\/\" \/>\n<meta property=\"og:site_name\" content=\"Sion Avocat\" \/>\n<meta property=\"article:publisher\" content=\"https:\/\/maps.app.goo.gl\/wgFyjZZdY3JC98nZA\" \/>\n<meta property=\"article:modified_time\" content=\"2026-02-05T11:47:25+00:00\" \/>\n<meta property=\"og:image\" content=\"https:\/\/sion.beestk.com\/wp-content\/uploads\/2026\/01\/consultation-faq.webp\" \/>\n<meta name=\"twitter:card\" content=\"summary_large_image\" \/>\n<meta name=\"twitter:label1\" content=\"Dur\u00e9e de lecture estim\u00e9e\" \/>\n\t<meta name=\"twitter:data1\" content=\"7 minutes\" \/>\n<script type=\"application\/ld+json\" class=\"yoast-schema-graph\">{\n\t    \"@context\": \"https:\/\/schema.org\",\n\t    \"@graph\": [\n\t        {\n\t            \"@type\": \"WebPage\",\n\t            \"@id\": \"https:\/\/sion.beestk.com\/fr\/nos-expertises\/droit-des-entreprises-en-difficulte\/redressement-judiciaire\/\",\n\t            \"url\": \"https:\/\/sion.beestk.com\/fr\/nos-expertises\/droit-des-entreprises-en-difficulte\/redressement-judiciaire\/\",\n\t            \"name\": \"Avocat redressement judiciaire | Cabinet Ya\u00ebl Sion & ASSOCI\u00c9S Marseille\",\n\t            \"isPartOf\": {\n\t                \"@id\": \"https:\/\/sion.beestk.com\/fr\/#website\"\n\t            },\n\t            \"primaryImageOfPage\": {\n\t                \"@id\": \"https:\/\/sion.beestk.com\/fr\/nos-expertises\/droit-des-entreprises-en-difficulte\/redressement-judiciaire\/#primaryimage\"\n\t            },\n\t            \"image\": {\n\t                \"@id\": \"https:\/\/sion.beestk.com\/fr\/nos-expertises\/droit-des-entreprises-en-difficulte\/redressement-judiciaire\/#primaryimage\"\n\t            },\n\t            \"thumbnailUrl\": \"https:\/\/sion.beestk.com\/wp-content\/uploads\/2026\/01\/consultation-faq.webp\",\n\t            \"datePublished\": \"2025-12-21T09:35:41+00:00\",\n\t            \"dateModified\": \"2026-02-05T11:47:25+00:00\",\n\t            \"description\": \"Avocat en redressement judiciaire \u00e0 Marseille : accompagnement pour l\u2019ouverture, la p\u00e9riode d\u2019observation, le plan, la n\u00e9gociation avec les cr\u00e9anciers et la cession.\",\n\t            \"breadcrumb\": {\n\t                \"@id\": \"https:\/\/sion.beestk.com\/fr\/nos-expertises\/droit-des-entreprises-en-difficulte\/redressement-judiciaire\/#breadcrumb\"\n\t            },\n\t            \"inLanguage\": \"fr-FR\",\n\t            \"potentialAction\": [\n\t                {\n\t                    \"@type\": \"ReadAction\",\n\t                    \"target\": [\n\t                        \"https:\/\/sion.beestk.com\/fr\/nos-expertises\/droit-des-entreprises-en-difficulte\/redressement-judiciaire\/\"\n\t                    ]\n\t                }\n\t            ]\n\t        },\n\t        {\n\t            \"@type\": \"ImageObject\",\n\t            \"inLanguage\": \"fr-FR\",\n\t            \"@id\": \"https:\/\/sion.beestk.com\/fr\/nos-expertises\/droit-des-entreprises-en-difficulte\/redressement-judiciaire\/#primaryimage\",\n\t            \"url\": \"https:\/\/sion.beestk.com\/wp-content\/uploads\/2026\/01\/consultation-faq.webp\",\n\t            \"contentUrl\": \"https:\/\/sion.beestk.com\/wp-content\/uploads\/2026\/01\/consultation-faq.webp\"\n\t        },\n\t        {\n\t            \"@type\": \"BreadcrumbList\",\n\t            \"@id\": \"https:\/\/sion.beestk.com\/fr\/nos-expertises\/droit-des-entreprises-en-difficulte\/redressement-judiciaire\/#breadcrumb\",\n\t            \"itemListElement\": [\n\t                {\n\t                    \"@type\": \"ListItem\",\n\t                    \"position\": 1,\n\t                    \"name\": \"Accueil\",\n\t                    \"item\": \"https:\/\/sion.beestk.com\/fr\/\"\n\t                },\n\t                {\n\t                    \"@type\": \"ListItem\",\n\t                    \"position\": 2,\n\t                    \"name\": \"Nos Expertises\",\n\t                    \"item\": \"https:\/\/sion.beestk.com\/fr\/nos-expertises\/\"\n\t                },\n\t                {\n\t                    \"@type\": \"ListItem\",\n\t                    \"position\": 3,\n\t                    \"name\": \"Droit des entreprises en difficult\u00e9\",\n\t                    \"item\": \"https:\/\/sion.beestk.com\/fr\/nos-expertises\/droit-des-entreprises-en-difficulte\/\"\n\t                },\n\t                {\n\t                    \"@type\": \"ListItem\",\n\t                    \"position\": 4,\n\t                    \"name\": \"Redressement judiciaire : avocat pour prot\u00e9ger votre entreprise et organiser la poursuite de l\u2019activit\u00e9\"\n\t                }\n\t            ]\n\t        },\n\t        {\n\t            \"@type\": \"WebSite\",\n\t            \"@id\": \"https:\/\/sion.beestk.com\/fr\/#website\",\n\t            \"url\": \"https:\/\/sion.beestk.com\/fr\/\",\n\t            \"name\": \"Cabinet Ya\u00ebl Sion & ASSOCI\u00c9S\",\n\t            \"description\": \"\",\n\t            \"publisher\": {\n\t                \"@id\": \"https:\/\/sion.beestk.com\/fr\/#organization\"\n\t            },\n\t            \"potentialAction\": [\n\t                {\n\t                    \"@type\": \"SearchAction\",\n\t                    \"target\": {\n\t                        \"@type\": \"EntryPoint\",\n\t                        \"urlTemplate\": \"https:\/\/sion.beestk.com\/fr\/?s={search_term_string}\"\n\t                    },\n\t                    \"query-input\": {\n\t                        \"@type\": \"PropertyValueSpecification\",\n\t                        \"valueRequired\": true,\n\t                        \"valueName\": \"search_term_string\"\n\t                    }\n\t                }\n\t            ],\n\t            \"inLanguage\": \"fr-FR\"\n\t        },\n\t        {\n\t            \"@type\": [\n\t                \"Organization\",\n\t                \"LocalBusiness\",\n\t                \"LegalService\"\n\t            ],\n\t            \"@id\": \"https:\/\/sion.beestk.com\/fr\/#organization\",\n\t            \"name\": \"Cabinet Ya\u00ebl Sion & ASSOCI\u00c9S\",\n\t            \"url\": \"https:\/\/sion.beestk.com\/fr\/\",\n\t            \"logo\": {\n\t                \"@type\": \"ImageObject\",\n\t                \"inLanguage\": \"fr-FR\",\n\t                \"@id\": \"https:\/\/sion.beestk.com\/fr\/#\/schema\/logo\/image\/\",\n\t                \"url\": \"https:\/\/sion.beestk.com\/wp-content\/uploads\/2025\/12\/logo.png\",\n\t                \"contentUrl\": \"https:\/\/sion.beestk.com\/wp-content\/uploads\/2025\/12\/logo.png\",\n\t                \"width\": 150,\n\t                \"height\": 72,\n\t                \"caption\": \"Cabinet Ya\u00ebl Sion & ASSOCI\u00c9S\"\n\t            },\n\t            \"image\": {\n\t                \"@id\": \"https:\/\/sion.beestk.com\/fr\/#\/schema\/logo\/image\/\"\n\t            },\n\t            \"sameAs\": [\n\t                \"https:\/\/maps.app.goo.gl\/wgFyjZZdY3JC98nZA\",\n\t                \"https:\/\/www.linkedin.com\/in\/ya%C3%ABl-sion-0a18091b3\/\"\n\t            ],\n\t            \"telephone\": \"+33465848884\",\n\t            \"address\": {\n\t                \"@type\": \"PostalAddress\",\n\t                \"addressCountry\": \"FR\",\n\t                \"addressLocality\": \"Marseille\",\n\t                \"postalCode\": \"13008\",\n\t                \"streetAddress\": \"565 avenue du Prado\"\n\t            },\n\t            \"openingHours\": [\n\t                \"Mo-Th 09:00-19:00\",\n\t                \"Fr 09:00-16:00\"\n\t            ],\n\t            \"hasMap\": \"https:\/\/maps.app.goo.gl\/wgFyjZZdY3JC98nZA\",\n\t            \"founder\": [\n\t                {\n\t                    \"@type\": \"Person\",\n\t                    \"name\": \"Ya\u00ebl Sion\",\n\t                    \"jobTitle\": \"Avocat\",\n\t                    \"worksFor\": {\n\t                        \"@id\": \"https:\/\/sion.beestk.com\/fr\/#organization\"\n\t                    },\n\t                    \"sameAs\": [\n\t                        \"https:\/\/www.linkedin.com\/in\/ya%C3%ABl-sion-0a18091b3\/\"\n\t                    ]\n\t                }\n\t            ],\n\t            \"foundingDate\": \"2015\"\n\t        }\n\t    ]\n\t}<\/script>\n<!-- \/ Yoast SEO plugin. -->","yoast_head_json":{"title":"Avocat redressement judiciaire | Cabinet Ya\u00ebl Sion & ASSOCI\u00c9S Marseille","description":"Avocat en redressement judiciaire \u00e0 Marseille : accompagnement pour l\u2019ouverture, la p\u00e9riode d\u2019observation, le plan, la n\u00e9gociation avec les cr\u00e9anciers et la cession.","robots":{"index":"noindex","follow":"follow","max-snippet":"max-snippet:-1","max-image-preview":"max-image-preview:large","max-video-preview":"max-video-preview:-1"},"og_locale":"fr_FR","og_type":"article","og_title":"Avocat redressement judiciaire | Cabinet Ya\u00ebl Sion & ASSOCI\u00c9S Marseille","og_description":"Avocat en redressement judiciaire \u00e0 Marseille : accompagnement pour l\u2019ouverture, la p\u00e9riode d\u2019observation, le plan, la n\u00e9gociation avec les cr\u00e9anciers et la cession.","og_url":"https:\/\/sion.beestk.com\/fr\/nos-expertises\/droit-des-entreprises-en-difficulte\/redressement-judiciaire\/","og_site_name":"Sion Avocat","article_publisher":"https:\/\/maps.app.goo.gl\/wgFyjZZdY3JC98nZA","article_modified_time":"2026-02-05T11:47:25+00:00","og_image":[{"url":"https:\/\/sion.beestk.com\/wp-content\/uploads\/2026\/01\/consultation-faq.webp","type":"","width":"","height":""}],"twitter_card":"summary_large_image","twitter_misc":{"Dur\u00e9e de lecture estim\u00e9e":"7 minutes"},"schema":{"@context":"https:\/\/schema.org","@graph":[{"@type":"WebPage","@id":"https:\/\/sion.beestk.com\/fr\/nos-expertises\/droit-des-entreprises-en-difficulte\/redressement-judiciaire\/","url":"https:\/\/sion.beestk.com\/fr\/nos-expertises\/droit-des-entreprises-en-difficulte\/redressement-judiciaire\/","name":"Avocat redressement judiciaire | Cabinet Ya\u00ebl Sion & ASSOCI\u00c9S Marseille","isPartOf":{"@id":"https:\/\/sion.beestk.com\/fr\/#website"},"primaryImageOfPage":{"@id":"https:\/\/sion.beestk.com\/fr\/nos-expertises\/droit-des-entreprises-en-difficulte\/redressement-judiciaire\/#primaryimage"},"image":{"@id":"https:\/\/sion.beestk.com\/fr\/nos-expertises\/droit-des-entreprises-en-difficulte\/redressement-judiciaire\/#primaryimage"},"thumbnailUrl":"https:\/\/sion.beestk.com\/wp-content\/uploads\/2026\/01\/consultation-faq.webp","datePublished":"2025-12-21T09:35:41+00:00","dateModified":"2026-02-05T11:47:25+00:00","description":"Avocat en redressement judiciaire \u00e0 Marseille : accompagnement pour l\u2019ouverture, la p\u00e9riode d\u2019observation, le plan, la n\u00e9gociation avec les cr\u00e9anciers et la cession.","breadcrumb":{"@id":"https:\/\/sion.beestk.com\/fr\/nos-expertises\/droit-des-entreprises-en-difficulte\/redressement-judiciaire\/#breadcrumb"},"inLanguage":"fr-FR","potentialAction":[{"@type":"ReadAction","target":["https:\/\/sion.beestk.com\/fr\/nos-expertises\/droit-des-entreprises-en-difficulte\/redressement-judiciaire\/"]}]},{"@type":"ImageObject","inLanguage":"fr-FR","@id":"https:\/\/sion.beestk.com\/fr\/nos-expertises\/droit-des-entreprises-en-difficulte\/redressement-judiciaire\/#primaryimage","url":"https:\/\/sion.beestk.com\/wp-content\/uploads\/2026\/01\/consultation-faq.webp","contentUrl":"https:\/\/sion.beestk.com\/wp-content\/uploads\/2026\/01\/consultation-faq.webp"},{"@type":"BreadcrumbList","@id":"https:\/\/sion.beestk.com\/fr\/nos-expertises\/droit-des-entreprises-en-difficulte\/redressement-judiciaire\/#breadcrumb","itemListElement":[{"@type":"ListItem","position":1,"name":"Accueil","item":"https:\/\/sion.beestk.com\/fr\/"},{"@type":"ListItem","position":2,"name":"Nos Expertises","item":"https:\/\/sion.beestk.com\/fr\/nos-expertises\/"},{"@type":"ListItem","position":3,"name":"Droit des entreprises en difficult\u00e9","item":"https:\/\/sion.beestk.com\/fr\/nos-expertises\/droit-des-entreprises-en-difficulte\/"},{"@type":"ListItem","position":4,"name":"Redressement judiciaire : avocat pour prot\u00e9ger votre entreprise et organiser la poursuite de l\u2019activit\u00e9"}]},{"@type":"WebSite","@id":"https:\/\/sion.beestk.com\/fr\/#website","url":"https:\/\/sion.beestk.com\/fr\/","name":"Cabinet Ya\u00ebl Sion & ASSOCI\u00c9S","description":"","publisher":{"@id":"https:\/\/sion.beestk.com\/fr\/#organization"},"potentialAction":[{"@type":"SearchAction","target":{"@type":"EntryPoint","urlTemplate":"https:\/\/sion.beestk.com\/fr\/?s={search_term_string}"},"query-input":{"@type":"PropertyValueSpecification","valueRequired":true,"valueName":"search_term_string"}}],"inLanguage":"fr-FR"},{"@type":["Organization","LocalBusiness","LegalService"],"@id":"https:\/\/sion.beestk.com\/fr\/#organization","name":"Cabinet Ya\u00ebl Sion & ASSOCI\u00c9S","url":"https:\/\/sion.beestk.com\/fr\/","logo":{"@type":"ImageObject","inLanguage":"fr-FR","@id":"https:\/\/sion.beestk.com\/fr\/#\/schema\/logo\/image\/","url":"https:\/\/sion.beestk.com\/wp-content\/uploads\/2025\/12\/logo.png","contentUrl":"https:\/\/sion.beestk.com\/wp-content\/uploads\/2025\/12\/logo.png","width":150,"height":72,"caption":"Cabinet Ya\u00ebl Sion & ASSOCI\u00c9S"},"image":{"@id":"https:\/\/sion.beestk.com\/fr\/#\/schema\/logo\/image\/"},"sameAs":["https:\/\/maps.app.goo.gl\/wgFyjZZdY3JC98nZA","https:\/\/www.linkedin.com\/in\/ya%C3%ABl-sion-0a18091b3\/"],"telephone":"+33465848884","address":{"@type":"PostalAddress","addressCountry":"FR","addressLocality":"Marseille","postalCode":"13008","streetAddress":"565 avenue du Prado"},"openingHours":["Mo-Th 09:00-19:00","Fr 09:00-16:00"],"hasMap":"https:\/\/maps.app.goo.gl\/wgFyjZZdY3JC98nZA","founder":[{"@type":"Person","name":"Ya\u00ebl Sion","jobTitle":"Avocat","worksFor":{"@id":"https:\/\/sion.beestk.com\/fr\/#organization"},"sameAs":["https:\/\/www.linkedin.com\/in\/ya%C3%ABl-sion-0a18091b3\/"]}],"foundingDate":"2015"}]}},"_links":{"self":[{"href":"https:\/\/sion.beestk.com\/fr\/wp-json\/wp\/v2\/pages\/300","targetHints":{"allow":["GET"]}}],"collection":[{"href":"https:\/\/sion.beestk.com\/fr\/wp-json\/wp\/v2\/pages"}],"about":[{"href":"https:\/\/sion.beestk.com\/fr\/wp-json\/wp\/v2\/types\/page"}],"author":[{"embeddable":true,"href":"https:\/\/sion.beestk.com\/fr\/wp-json\/wp\/v2\/users\/3"}],"replies":[{"embeddable":true,"href":"https:\/\/sion.beestk.com\/fr\/wp-json\/wp\/v2\/comments?post=300"}],"version-history":[{"count":1,"href":"https:\/\/sion.beestk.com\/fr\/wp-json\/wp\/v2\/pages\/300\/revisions"}],"predecessor-version":[{"id":3240,"href":"https:\/\/sion.beestk.com\/fr\/wp-json\/wp\/v2\/pages\/300\/revisions\/3240"}],"up":[{"embeddable":true,"href":"https:\/\/sion.beestk.com\/fr\/wp-json\/wp\/v2\/pages\/296"}],"wp:attachment":[{"href":"https:\/\/sion.beestk.com\/fr\/wp-json\/wp\/v2\/media?parent=300"}],"curies":[{"name":"wp","href":"https:\/\/api.w.org\/{rel}","templated":true}]}}