{"id":3,"date":"2025-12-02T17:48:40","date_gmt":"2025-12-02T16:48:40","guid":{"rendered":"https:\/\/sion.beestk.com\/?page_id=3"},"modified":"2026-02-05T12:47:26","modified_gmt":"2026-02-05T11:47:26","slug":"politique-de-confidentialite","status":"publish","type":"page","link":"https:\/\/sion.beestk.com\/fr\/politique-de-confidentialite\/","title":{"rendered":"Politique de confidentialit\u00e9"},"content":{"rendered":"\n<p>Cette politique de confidentialit\u00e9 a pour but de vous informer sur l\u2019ensemble des traitements li\u00e9s \u00e0 l\u2019utilisation de vos donn\u00e9es personnelles, dans le cadre du R\u00e8glement G\u00e9n\u00e9ral sur la Protection des Donn\u00e9es (RGPD) et de la loi Informatique et Libert\u00e9s du 6 janvier 1978 modifi\u00e9e.<\/p>\n\n\n\n<h2 class=\"wp-block-heading\">Responsable du traitement de vos donn\u00e9es<\/h2>\n\n\n\n<p>Les donn\u00e9es personnelles collect\u00e9es sur le site www.sion-avocat.fr (ci-apr\u00e8s \u00ab\u00a0Le Site\u00a0\u00bb) sont trait\u00e9es par le Cabinet Ya\u00ebl SION AVOCAT, inscrit au registre du commerce et des soci\u00e9t\u00e9s de MARSEILLE sous le num\u00e9ro 809 832 637 00049, dont le si\u00e8ge social est situ\u00e9 au 565 avenue du Prado, 13008 MARSEILLE.<\/p>\n\n\n\n<h2 class=\"wp-block-heading\">Donn\u00e9es personnelles collect\u00e9es<\/h2>\n\n\n\n<p>Lors de la navigation sur le Site, le Cabinet Ya\u00ebl SION AVOCAT peut \u00eatre amen\u00e9 \u00e0 collecter des donn\u00e9es personnelles vous concernant lors du remplissage du formulaire de contact : Nom, E-mail et Message.<\/p>\n\n\n\n<p>Le Cabinet Ya\u00ebl SION AVOCAT peut \u00e9galement \u00eatre amen\u00e9 \u00e0 collecter des donn\u00e9es d\u2019identification \u00e9lectronique disponibles sur ou \u00e0 partir de votre ordinateur (telles que les \u00ab cookies \u00bb ou les \u00ab adresses IP \u00bb). Vos donn\u00e9es d\u2019identification \u00e9lectronique permettent d\u2019identifier ou de g\u00e9olocaliser (sans \u00eatre plus pr\u00e9cis que la ville) votre terminal de connexion ou les pages consult\u00e9es sur le Site au cours de votre navigation et sont g\u00e9n\u00e9ralement insuffisantes \u00e0 elles seules pour vous identifier de mani\u00e8re nominative.<\/p>\n\n\n\n<h2 class=\"wp-block-heading\">Utilisation des donn\u00e9es et transmission \u00e0 des tiers<\/h2>\n\n\n\n<p>Vos donn\u00e9es sont trait\u00e9es par le Cabinet Ya\u00ebl SION AVOCAT  pour g\u00e9rer vos demandes via le formulaire de contact et la relation commerciale qui pourrait en r\u00e9sulter.<\/p>\n\n\n\n<p>En outre, vos donn\u00e9es d\u2019identification \u00e9lectronique (adresses IP) peuvent \u00eatre transmises \u00e0 notre partenaire d\u2019h\u00e9bergement. le Cabinet Ya\u00ebl SION AVOCAT s\u2019assure que l\u2019ensemble de ses partenaires et sous-traitants sont conformes au R\u00e8glement G\u00e9n\u00e9ral sur la Protection des Donn\u00e9es Personnelles afin d\u2019assurer la confidentialit\u00e9 et la s\u00e9curit\u00e9 de vos donn\u00e9es. le Cabinet Ya\u00ebl SION AVOCAT s\u2019engage \u00e0 ne pas vendre vos donn\u00e9es personnelles \u00e0 des tiers.<\/p>\n\n\n\n<h2 class=\"wp-block-heading\">Conservation des donn\u00e9es<\/h2>\n\n\n\n<p>Les donn\u00e9es sont conserv\u00e9es pendant une dur\u00e9e qui n\u2019exc\u00e8de pas la dur\u00e9e n\u00e9cessaire aux finalit\u00e9s pour lesquelles elles ont \u00e9t\u00e9 collect\u00e9es.<\/p>\n\n\n\n<p>Les donn\u00e9es renseign\u00e9es dans le formulaire de contact pourront \u00eatre conserv\u00e9es jusqu\u2019\u00e0 5 ans \u00e0 compter de la fin des relations commerciales avec le Cabinet Ya\u00ebl SION AVOCAT. A l\u2019issue de cette p\u00e9riode, les donn\u00e9es seront effac\u00e9es ou anonymis\u00e9es.<\/p>\n\n\n\n<h2 class=\"wp-block-heading\">Droits relatifs \u00e0 vos donn\u00e9es<\/h2>\n\n\n\n<p>Conform\u00e9ment \u00e0 la r\u00e9glementation applicable, vous disposez d\u2019un droit d\u2019acc\u00e8s, de modification, de suppression et d\u2019opposition \u00e0 vos donn\u00e9es personnelles. Pour toute demande de modification ou de suppression de vos donn\u00e9es personnelles, vous pouvez nous contacter :<\/p>\n\n\n\n<p>Par e-mail : contact[@]sion-avocat.fr (supprimer les crochets)<br>Via le formulaire pr\u00e9sent sur le Site<br>Par courrier : Cabinet Ya\u00ebl SION AVOCAT &#8211; 565 avenue du Prado &#8211; 13008 MARSEILLE<\/p>\n\n\n\n<h2 class=\"wp-block-heading\">S\u00e9curit\u00e9 et confidentialit\u00e9 des donn\u00e9es<\/h2>\n\n\n\n<p>Le Cabinet Ya\u00ebl SION AVOCAT s\u2019est efforc\u00e9 de mettre en place les pr\u00e9cautions raisonnables pour pr\u00e9server la confidentialit\u00e9 et la s\u00e9curit\u00e9 des donn\u00e9es personnelles trait\u00e9es et emp\u00eacher qu\u2019elles ne soient d\u00e9form\u00e9es, endommag\u00e9es, d\u00e9truites ou que des tiers non autoris\u00e9s y aient acc\u00e8s. Des mesures de s\u00e9curit\u00e9 techniques et organisationnelles ont \u00e9t\u00e9 instaur\u00e9es \u00e0 cet effet. Le Cabinet Ya\u00ebl SION AVOCAT ne ma\u00eetrise cependant pas tous les risques li\u00e9s au fonctionnement d\u2019Internet et attire l\u2019attention des internautes sur l\u2019existence d\u2019\u00e9ventuels risques inh\u00e9rents \u00e0 son utilisation et \u00e0 son fonctionnement.<\/p>\n\n\n\n<h2 class=\"wp-block-heading\">Gestion des cookies<\/h2>\n\n\n\n<p><a href=\"\/fr\/politique-de-cookies\/\" type=\"page\" id=\"2425\">Voir ici<\/a><\/p>\n\n\n\n<p><\/p>\n","protected":false},"excerpt":{"rendered":"<p>Cette politique de confidentialit\u00e9 a pour but de vous informer sur l\u2019ensemble des traitements li\u00e9s \u00e0 l\u2019utilisation de vos donn\u00e9es personnelles, dans le cadre du R\u00e8glement G\u00e9n\u00e9ral sur la Protection des Donn\u00e9es (RGPD) et de la loi Informatique et Libert\u00e9s du 6 janvier 1978 modifi\u00e9e. Responsable du traitement de vos donn\u00e9es Les donn\u00e9es personnelles collect\u00e9es [&hellip;]<\/p>\n","protected":false},"author":3,"featured_media":0,"parent":0,"menu_order":0,"comment_status":"closed","ping_status":"closed","template":"","meta":{"_acf_changed":false,"footnotes":""},"class_list":["post-3","page","type-page","status-publish","hentry"],"acf":[],"yoast_head":"<!-- This site is optimized with the Yoast SEO plugin v26.8 - https:\/\/yoast.com\/product\/yoast-seo-wordpress\/ -->\n<title>Politique de confidentialit\u00e9 - Sion Avocat<\/title>\n<meta name=\"robots\" content=\"noindex, follow, max-snippet:-1, max-image-preview:large, max-video-preview:-1\" \/>\n<meta property=\"og:locale\" content=\"fr_FR\" \/>\n<meta property=\"og:type\" content=\"article\" \/>\n<meta property=\"og:title\" content=\"Politique de confidentialit\u00e9 - Sion Avocat\" \/>\n<meta property=\"og:description\" content=\"Cette politique de confidentialit\u00e9 a pour but de vous informer sur l\u2019ensemble des traitements li\u00e9s \u00e0 l\u2019utilisation de vos donn\u00e9es personnelles, dans le cadre du R\u00e8glement G\u00e9n\u00e9ral sur la Protection des Donn\u00e9es (RGPD) et de la loi Informatique et Libert\u00e9s du 6 janvier 1978 modifi\u00e9e. Responsable du traitement de vos donn\u00e9es Les donn\u00e9es personnelles collect\u00e9es [&hellip;]\" \/>\n<meta property=\"og:url\" content=\"https:\/\/sion.beestk.com\/fr\/politique-de-confidentialite\/\" \/>\n<meta property=\"og:site_name\" content=\"Sion Avocat\" \/>\n<meta property=\"article:publisher\" content=\"https:\/\/maps.app.goo.gl\/wgFyjZZdY3JC98nZA\" \/>\n<meta property=\"article:modified_time\" content=\"2026-02-05T11:47:26+00:00\" \/>\n<meta name=\"twitter:card\" content=\"summary_large_image\" \/>\n<meta name=\"twitter:label1\" content=\"Dur\u00e9e de lecture estim\u00e9e\" \/>\n\t<meta name=\"twitter:data1\" content=\"3 minutes\" \/>\n<script type=\"application\/ld+json\" class=\"yoast-schema-graph\">{\n\t    \"@context\": \"https:\/\/schema.org\",\n\t    \"@graph\": [\n\t        {\n\t            \"@type\": \"WebPage\",\n\t            \"@id\": \"https:\/\/sion.beestk.com\/fr\/politique-de-confidentialite\/\",\n\t            \"url\": \"https:\/\/sion.beestk.com\/fr\/politique-de-confidentialite\/\",\n\t            \"name\": \"Politique de confidentialit\u00e9 - Sion Avocat\",\n\t            \"isPartOf\": {\n\t                \"@id\": \"https:\/\/sion.beestk.com\/fr\/#website\"\n\t            },\n\t            \"datePublished\": \"2025-12-02T16:48:40+00:00\",\n\t            \"dateModified\": \"2026-02-05T11:47:26+00:00\",\n\t            \"breadcrumb\": {\n\t                \"@id\": \"https:\/\/sion.beestk.com\/fr\/politique-de-confidentialite\/#breadcrumb\"\n\t            },\n\t            \"inLanguage\": \"fr-FR\",\n\t            \"potentialAction\": [\n\t                {\n\t                    \"@type\": \"ReadAction\",\n\t                    \"target\": [\n\t                        \"https:\/\/sion.beestk.com\/fr\/politique-de-confidentialite\/\"\n\t                    ]\n\t                }\n\t            ]\n\t        },\n\t        {\n\t            \"@type\": \"BreadcrumbList\",\n\t            \"@id\": \"https:\/\/sion.beestk.com\/fr\/politique-de-confidentialite\/#breadcrumb\",\n\t            \"itemListElement\": [\n\t                {\n\t                    \"@type\": \"ListItem\",\n\t                    \"position\": 1,\n\t                    \"name\": \"Accueil\",\n\t                    \"item\": \"https:\/\/sion.beestk.com\/fr\/\"\n\t                },\n\t                {\n\t                    \"@type\": \"ListItem\",\n\t                    \"position\": 2,\n\t                    \"name\": \"Politique de confidentialit\u00e9\"\n\t                }\n\t            ]\n\t        },\n\t        {\n\t            \"@type\": \"WebSite\",\n\t            \"@id\": \"https:\/\/sion.beestk.com\/fr\/#website\",\n\t            \"url\": \"https:\/\/sion.beestk.com\/fr\/\",\n\t            \"name\": \"Cabinet Ya\u00ebl Sion & ASSOCI\u00c9S\",\n\t            \"description\": \"\",\n\t            \"publisher\": {\n\t                \"@id\": \"https:\/\/sion.beestk.com\/fr\/#organization\"\n\t            },\n\t            \"potentialAction\": [\n\t                {\n\t                    \"@type\": \"SearchAction\",\n\t                    \"target\": {\n\t                        \"@type\": \"EntryPoint\",\n\t                        \"urlTemplate\": \"https:\/\/sion.beestk.com\/fr\/?s={search_term_string}\"\n\t                    },\n\t                    \"query-input\": {\n\t                        \"@type\": \"PropertyValueSpecification\",\n\t                        \"valueRequired\": true,\n\t                        \"valueName\": \"search_term_string\"\n\t                    }\n\t                }\n\t            ],\n\t            \"inLanguage\": \"fr-FR\"\n\t        },\n\t        {\n\t            \"@type\": [\n\t                \"Organization\",\n\t                \"LocalBusiness\",\n\t                \"LegalService\"\n\t            ],\n\t            \"@id\": \"https:\/\/sion.beestk.com\/fr\/#organization\",\n\t            \"name\": \"Cabinet Ya\u00ebl Sion & ASSOCI\u00c9S\",\n\t            \"url\": \"https:\/\/sion.beestk.com\/fr\/\",\n\t            \"logo\": {\n\t                \"@type\": \"ImageObject\",\n\t                \"inLanguage\": \"fr-FR\",\n\t                \"@id\": \"https:\/\/sion.beestk.com\/fr\/#\/schema\/logo\/image\/\",\n\t                \"url\": \"https:\/\/sion.beestk.com\/wp-content\/uploads\/2025\/12\/logo.png\",\n\t                \"contentUrl\": \"https:\/\/sion.beestk.com\/wp-content\/uploads\/2025\/12\/logo.png\",\n\t                \"width\": 150,\n\t                \"height\": 72,\n\t                \"caption\": \"Cabinet Ya\u00ebl Sion & ASSOCI\u00c9S\"\n\t            },\n\t            \"image\": {\n\t                \"@id\": \"https:\/\/sion.beestk.com\/fr\/#\/schema\/logo\/image\/\"\n\t            },\n\t            \"sameAs\": [\n\t                \"https:\/\/maps.app.goo.gl\/wgFyjZZdY3JC98nZA\",\n\t                \"https:\/\/www.linkedin.com\/in\/ya%C3%ABl-sion-0a18091b3\/\"\n\t            ],\n\t            \"telephone\": \"+33465848884\",\n\t            \"address\": {\n\t                \"@type\": \"PostalAddress\",\n\t                \"addressCountry\": \"FR\",\n\t                \"addressLocality\": \"Marseille\",\n\t                \"postalCode\": \"13008\",\n\t                \"streetAddress\": \"565 avenue du Prado\"\n\t            },\n\t            \"openingHours\": [\n\t                \"Mo-Th 09:00-19:00\",\n\t                \"Fr 09:00-16:00\"\n\t            ],\n\t            \"hasMap\": \"https:\/\/maps.app.goo.gl\/wgFyjZZdY3JC98nZA\",\n\t            \"founder\": [\n\t                {\n\t                    \"@type\": \"Person\",\n\t                    \"name\": \"Ya\u00ebl Sion\",\n\t                    \"jobTitle\": \"Avocat\",\n\t                    \"worksFor\": {\n\t                        \"@id\": \"https:\/\/sion.beestk.com\/fr\/#organization\"\n\t                    },\n\t                    \"sameAs\": [\n\t                        \"https:\/\/www.linkedin.com\/in\/ya%C3%ABl-sion-0a18091b3\/\"\n\t                    ]\n\t                }\n\t            ],\n\t            \"foundingDate\": \"2015\"\n\t        }\n\t    ]\n\t}<\/script>\n<!-- \/ Yoast SEO plugin. -->","yoast_head_json":{"title":"Politique de confidentialit\u00e9 - Sion Avocat","robots":{"index":"noindex","follow":"follow","max-snippet":"max-snippet:-1","max-image-preview":"max-image-preview:large","max-video-preview":"max-video-preview:-1"},"og_locale":"fr_FR","og_type":"article","og_title":"Politique de confidentialit\u00e9 - Sion Avocat","og_description":"Cette politique de confidentialit\u00e9 a pour but de vous informer sur l\u2019ensemble des traitements li\u00e9s \u00e0 l\u2019utilisation de vos donn\u00e9es personnelles, dans le cadre du R\u00e8glement G\u00e9n\u00e9ral sur la Protection des Donn\u00e9es (RGPD) et de la loi Informatique et Libert\u00e9s du 6 janvier 1978 modifi\u00e9e. Responsable du traitement de vos donn\u00e9es Les donn\u00e9es personnelles collect\u00e9es [&hellip;]","og_url":"https:\/\/sion.beestk.com\/fr\/politique-de-confidentialite\/","og_site_name":"Sion Avocat","article_publisher":"https:\/\/maps.app.goo.gl\/wgFyjZZdY3JC98nZA","article_modified_time":"2026-02-05T11:47:26+00:00","twitter_card":"summary_large_image","twitter_misc":{"Dur\u00e9e de lecture estim\u00e9e":"3 minutes"},"schema":{"@context":"https:\/\/schema.org","@graph":[{"@type":"WebPage","@id":"https:\/\/sion.beestk.com\/fr\/politique-de-confidentialite\/","url":"https:\/\/sion.beestk.com\/fr\/politique-de-confidentialite\/","name":"Politique de confidentialit\u00e9 - Sion Avocat","isPartOf":{"@id":"https:\/\/sion.beestk.com\/fr\/#website"},"datePublished":"2025-12-02T16:48:40+00:00","dateModified":"2026-02-05T11:47:26+00:00","breadcrumb":{"@id":"https:\/\/sion.beestk.com\/fr\/politique-de-confidentialite\/#breadcrumb"},"inLanguage":"fr-FR","potentialAction":[{"@type":"ReadAction","target":["https:\/\/sion.beestk.com\/fr\/politique-de-confidentialite\/"]}]},{"@type":"BreadcrumbList","@id":"https:\/\/sion.beestk.com\/fr\/politique-de-confidentialite\/#breadcrumb","itemListElement":[{"@type":"ListItem","position":1,"name":"Accueil","item":"https:\/\/sion.beestk.com\/fr\/"},{"@type":"ListItem","position":2,"name":"Politique de confidentialit\u00e9"}]},{"@type":"WebSite","@id":"https:\/\/sion.beestk.com\/fr\/#website","url":"https:\/\/sion.beestk.com\/fr\/","name":"Cabinet Ya\u00ebl Sion & ASSOCI\u00c9S","description":"","publisher":{"@id":"https:\/\/sion.beestk.com\/fr\/#organization"},"potentialAction":[{"@type":"SearchAction","target":{"@type":"EntryPoint","urlTemplate":"https:\/\/sion.beestk.com\/fr\/?s={search_term_string}"},"query-input":{"@type":"PropertyValueSpecification","valueRequired":true,"valueName":"search_term_string"}}],"inLanguage":"fr-FR"},{"@type":["Organization","LocalBusiness","LegalService"],"@id":"https:\/\/sion.beestk.com\/fr\/#organization","name":"Cabinet Ya\u00ebl Sion & ASSOCI\u00c9S","url":"https:\/\/sion.beestk.com\/fr\/","logo":{"@type":"ImageObject","inLanguage":"fr-FR","@id":"https:\/\/sion.beestk.com\/fr\/#\/schema\/logo\/image\/","url":"https:\/\/sion.beestk.com\/wp-content\/uploads\/2025\/12\/logo.png","contentUrl":"https:\/\/sion.beestk.com\/wp-content\/uploads\/2025\/12\/logo.png","width":150,"height":72,"caption":"Cabinet Ya\u00ebl Sion & ASSOCI\u00c9S"},"image":{"@id":"https:\/\/sion.beestk.com\/fr\/#\/schema\/logo\/image\/"},"sameAs":["https:\/\/maps.app.goo.gl\/wgFyjZZdY3JC98nZA","https:\/\/www.linkedin.com\/in\/ya%C3%ABl-sion-0a18091b3\/"],"telephone":"+33465848884","address":{"@type":"PostalAddress","addressCountry":"FR","addressLocality":"Marseille","postalCode":"13008","streetAddress":"565 avenue du Prado"},"openingHours":["Mo-Th 09:00-19:00","Fr 09:00-16:00"],"hasMap":"https:\/\/maps.app.goo.gl\/wgFyjZZdY3JC98nZA","founder":[{"@type":"Person","name":"Ya\u00ebl Sion","jobTitle":"Avocat","worksFor":{"@id":"https:\/\/sion.beestk.com\/fr\/#organization"},"sameAs":["https:\/\/www.linkedin.com\/in\/ya%C3%ABl-sion-0a18091b3\/"]}],"foundingDate":"2015"}]}},"_links":{"self":[{"href":"https:\/\/sion.beestk.com\/fr\/wp-json\/wp\/v2\/pages\/3","targetHints":{"allow":["GET"]}}],"collection":[{"href":"https:\/\/sion.beestk.com\/fr\/wp-json\/wp\/v2\/pages"}],"about":[{"href":"https:\/\/sion.beestk.com\/fr\/wp-json\/wp\/v2\/types\/page"}],"author":[{"embeddable":true,"href":"https:\/\/sion.beestk.com\/fr\/wp-json\/wp\/v2\/users\/3"}],"replies":[{"embeddable":true,"href":"https:\/\/sion.beestk.com\/fr\/wp-json\/wp\/v2\/comments?post=3"}],"version-history":[{"count":1,"href":"https:\/\/sion.beestk.com\/fr\/wp-json\/wp\/v2\/pages\/3\/revisions"}],"predecessor-version":[{"id":3246,"href":"https:\/\/sion.beestk.com\/fr\/wp-json\/wp\/v2\/pages\/3\/revisions\/3246"}],"wp:attachment":[{"href":"https:\/\/sion.beestk.com\/fr\/wp-json\/wp\/v2\/media?parent=3"}],"curies":[{"name":"wp","href":"https:\/\/api.w.org\/{rel}","templated":true}]}}