{"id":298,"date":"2025-12-21T10:35:25","date_gmt":"2025-12-21T09:35:25","guid":{"rendered":"https:\/\/sion.beestk.com\/?page_id=298"},"modified":"2026-02-05T12:47:25","modified_gmt":"2026-02-05T11:47:25","slug":"mandat-ad-hoc-conciliation","status":"publish","type":"page","link":"https:\/\/sion.beestk.com\/fr\/nos-expertises\/droit-des-entreprises-en-difficulte\/mandat-ad-hoc-conciliation\/","title":{"rendered":"Mandat ad hoc &amp; conciliation : agir vite pour prot\u00e9ger votre entreprise"},"content":{"rendered":"\t\t<div data-elementor-type=\"wp-page\" data-elementor-id=\"298\" class=\"elementor elementor-298\" data-elementor-post-type=\"page\">\n\t\t\t\t<div class=\"elementor-element elementor-element-9ba3063 intro-page e-flex e-con-boxed e-con e-parent\" data-id=\"9ba3063\" data-element_type=\"container\">\n\t\t\t\t\t<div class=\"e-con-inner\">\n\t\t\t\t<div class=\"elementor-element elementor-element-1e63361 elementor-widget elementor-widget-text-editor\" data-id=\"1e63361\" data-element_type=\"widget\" data-widget_type=\"text-editor.default\">\n\t\t\t\t\t\t\t\t\t<p><strong>Le mandat ad hoc et la conciliation<\/strong>\u00a0sont deux proc\u00e9dures amiables et\u00a0<strong>confidentielles<\/strong>\u00a0destin\u00e9es \u00e0 aider les entreprises qui rencontrent des difficult\u00e9s financi\u00e8res, avant qu\u2019elles ne deviennent irr\u00e9versibles. L\u2019objectif :\u00a0<strong>n\u00e9gocier avec vos cr\u00e9anciers<\/strong>\u00a0(banques, fournisseurs, bailleurs, organismes\u2026) et retrouver de la visibilit\u00e9, sans exposer votre situation.<\/p><p><strong>Le Cabinet Ya\u00ebl Sion &amp; ASSOCI\u00c9S<\/strong>\u00a0vous accompagne \u00e0 chaque \u00e9tape : analyse de la situation, choix de la proc\u00e9dure, pr\u00e9paration de la requ\u00eate, n\u00e9gociations et s\u00e9curisation des accords. Intervention \u00e0 Marseille et\u00a0<strong>\u00e0 distance<\/strong>\u00a0partout en France.<\/p>\t\t\t\t\t\t\t\t<\/div>\n\t\t\t\t\t<\/div>\n\t\t\t\t<\/div>\n\t\t<div class=\"elementor-element elementor-element-3073fb0 e-flex e-con-boxed e-con e-parent\" data-id=\"3073fb0\" data-element_type=\"container\">\n\t\t\t\t\t<div class=\"e-con-inner\">\n\t\t<div class=\"elementor-element elementor-element-73998c8 e-con-full image-frame e-flex e-con e-child\" data-id=\"73998c8\" data-element_type=\"container\">\n\t\t\t\t<div class=\"elementor-element elementor-element-59e6563 elementor-widget-mobile__width-inherit ratio-m-3-2 elementor-widget elementor-widget-image\" data-id=\"59e6563\" data-element_type=\"widget\" data-widget_type=\"image.default\">\n\t\t\t\t\t\t\t\t\t\t\t\t\t\t\t<img fetchpriority=\"high\" decoding=\"async\" width=\"500\" height=\"750\" src=\"https:\/\/sion.beestk.com\/wp-content\/uploads\/2026\/01\/consultation-faq.webp\" class=\"attachment-large size-large wp-image-847\" alt=\"\" srcset=\"https:\/\/sion.beestk.com\/wp-content\/uploads\/2026\/01\/consultation-faq.webp 500w, https:\/\/sion.beestk.com\/wp-content\/uploads\/2026\/01\/consultation-faq-200x300.webp 200w\" sizes=\"(max-width: 500px) 100vw, 500px\" \/>\t\t\t\t\t\t\t\t\t\t\t\t\t\t\t<\/div>\n\t\t\t\t<\/div>\n\t\t<div class=\"elementor-element elementor-element-d01737f e-con-full e-flex e-con e-child\" data-id=\"d01737f\" data-element_type=\"container\">\n\t\t\t\t<div class=\"elementor-element elementor-element-e501b8d title-line elementor-widget elementor-widget-heading\" data-id=\"e501b8d\" data-element_type=\"widget\" data-widget_type=\"heading.default\">\n\t\t\t\t\t<h2 class=\"elementor-heading-title elementor-size-default\">Pourquoi engager un mandat ad hoc ou une conciliation ?<\/h2>\t\t\t\t<\/div>\n\t\t\t\t<div class=\"elementor-element elementor-element-4ab060f elementor-widget elementor-widget-text-editor\" data-id=\"4ab060f\" data-element_type=\"widget\" data-widget_type=\"text-editor.default\">\n\t\t\t\t\t\t\t\t\t<p>Lorsque la tr\u00e9sorerie se tend, que les \u00e9ch\u00e9ances s\u2019accumulent ou que la relation bancaire se d\u00e9grade, il est souvent possible d\u2019agir\u00a0<strong>avant<\/strong>\u00a0de basculer dans une proc\u00e9dure collective (sauvegarde, redressement judiciaire, liquidation).<\/p><ul><li><strong>Gagner du temps<\/strong>\u00a0et de l\u2019oxyg\u00e8ne financier<\/li><li><strong>N\u00e9gocier<\/strong>\u00a0un r\u00e9\u00e9chelonnement des dettes ou des d\u00e9lais<\/li><li><strong>\u00c9viter l\u2019effet domino<\/strong>\u00a0(r\u00e9siliations, poursuites, perte de confiance)<\/li><li><strong>Pr\u00e9server la confidentialit\u00e9<\/strong>\u00a0vis-\u00e0-vis des tiers non concern\u00e9s<\/li><\/ul>\t\t\t\t\t\t\t\t<\/div>\n\t\t\t\t<\/div>\n\t\t\t\t\t<\/div>\n\t\t\t\t<\/div>\n\t\t<div class=\"elementor-element elementor-element-0202e7e e-flex e-con-boxed e-con e-parent\" data-id=\"0202e7e\" data-element_type=\"container\" data-settings=\"{&quot;background_background&quot;:&quot;classic&quot;}\">\n\t\t\t\t\t<div class=\"e-con-inner\">\n\t\t\t\t<div class=\"elementor-element elementor-element-0fd03be title-line line-center elementor-widget elementor-widget-heading\" data-id=\"0fd03be\" data-element_type=\"widget\" data-widget_type=\"heading.default\">\n\t\t\t\t\t<h2 class=\"elementor-heading-title elementor-size-default\">Mandat ad hoc ou conciliation :<br> comment choisir ?<\/h2>\t\t\t\t<\/div>\n\t\t\t\t<div class=\"elementor-element elementor-element-0c8d4e0 elementor-widget elementor-widget-text-editor\" data-id=\"0c8d4e0\" data-element_type=\"widget\" data-widget_type=\"text-editor.default\">\n\t\t\t\t\t\t\t\t\t<p>Ces deux outils sont des proc\u00e9dures amiables, mais leur usage d\u00e9pend notamment de votre niveau de difficult\u00e9 et de votre situation au regard de la\u00a0<strong>cessation des paiements<\/strong>.<\/p>\t\t\t\t\t\t\t\t<\/div>\n\t\t<div class=\"elementor-element elementor-element-30e94e6 e-con-full e-flex e-con e-child\" data-id=\"30e94e6\" data-element_type=\"container\">\n\t\t<div class=\"elementor-element elementor-element-ecef8fa e-con-full e-flex e-con e-child\" data-id=\"ecef8fa\" data-element_type=\"container\">\n\t\t\t\t<div class=\"elementor-element elementor-element-646db2f elementor-widget elementor-widget-heading\" data-id=\"646db2f\" data-element_type=\"widget\" data-widget_type=\"heading.default\">\n\t\t\t\t\t<h3 class=\"elementor-heading-title elementor-size-default\">Un point-cl\u00e9 : l\u2019\u00e9tat de cessation des paiements<\/h3>\t\t\t\t<\/div>\n\t\t\t\t<div class=\"elementor-element elementor-element-3b96415 elementor-widget elementor-widget-text-editor\" data-id=\"3b96415\" data-element_type=\"widget\" data-widget_type=\"text-editor.default\">\n\t\t\t\t\t\t\t\t\t<p>La question centrale est la suivante :\u00a0<strong>vos disponibilit\u00e9s imm\u00e9diates permettent-elles de faire face \u00e0 votre passif exigible ?<\/strong>\u00a0C\u2019est cette analyse qui oriente le choix de la proc\u00e9dure et le degr\u00e9 d\u2019urgence.<\/p>\t\t\t\t\t\t\t\t<\/div>\n\t\t\t\t<\/div>\n\t\t<div class=\"elementor-element elementor-element-9548899 e-con-full e-flex e-con e-child\" data-id=\"9548899\" data-element_type=\"container\">\n\t\t\t\t<div class=\"elementor-element elementor-element-11a484d elementor-widget elementor-widget-heading\" data-id=\"11a484d\" data-element_type=\"widget\" data-widget_type=\"heading.default\">\n\t\t\t\t\t<h3 class=\"elementor-heading-title elementor-size-default\">Le mandat ad hoc<\/h3>\t\t\t\t<\/div>\n\t\t\t\t<div class=\"elementor-element elementor-element-3540bd9 elementor-widget elementor-widget-text-editor\" data-id=\"3540bd9\" data-element_type=\"widget\" data-widget_type=\"text-editor.default\">\n\t\t\t\t\t\t\t\t\t<p>Le\u00a0<strong>mandat ad hoc<\/strong>\u00a0est adapt\u00e9 lorsque l\u2019entreprise n\u2019est pas en cessation des paiements, ou lorsque la situation reste ma\u00eetrisable. La d\u00e9marche est\u00a0<strong>totalement confidentielle<\/strong>, flexible, et vous restez pleinement aux commandes de l\u2019entreprise.<\/p>\t\t\t\t\t\t\t\t<\/div>\n\t\t\t\t<\/div>\n\t\t<div class=\"elementor-element elementor-element-ac83851 e-con-full e-flex e-con e-child\" data-id=\"ac83851\" data-element_type=\"container\">\n\t\t\t\t<div class=\"elementor-element elementor-element-31f5c93 elementor-widget elementor-widget-heading\" data-id=\"31f5c93\" data-element_type=\"widget\" data-widget_type=\"heading.default\">\n\t\t\t\t\t<h3 class=\"elementor-heading-title elementor-size-default\">La conciliation<\/h3>\t\t\t\t<\/div>\n\t\t\t\t<div class=\"elementor-element elementor-element-179a984 elementor-widget elementor-widget-text-editor\" data-id=\"179a984\" data-element_type=\"widget\" data-widget_type=\"text-editor.default\">\n\t\t\t\t\t\t\t\t\t<p>La\u00a0<strong>conciliation<\/strong>\u00a0s\u2019adresse aux entreprises qui rencontrent une difficult\u00e9 av\u00e9r\u00e9e, y compris lorsqu\u2019elles sont en cessation des paiements\u00a0<strong>depuis moins de 45 jours<\/strong>. Elle vise \u00e0 obtenir un accord avec les cr\u00e9anciers, pouvant \u00eatre\u00a0<strong>constat\u00e9<\/strong>\u00a0ou\u00a0<strong>homologu\u00e9<\/strong>\u00a0par le tribunal selon la strat\u00e9gie retenue.<\/p>\t\t\t\t\t\t\t\t<\/div>\n\t\t\t\t<\/div>\n\t\t\t\t<\/div>\n\t\t\t\t\t<\/div>\n\t\t\t\t<\/div>\n\t\t<div class=\"elementor-element elementor-element-c6c3b07 e-flex e-con-boxed e-con e-parent\" data-id=\"c6c3b07\" data-element_type=\"container\" data-settings=\"{&quot;background_background&quot;:&quot;classic&quot;}\">\n\t\t\t\t\t<div class=\"e-con-inner\">\n\t\t<div class=\"elementor-element elementor-element-199335b e-con-full e-flex e-con e-child\" data-id=\"199335b\" data-element_type=\"container\">\n\t\t\t\t<div class=\"elementor-element elementor-element-0d169ba title-line elementor-widget elementor-widget-heading\" data-id=\"0d169ba\" data-element_type=\"widget\" data-widget_type=\"heading.default\">\n\t\t\t\t\t<h2 class=\"elementor-heading-title elementor-size-default\">Ce que permettent ces proc\u00e9dures (concr\u00e8tement)<\/h2>\t\t\t\t<\/div>\n\t\t\t\t<div class=\"elementor-element elementor-element-18f8001 elementor-widget elementor-widget-text-editor\" data-id=\"18f8001\" data-element_type=\"widget\" data-widget_type=\"text-editor.default\">\n\t\t\t\t\t\t\t\t\t<p>En pratique, mandat ad hoc et conciliation servent \u00e0 structurer une n\u00e9gociation, s\u00e9curiser des engagements et \u00e9viter l\u2019aggravation de la situation. Selon les cas, il est possible de viser :<\/p><ul><li>un\u00a0<strong>r\u00e9\u00e9chelonnement<\/strong>\u00a0des dettes bancaires et fournisseurs,<\/li><li>des\u00a0<strong>d\u00e9lais de paiement<\/strong>, moratoires, suspension d\u2019\u00e9ch\u00e9ances,<\/li><li>un accord transactionnel formalis\u00e9,<\/li><li>une organisation plus saine de la tr\u00e9sorerie et des priorit\u00e9s,<\/li><li>la pr\u00e9paration d\u2019une solution de continuit\u00e9 (restructuration, cession, etc.).<\/li><\/ul><p><em>La confidentialit\u00e9 est un atout majeur : seuls les cr\u00e9anciers et partenaires impliqu\u00e9s dans les discussions sont inform\u00e9s.<\/em><\/p>\t\t\t\t\t\t\t\t<\/div>\n\t\t\t\t<\/div>\n\t\t<div class=\"elementor-element elementor-element-d2da978 e-con-full image-frame left-frame elementor-hidden-tablet elementor-hidden-mobile e-flex e-con e-child\" data-id=\"d2da978\" data-element_type=\"container\">\n\t\t\t\t<div class=\"elementor-element elementor-element-c58bee1 elementor-widget-mobile__width-inherit elementor-widget elementor-widget-image\" data-id=\"c58bee1\" data-element_type=\"widget\" data-widget_type=\"image.default\">\n\t\t\t\t\t\t\t\t\t\t\t\t\t\t\t<img decoding=\"async\" width=\"800\" height=\"532\" src=\"https:\/\/sion.beestk.com\/wp-content\/uploads\/2026\/01\/cabinet-1.webp\" class=\"attachment-large size-large wp-image-795\" alt=\"\" srcset=\"https:\/\/sion.beestk.com\/wp-content\/uploads\/2026\/01\/cabinet-1.webp 800w, https:\/\/sion.beestk.com\/wp-content\/uploads\/2026\/01\/cabinet-1-300x200.webp 300w, https:\/\/sion.beestk.com\/wp-content\/uploads\/2026\/01\/cabinet-1-768x511.webp 768w\" sizes=\"(max-width: 800px) 100vw, 800px\" \/>\t\t\t\t\t\t\t\t\t\t\t\t\t\t\t<\/div>\n\t\t\t\t<\/div>\n\t\t\t\t\t<\/div>\n\t\t\t\t<\/div>\n\t\t<div class=\"elementor-element elementor-element-75f7707 e-flex e-con-boxed e-con e-parent\" data-id=\"75f7707\" data-element_type=\"container\" data-settings=\"{&quot;background_background&quot;:&quot;classic&quot;}\">\n\t\t\t\t\t<div class=\"e-con-inner\">\n\t\t\t\t<div class=\"elementor-element elementor-element-bf5ca93 title-line line-center elementor-widget elementor-widget-heading\" data-id=\"bf5ca93\" data-element_type=\"widget\" data-widget_type=\"heading.default\">\n\t\t\t\t\t<h2 class=\"elementor-heading-title elementor-size-default\">Comment se d\u00e9roule la proc\u00e9dure<\/h2>\t\t\t\t<\/div>\n\t\t\t\t<div class=\"elementor-element elementor-element-e3984d6 elementor-widget elementor-widget-text-editor\" data-id=\"e3984d6\" data-element_type=\"widget\" data-widget_type=\"text-editor.default\">\n\t\t\t\t\t\t\t\t\t<p>La proc\u00e9dure de mandat ad hoc ou de conciliation repose sur une approche progressive et structur\u00e9e, permettant d\u2019identifier rapidement les leviers d\u2019action, d\u2019organiser les \u00e9changes avec les cr\u00e9anciers et de s\u00e9curiser un accord adapt\u00e9 \u00e0 la situation de l\u2019entreprise.<\/p>\t\t\t\t\t\t\t\t<\/div>\n\t\t<div class=\"elementor-element elementor-element-dcd04c2 e-con-full icons-container e-flex e-con e-child\" data-id=\"dcd04c2\" data-element_type=\"container\">\n\t\t<div class=\"elementor-element elementor-element-f788d72 e-con-full e-flex e-con e-child\" data-id=\"f788d72\" data-element_type=\"container\">\n\t\t<div class=\"elementor-element elementor-element-50aec2f e-con-full e-flex e-con e-child\" data-id=\"50aec2f\" data-element_type=\"container\" data-settings=\"{&quot;background_background&quot;:&quot;classic&quot;}\">\n\t\t\t\t<div class=\"elementor-element elementor-element-6e4e079 elementor-view-default elementor-position-block-start elementor-mobile-position-block-start elementor-widget elementor-widget-icon-box\" data-id=\"6e4e079\" data-element_type=\"widget\" data-widget_type=\"icon-box.default\">\n\t\t\t\t\t\t\t<div class=\"elementor-icon-box-wrapper\">\n\n\t\t\t\t\t\t<div class=\"elementor-icon-box-icon\">\n\t\t\t\t<span  class=\"elementor-icon\">\n\t\t\t\t<svg xmlns=\"http:\/\/www.w3.org\/2000\/svg\" id=\"Calque_2\" data-name=\"Calque 2\" viewBox=\"0 0 200 200\"><g id=\"Calque_1-2\" data-name=\"Calque 1\"><circle cx=\"100\" cy=\"100\" r=\"100\" fill=\"#d1be95\"><\/circle><path d=\"M109.5924,142.8572c.5665,1.5876,1.5975,2.6757,3.0944,3.2658,1.4969.5888,3.9229.9515,7.2794,1.0882v2.7888c-3.8559-.272-9.7962-.4087-17.8234-.4087-8.4806,0-15.17.1366-20.0681.4087v-2.7888c4.1267-.1366,7.1428-.4994,9.0471-1.0882,1.9056-.5901,3.2198-1.6782,3.9465-3.2658.7242-1.5876,1.0882-4.1267,1.0882-7.6185v-62.9942c0-3.2186-.4658-5.5888-1.395-7.108s-2.4944-2.5279-4.6931-3.0273c-2.2012-.4994-5.5453-.7491-10.0347-.7491v-2.9242c11.4284-1.6782,20.9973-4.4906,28.7077-8.4359v85.2387c0,3.4919.2832,6.031.8509,7.6185Z\" fill=\"#fff\"><\/path><\/g><\/svg>\t\t\t\t<\/span>\n\t\t\t<\/div>\n\t\t\t\n\t\t\t\t\t\t<div class=\"elementor-icon-box-content\">\n\n\t\t\t\t\t\t\t\t\t<h3 class=\"elementor-icon-box-title\">\n\t\t\t\t\t\t<span  >\n\t\t\t\t\t\t\tAnalyse de votre situation\t\t\t\t\t\t<\/span>\n\t\t\t\t\t<\/h3>\n\t\t\t\t\n\t\t\t\t\t\t\t\t\t<p class=\"elementor-icon-box-description\">\n\t\t\t\t\t\tNous r\u00e9alisons un cadrage juridique et financier : niveau d\u2019endettement, nature des cr\u00e9ances, urgences, risques pour le dirigeant, marges de man\u0153uvre et objectifs (continuit\u00e9, restructuration, cession\u2026).\t\t\t\t\t<\/p>\n\t\t\t\t\n\t\t\t<\/div>\n\t\t\t\n\t\t<\/div>\n\t\t\t\t\t\t<\/div>\n\t\t\t\t<\/div>\n\t\t\t\t<\/div>\n\t\t<div class=\"elementor-element elementor-element-4cba54e e-con-full e-flex e-con e-child\" data-id=\"4cba54e\" data-element_type=\"container\">\n\t\t<div class=\"elementor-element elementor-element-1e6f007 e-con-full e-flex e-con e-child\" data-id=\"1e6f007\" data-element_type=\"container\" data-settings=\"{&quot;background_background&quot;:&quot;classic&quot;}\">\n\t\t\t\t<div class=\"elementor-element elementor-element-ffd4ed5 elementor-view-default elementor-position-block-start elementor-mobile-position-block-start elementor-widget elementor-widget-icon-box\" data-id=\"ffd4ed5\" data-element_type=\"widget\" data-widget_type=\"icon-box.default\">\n\t\t\t\t\t\t\t<div class=\"elementor-icon-box-wrapper\">\n\n\t\t\t\t\t\t<div class=\"elementor-icon-box-icon\">\n\t\t\t\t<span  class=\"elementor-icon\">\n\t\t\t\t<svg xmlns=\"http:\/\/www.w3.org\/2000\/svg\" id=\"Calque_2\" data-name=\"Calque 2\" viewBox=\"0 0 200 200\"><g id=\"Calque_1-2\" data-name=\"Calque 1\"><circle cx=\"100\" cy=\"100\" r=\"100\" fill=\"#d1be95\"><\/circle><path d=\"M90.8388,124.7129c5.4992-7.2116,10.4119-15.2913,14.7394-24.2401,4.3275-8.9463,6.4906-17.589,6.4906-25.9291,0-4.688-.7099-8.6426-2.1298-11.8663-1.4199-3.2225-3.3916-5.6338-5.9153-7.2351-2.5261-1.5989-5.4325-2.4002-8.7229-2.4002-3.4262,0-6.6375.8346-9.6353,2.5027s-5.0362,3.9892-6.119,6.9635c2.3434.3618,4.2608,1.1495,5.7473,2.3668,1.4878,1.2174,2.231,2.8632,2.231,4.9362,0,2.1187-.721,3.8534-2.1631,5.2053-1.4433,1.3532-3.2459,2.0285-5.409,2.0285-2.2989,0-4.1028-.7544-5.409-2.2644-1.3075-1.51-1.9606-3.3015-1.9606-5.3757,0-3.3348,1.6223-6.8511,4.8683-10.5477,2.7484-3.0644,6.0511-5.3078,9.9057-6.7277,3.8534-1.4199,7.9438-2.1298,12.2713-2.1298,4.9127,0,9.3303.868,13.2516,2.6027,3.9225,1.7359,7.0092,4.283,9.2636,7.6413,2.2533,3.3583,3.3805,7.3808,3.3805,12.0688,0,5.9498-1.8149,11.8774-5.4424,17.7816-3.6299,5.9054-9.6353,14.0084-18.0199,24.3067-8.3833,10.3008-14.785,18.6063-19.2014,24.9167h31.0344c3.0644,0,5.3967-.947,6.998-2.841,1.5989-1.8927,2.6706-5.2275,3.2113-10.0057h3.178c-.2704,2.073-.4062,4.7102-.4062,7.9105,0,4.8683.3148,10.0736.947,15.6184h-29.7504c-4.1917,0-7.787-.0222-10.7835-.0679-2.999-.0444-5.6239-.0679-7.8771-.0679-1.5779,0-3.9892.0457-7.2351.1358v-2.7718c6.9413-7.7981,13.1615-15.3036,18.6619-22.5152Z\" fill=\"#fff\"><\/path><\/g><\/svg>\t\t\t\t<\/span>\n\t\t\t<\/div>\n\t\t\t\n\t\t\t\t\t\t<div class=\"elementor-icon-box-content\">\n\n\t\t\t\t\t\t\t\t\t<h3 class=\"elementor-icon-box-title\">\n\t\t\t\t\t\t<span  >\n\t\t\t\t\t\t\tChoix de la strat\u00e9gie et pr\u00e9paration de la requ\u00eate \t\t\t\t\t\t<\/span>\n\t\t\t\t\t<\/h3>\n\t\t\t\t\n\t\t\t\t\t\t\t\t\t<p class=\"elementor-icon-box-description\">\n\t\t\t\t\t\tNous identifions la proc\u00e9dure la plus pertinente (mandat ad hoc ou conciliation), puis pr\u00e9parons la <strong>requ\u00eate<\/strong> \u00e0 d\u00e9poser aupr\u00e8s du <strong>tribunal comp\u00e9tent<\/strong>, en veillant au formalisme et aux pi\u00e8ces indispensables.\t\t\t\t\t<\/p>\n\t\t\t\t\n\t\t\t<\/div>\n\t\t\t\n\t\t<\/div>\n\t\t\t\t\t\t<\/div>\n\t\t\t\t<\/div>\n\t\t\t\t<\/div>\n\t\t<div class=\"elementor-element elementor-element-932fe2e e-con-full e-flex e-con e-child\" data-id=\"932fe2e\" data-element_type=\"container\">\n\t\t<div class=\"elementor-element elementor-element-b94cd3a e-con-full e-flex e-con e-child\" data-id=\"b94cd3a\" data-element_type=\"container\" data-settings=\"{&quot;background_background&quot;:&quot;classic&quot;}\">\n\t\t\t\t<div class=\"elementor-element elementor-element-bc4aff2 elementor-view-default elementor-position-block-start elementor-mobile-position-block-start elementor-widget elementor-widget-icon-box\" data-id=\"bc4aff2\" data-element_type=\"widget\" data-widget_type=\"icon-box.default\">\n\t\t\t\t\t\t\t<div class=\"elementor-icon-box-wrapper\">\n\n\t\t\t\t\t\t<div class=\"elementor-icon-box-icon\">\n\t\t\t\t<span  class=\"elementor-icon\">\n\t\t\t\t<svg xmlns=\"http:\/\/www.w3.org\/2000\/svg\" id=\"Calque_2\" data-name=\"Calque 2\" viewBox=\"0 0 200 200\"><g id=\"Calque_1-2\" data-name=\"Calque 1\"><circle cx=\"100\" cy=\"100\" r=\"100\" fill=\"#d1be95\"><\/circle><path d=\"M113.2299,52.4872c3.6243,1.6577,6.4421,4.0348,8.4546,7.1287,2.0113,3.0951,3.0176,6.6976,3.0176,10.8087,0,4.2891-1.2279,8.2342-3.6812,11.8367-2.4533,3.6037-5.5932,6.631-9.4161,9.0855-3.8241,2.4533-7.8153,4.2552-11.9699,5.4043,5.3934.2216,10.3788,1.3042,14.9536,3.2489,4.5761,1.9459,8.2669,4.7746,11.0751,8.4885,2.8069,3.7127,4.2104,8.2221,4.2104,13.5272,0,5.7034-1.5693,10.6767-4.708,14.9209-3.1399,4.2443-7.3939,7.4823-12.7655,9.7152-5.3716,2.2317-11.3511,3.3482-17.9373,3.3482-7.1626,0-13.153-1.5911-17.9712-4.7746-4.2443-2.9171-6.3658-6.1672-6.3658-9.7479,0-2.1215.6842-3.8568,2.0561-5.2057,1.3695-1.3478,3.1375-2.0222,5.305-2.0222,2.0319,0,3.7563.6636,5.1718,1.9895,1.4144,1.326,2.1215,3.1169,2.1215,5.3716,0,1.8563-.5195,3.3821-1.5585,4.5748-1.039,1.194-2.4194,1.9677-4.1438,2.3213.8392,1.3708,2.7403,2.5756,5.7022,3.6146s6.1454,1.5572,9.5493,1.5572c4.863,0,8.9959-1.0935,12.401-3.2816,3.4039-2.1881,5.9674-5.1609,7.6917-8.9196,1.7243-3.7575,2.5865-7.9787,2.5865-12.6662,0-4.9066-.8513-9.1606-2.5526-12.7643-1.7026-3.6037-4.1232-6.4215-7.2619-8.4558-3.1387-2.0319-6.8078-3.2489-11.0072-3.6473-.5752.2228-1.2836.5098-2.1227.8622-.8404.3548-1.5027.597-1.9895.7302-.4868.132-.9724.1986-1.4579.1986-.8852,0-1.5815-.2095-2.09-.6297s-.7617-.9385-.7617-1.5585c0-.574.287-1.0826.8622-1.5258.574-.4408,1.326-.6624,2.2547-.6624.6624,0,1.5463.1223,2.6519.3645,1.1044.2434,1.8999.4093,2.3879.4977,5.305-1.1056,9.2393-3.7357,11.8028-7.8916,2.5635-4.1547,3.8471-9.1727,3.8471-15.0529,0-6.3658-1.3054-11.3172-3.9125-14.8543-2.6095-3.5359-6.4324-5.305-11.4722-5.305-3.4935,0-6.809.7956-9.9477,2.3867-3.1387,1.5924-5.3498,3.8471-6.631,6.7642,2.2983.3548,4.1886,1.1274,5.6695,2.3213s2.222,2.8081,2.222,4.8412c0,2.0779-.7084,3.7793-2.1227,5.1052-1.4156,1.3272-3.1823,1.9895-5.305,1.9895-2.2547,0-4.0227-.729-5.305-2.1881s-1.9229-3.1835-1.9229-5.173c0-1.5463.4202-3.2586,1.2606-5.1391.8392-1.8781,2.0101-3.657,3.5141-5.3377,2.6083-2.8735,5.9686-5.0398,10.0797-6.499,4.1111-1.4592,8.4437-2.1881,12.9968-2.1881,4.7311,0,8.9087.8295,12.5342,2.4872Z\" fill=\"#fff\"><\/path><\/g><\/svg>\t\t\t\t<\/span>\n\t\t\t<\/div>\n\t\t\t\n\t\t\t\t\t\t<div class=\"elementor-icon-box-content\">\n\n\t\t\t\t\t\t\t\t\t<h3 class=\"elementor-icon-box-title\">\n\t\t\t\t\t\t<span  >\n\t\t\t\t\t\t\tN\u00e9gociation avec les cr\u00e9anciers\t\t\t\t\t\t<\/span>\n\t\t\t\t\t<\/h3>\n\t\t\t\t\n\t\t\t\t\t\t\t\t\t<p class=\"elementor-icon-box-description\">\n\t\t\t\t\t\tUne fois le mandataire ou le conciliateur d\u00e9sign\u00e9, nous vous assistons lors des \u00e9changes et r\u00e9unions, pour construire un accord r\u00e9aliste et protecteur (d\u00e9lais, garanties, conditions, calendrier, engagements r\u00e9ciproques).\t\t\t\t\t<\/p>\n\t\t\t\t\n\t\t\t<\/div>\n\t\t\t\n\t\t<\/div>\n\t\t\t\t\t\t<\/div>\n\t\t\t\t<\/div>\n\t\t\t\t<\/div>\n\t\t<div class=\"elementor-element elementor-element-1d058a3 e-con-full e-flex e-con e-child\" data-id=\"1d058a3\" data-element_type=\"container\">\n\t\t<div class=\"elementor-element elementor-element-ff9104b e-con-full e-flex e-con e-child\" data-id=\"ff9104b\" data-element_type=\"container\" data-settings=\"{&quot;background_background&quot;:&quot;classic&quot;}\">\n\t\t\t\t<div class=\"elementor-element elementor-element-dc4b647 elementor-view-default elementor-position-block-start elementor-mobile-position-block-start elementor-widget elementor-widget-icon-box\" data-id=\"dc4b647\" data-element_type=\"widget\" data-widget_type=\"icon-box.default\">\n\t\t\t\t\t\t\t<div class=\"elementor-icon-box-wrapper\">\n\n\t\t\t\t\t\t<div class=\"elementor-icon-box-icon\">\n\t\t\t\t<span  class=\"elementor-icon\">\n\t\t\t\t<svg xmlns=\"http:\/\/www.w3.org\/2000\/svg\" id=\"Calque_2\" data-name=\"Calque 2\" viewBox=\"0 0 200 200\"><g id=\"Calque_1-2\" data-name=\"Calque 1\"><circle cx=\"100\" cy=\"100\" r=\"100\" fill=\"#d1be95\"><\/circle><path d=\"M116.5319,135.3285c0,3.4706.2803,5.9943.8445,7.5722.563,1.5779,1.6001,2.6595,3.1101,3.2459,1.51.5852,3.9324.9458,7.2691,1.0816v2.7718c-3.8775-.2704-9.7816-.4062-17.7156-.4062-8.4291,0-15.0778.1358-19.946.4062v-2.7718c4.1016-.1358,7.0993-.4963,8.9933-1.0816,1.8927-.5865,3.2003-1.668,3.9213-3.2459s1.0816-4.1016,1.0816-7.5722v-10.954h-38.066v-2.7718l48.3434-71.6027h2.1644v65.1108h17.444v9.2637h-17.444v10.954ZM104.0901,69.3374l-30.6284,45.7734h30.6284v-45.7734Z\" fill=\"#fff\"><\/path><\/g><\/svg>\t\t\t\t<\/span>\n\t\t\t<\/div>\n\t\t\t\n\t\t\t\t\t\t<div class=\"elementor-icon-box-content\">\n\n\t\t\t\t\t\t\t\t\t<h3 class=\"elementor-icon-box-title\">\n\t\t\t\t\t\t<span  >\n\t\t\t\t\t\t\tFormalisation et s\u00e9curisation de l\u2019accord\t\t\t\t\t\t<\/span>\n\t\t\t\t\t<\/h3>\n\t\t\t\t\n\t\t\t\t\t\t\t\t\t<p class=\"elementor-icon-box-description\">\n\t\t\t\t\t\tNous s\u00e9curisons les engagements pris et la r\u00e9daction des accords (transaction, protocole), avec une attention particuli\u00e8re port\u00e9e \u00e0 la protection du dirigeant et \u00e0 la coh\u00e9rence globale du plan.\t\t\t\t\t<\/p>\n\t\t\t\t\n\t\t\t<\/div>\n\t\t\t\n\t\t<\/div>\n\t\t\t\t\t\t<\/div>\n\t\t\t\t<\/div>\n\t\t\t\t<\/div>\n\t\t\t\t<\/div>\n\t\t\t\t\t<\/div>\n\t\t\t\t<\/div>\n\t\t<div class=\"elementor-element elementor-element-378e7fe e-con-full e-flex e-con e-parent\" data-id=\"378e7fe\" data-element_type=\"container\" data-settings=\"{&quot;background_background&quot;:&quot;classic&quot;}\">\n\t\t<div class=\"elementor-element elementor-element-ae8e94f e-con-full e-flex e-con e-child\" data-id=\"ae8e94f\" data-element_type=\"container\">\n\t\t\t\t<div class=\"elementor-element elementor-element-67ca99f title-line elementor-widget__width-initial elementor-widget-tablet__width-inherit elementor-widget elementor-widget-heading\" data-id=\"67ca99f\" data-element_type=\"widget\" data-widget_type=\"heading.default\">\n\t\t\t\t\t<h2 class=\"elementor-heading-title elementor-size-default\">L\u2019accompagnement du Cabinet Ya\u00ebl Sion &amp; ASSOCI\u00c9S<\/h2>\t\t\t\t<\/div>\n\t\t\t\t<div class=\"elementor-element elementor-element-7740857 elementor-widget__width-initial elementor-widget-tablet__width-inherit elementor-widget elementor-widget-text-editor\" data-id=\"7740857\" data-element_type=\"widget\" data-widget_type=\"text-editor.default\">\n\t\t\t\t\t\t\t\t\t<p><strong>Notre approche<\/strong>\u00a0: intervenir t\u00f4t, cadrer vite, n\u00e9gocier avec m\u00e9thode, et s\u00e9curiser juridiquement chaque \u00e9tape.<\/p><ul><li><strong>Audit et diagnostic<\/strong>\u00a0(risques, urgences, options)<\/li><li><strong>Choix de la proc\u00e9dure<\/strong>\u00a0la plus adapt\u00e9e<\/li><li><strong>R\u00e9daction de la requ\u00eate<\/strong>\u00a0et constitution du dossier<\/li><li><strong>Assistance aux \u00e9changes<\/strong>\u00a0avec le mandataire\/conciliateur et les cr\u00e9anciers<\/li><li><strong>N\u00e9gociation et r\u00e9daction<\/strong>\u00a0des accords transactionnels<\/li><li><strong>Suivi<\/strong>\u00a0de l\u2019ex\u00e9cution de l\u2019accord et s\u00e9curisation de la suite<\/li><\/ul>\t\t\t\t\t\t\t\t<\/div>\n\t\t\t\t<\/div>\n\t\t<div class=\"elementor-element elementor-element-40ab20a e-con-full elementor-hidden-tablet elementor-hidden-mobile e-flex e-con e-child\" data-id=\"40ab20a\" data-element_type=\"container\">\n\t\t\t\t<div class=\"elementor-element elementor-element-4a64ccf elementor-widget-mobile__width-inherit elementor-widget elementor-widget-image\" data-id=\"4a64ccf\" data-element_type=\"widget\" data-widget_type=\"image.default\">\n\t\t\t\t\t\t\t\t\t\t\t\t\t\t\t<img decoding=\"async\" width=\"800\" height=\"505\" src=\"https:\/\/sion.beestk.com\/wp-content\/uploads\/2026\/01\/cabinet-carte-1024x647.webp\" class=\"attachment-large size-large wp-image-796\" alt=\"\" srcset=\"https:\/\/sion.beestk.com\/wp-content\/uploads\/2026\/01\/cabinet-carte-1024x647.webp 1024w, https:\/\/sion.beestk.com\/wp-content\/uploads\/2026\/01\/cabinet-carte-300x190.webp 300w, https:\/\/sion.beestk.com\/wp-content\/uploads\/2026\/01\/cabinet-carte-768x485.webp 768w, https:\/\/sion.beestk.com\/wp-content\/uploads\/2026\/01\/cabinet-carte.webp 1200w\" sizes=\"(max-width: 800px) 100vw, 800px\" \/>\t\t\t\t\t\t\t\t\t\t\t\t\t\t\t<\/div>\n\t\t\t\t<\/div>\n\t\t\t\t<\/div>\n\t\t<div class=\"elementor-element elementor-element-51d8cde e-con-full e-flex e-con e-child\" data-id=\"51d8cde\" data-element_type=\"container\" data-settings=\"{&quot;background_background&quot;:&quot;classic&quot;}\">\n\t\t\t\t<div class=\"elementor-element elementor-element-044b6d9 elementor-widget elementor-widget-heading\" data-id=\"044b6d9\" data-element_type=\"widget\" data-widget_type=\"heading.default\">\n\t\t\t\t\t<h2 class=\"elementor-heading-title elementor-size-default\">Prendre contact<\/h2>\t\t\t\t<\/div>\n\t\t\t\t<div class=\"elementor-element elementor-element-90e0258 elementor-widget__width-initial elementor-widget-mobile__width-inherit elementor-widget elementor-widget-text-editor\" data-id=\"90e0258\" data-element_type=\"widget\" data-widget_type=\"text-editor.default\">\n\t\t\t\t\t\t\t\t\t<p><strong>Vous souhaitez agir rapidement ?<\/strong>\u00a0<\/p><p>Prenons un temps de cadrage pour \u00e9valuer votre situation et d\u00e9terminer la meilleure strat\u00e9gie.<\/p>\t\t\t\t\t\t\t\t<\/div>\n\t\t<div class=\"elementor-element elementor-element-45ddf3a e-con-full e-flex e-con e-child\" data-id=\"45ddf3a\" data-element_type=\"container\">\n\t\t\t\t<div class=\"elementor-element elementor-element-364bf5c elementor-align-left elementor-widget elementor-widget-button\" data-id=\"364bf5c\" data-element_type=\"widget\" data-widget_type=\"button.default\">\n\t\t\t\t\t\t\t\t\t\t<a class=\"elementor-button elementor-button-link elementor-size-sm\" href=\"tel:+33465848884\">\n\t\t\t\t\t\t<span class=\"elementor-button-content-wrapper\">\n\t\t\t\t\t\t<span class=\"elementor-button-icon\">\n\t\t\t\t<svg aria-hidden=\"true\" class=\"e-font-icon-svg e-fas-phone-alt\" viewBox=\"0 0 512 512\" xmlns=\"http:\/\/www.w3.org\/2000\/svg\"><path d=\"M497.39 361.8l-112-48a24 24 0 0 0-28 6.9l-49.6 60.6A370.66 370.66 0 0 1 130.6 204.11l60.6-49.6a23.94 23.94 0 0 0 6.9-28l-48-112A24.16 24.16 0 0 0 122.6.61l-104 24A24 24 0 0 0 0 48c0 256.5 207.9 464 464 464a24 24 0 0 0 23.4-18.6l24-104a24.29 24.29 0 0 0-14.01-27.6z\"><\/path><\/svg>\t\t\t<\/span>\n\t\t\t\t\t\t\t\t\t<span class=\"elementor-button-text\">Nous appeler<\/span>\n\t\t\t\t\t<\/span>\n\t\t\t\t\t<\/a>\n\t\t\t\t\t\t\t\t<\/div>\n\t\t\t\t<div class=\"elementor-element elementor-element-fd76111 elementor-align-left elementor-widget elementor-widget-button\" data-id=\"fd76111\" data-element_type=\"widget\" data-widget_type=\"button.default\">\n\t\t\t\t\t\t\t\t\t\t<a class=\"elementor-button elementor-button-link elementor-size-sm\" href=\"https:\/\/sion.beestk.com\/fr\/contact\/\">\n\t\t\t\t\t\t<span class=\"elementor-button-content-wrapper\">\n\t\t\t\t\t\t<span class=\"elementor-button-icon\">\n\t\t\t\t<svg aria-hidden=\"true\" class=\"e-font-icon-svg e-far-envelope\" viewBox=\"0 0 512 512\" xmlns=\"http:\/\/www.w3.org\/2000\/svg\"><path d=\"M464 64H48C21.49 64 0 85.49 0 112v288c0 26.51 21.49 48 48 48h416c26.51 0 48-21.49 48-48V112c0-26.51-21.49-48-48-48zm0 48v40.805c-22.422 18.259-58.168 46.651-134.587 106.49-16.841 13.247-50.201 45.072-73.413 44.701-23.208.375-56.579-31.459-73.413-44.701C106.18 199.465 70.425 171.067 48 152.805V112h416zM48 400V214.398c22.914 18.251 55.409 43.862 104.938 82.646 21.857 17.205 60.134 55.186 103.062 54.955 42.717.231 80.509-37.199 103.053-54.947 49.528-38.783 82.032-64.401 104.947-82.653V400H48z\"><\/path><\/svg>\t\t\t<\/span>\n\t\t\t\t\t\t\t\t\t<span class=\"elementor-button-text\">Nous \u00e9crire<\/span>\n\t\t\t\t\t<\/span>\n\t\t\t\t\t<\/a>\n\t\t\t\t\t\t\t\t<\/div>\n\t\t\t\t<\/div>\n\t\t\t\t<\/div>\n\t\t<div class=\"elementor-element elementor-element-6a845bd e-flex e-con-boxed e-con e-parent\" data-id=\"6a845bd\" data-element_type=\"container\">\n\t\t\t\t\t<div class=\"e-con-inner\">\n\t\t<div class=\"elementor-element elementor-element-489049e e-con-full e-flex e-con e-child\" data-id=\"489049e\" data-element_type=\"container\">\n\t\t\t\t<div class=\"elementor-element elementor-element-22a3000 title-line elementor-widget elementor-widget-heading\" data-id=\"22a3000\" data-element_type=\"widget\" data-widget_type=\"heading.default\">\n\t\t\t\t\t<h2 class=\"elementor-heading-title elementor-size-default\">FAQ \u2013 Mandat ad hoc &amp; conciliation<\/h2>\t\t\t\t<\/div>\n\t\t\t\t<div class=\"elementor-element elementor-element-4a5e6a4 elementor-widget elementor-widget-n-accordion\" data-id=\"4a5e6a4\" data-element_type=\"widget\" data-settings=\"{&quot;default_state&quot;:&quot;expanded&quot;,&quot;max_items_expended&quot;:&quot;one&quot;,&quot;n_accordion_animation_duration&quot;:{&quot;unit&quot;:&quot;ms&quot;,&quot;size&quot;:400,&quot;sizes&quot;:[]}}\" data-widget_type=\"nested-accordion.default\">\n\t\t\t\t\t\t\t<div class=\"e-n-accordion\" aria-label=\"Accordion. Open links with Enter or Space, close with Escape, and navigate with Arrow Keys\">\n\t\t\t\t\t\t<details id=\"e-n-accordion-item-7790\" class=\"e-n-accordion-item\" open>\n\t\t\t\t<summary class=\"e-n-accordion-item-title\" data-accordion-index=\"1\" tabindex=\"0\" aria-expanded=\"true\" aria-controls=\"e-n-accordion-item-7790\" >\n\t\t\t\t\t<span class='e-n-accordion-item-title-header'><h3 class=\"e-n-accordion-item-title-text\"> Ces proc\u00e9dures sont-elles confidentielles ? <\/h3><\/span>\n\t\t\t\t\t\t\t<span class='e-n-accordion-item-title-icon'>\n\t\t\t<span class='e-opened' ><svg aria-hidden=\"true\" class=\"e-font-icon-svg e-fas-minus\" viewBox=\"0 0 448 512\" xmlns=\"http:\/\/www.w3.org\/2000\/svg\"><path d=\"M416 208H32c-17.67 0-32 14.33-32 32v32c0 17.67 14.33 32 32 32h384c17.67 0 32-14.33 32-32v-32c0-17.67-14.33-32-32-32z\"><\/path><\/svg><\/span>\n\t\t\t<span class='e-closed'><svg aria-hidden=\"true\" class=\"e-font-icon-svg e-fas-plus\" viewBox=\"0 0 448 512\" xmlns=\"http:\/\/www.w3.org\/2000\/svg\"><path d=\"M416 208H272V64c0-17.67-14.33-32-32-32h-32c-17.67 0-32 14.33-32 32v144H32c-17.67 0-32 14.33-32 32v32c0 17.67 14.33 32 32 32h144v144c0 17.67 14.33 32 32 32h32c17.67 0 32-14.33 32-32V304h144c17.67 0 32-14.33 32-32v-32c0-17.67-14.33-32-32-32z\"><\/path><\/svg><\/span>\n\t\t<\/span>\n\n\t\t\t\t\t\t<\/summary>\n\t\t\t\t<div role=\"region\" aria-labelledby=\"e-n-accordion-item-7790\" class=\"elementor-element elementor-element-a24b4d9 e-con-full e-flex e-con e-child\" data-id=\"a24b4d9\" data-element_type=\"container\">\n\t\t\t\t<div class=\"elementor-element elementor-element-bad282a elementor-widget elementor-widget-text-editor\" data-id=\"bad282a\" data-element_type=\"widget\" data-widget_type=\"text-editor.default\">\n\t\t\t\t\t\t\t\t\t<p>Oui. Le mandat ad hoc et la conciliation sont des proc\u00e9dures\u00a0<strong>confidentielles<\/strong>. Les tiers non concern\u00e9s par la n\u00e9gociation n\u2019ont pas vocation \u00e0 \u00eatre inform\u00e9s.<\/p>\t\t\t\t\t\t\t\t<\/div>\n\t\t\t\t<\/div>\n\t\t\t\t\t<\/details>\n\t\t\t\t\t\t<details id=\"e-n-accordion-item-7791\" class=\"e-n-accordion-item\" >\n\t\t\t\t<summary class=\"e-n-accordion-item-title\" data-accordion-index=\"2\" tabindex=\"-1\" aria-expanded=\"false\" aria-controls=\"e-n-accordion-item-7791\" >\n\t\t\t\t\t<span class='e-n-accordion-item-title-header'><h3 class=\"e-n-accordion-item-title-text\"> Doit-on \u00eatre en cessation des paiements pour demander un mandat ad hoc ? <\/h3><\/span>\n\t\t\t\t\t\t\t<span class='e-n-accordion-item-title-icon'>\n\t\t\t<span class='e-opened' ><svg aria-hidden=\"true\" class=\"e-font-icon-svg e-fas-minus\" viewBox=\"0 0 448 512\" xmlns=\"http:\/\/www.w3.org\/2000\/svg\"><path d=\"M416 208H32c-17.67 0-32 14.33-32 32v32c0 17.67 14.33 32 32 32h384c17.67 0 32-14.33 32-32v-32c0-17.67-14.33-32-32-32z\"><\/path><\/svg><\/span>\n\t\t\t<span class='e-closed'><svg aria-hidden=\"true\" class=\"e-font-icon-svg e-fas-plus\" viewBox=\"0 0 448 512\" xmlns=\"http:\/\/www.w3.org\/2000\/svg\"><path d=\"M416 208H272V64c0-17.67-14.33-32-32-32h-32c-17.67 0-32 14.33-32 32v144H32c-17.67 0-32 14.33-32 32v32c0 17.67 14.33 32 32 32h144v144c0 17.67 14.33 32 32 32h32c17.67 0 32-14.33 32-32V304h144c17.67 0 32-14.33 32-32v-32c0-17.67-14.33-32-32-32z\"><\/path><\/svg><\/span>\n\t\t<\/span>\n\n\t\t\t\t\t\t<\/summary>\n\t\t\t\t<div role=\"region\" aria-labelledby=\"e-n-accordion-item-7791\" class=\"elementor-element elementor-element-b83ac54 e-con-full e-flex e-con e-child\" data-id=\"b83ac54\" data-element_type=\"container\">\n\t\t\t\t<div class=\"elementor-element elementor-element-75ff26e elementor-widget elementor-widget-text-editor\" data-id=\"75ff26e\" data-element_type=\"widget\" data-widget_type=\"text-editor.default\">\n\t\t\t\t\t\t\t\t\t<p>En pratique, le mandat ad hoc est privil\u00e9gi\u00e9 lorsque l\u2019entreprise\u00a0<strong>n\u2019est pas<\/strong>\u00a0en cessation des paiements et qu\u2019une solution peut \u00eatre n\u00e9goci\u00e9e rapidement.<\/p>\t\t\t\t\t\t\t\t<\/div>\n\t\t\t\t<\/div>\n\t\t\t\t\t<\/details>\n\t\t\t\t\t\t<details id=\"e-n-accordion-item-7792\" class=\"e-n-accordion-item\" >\n\t\t\t\t<summary class=\"e-n-accordion-item-title\" data-accordion-index=\"3\" tabindex=\"-1\" aria-expanded=\"false\" aria-controls=\"e-n-accordion-item-7792\" >\n\t\t\t\t\t<span class='e-n-accordion-item-title-header'><h3 class=\"e-n-accordion-item-title-text\"> Quand peut-on demander une conciliation ? <\/h3><\/span>\n\t\t\t\t\t\t\t<span class='e-n-accordion-item-title-icon'>\n\t\t\t<span class='e-opened' ><svg aria-hidden=\"true\" class=\"e-font-icon-svg e-fas-minus\" viewBox=\"0 0 448 512\" xmlns=\"http:\/\/www.w3.org\/2000\/svg\"><path d=\"M416 208H32c-17.67 0-32 14.33-32 32v32c0 17.67 14.33 32 32 32h384c17.67 0 32-14.33 32-32v-32c0-17.67-14.33-32-32-32z\"><\/path><\/svg><\/span>\n\t\t\t<span class='e-closed'><svg aria-hidden=\"true\" class=\"e-font-icon-svg e-fas-plus\" viewBox=\"0 0 448 512\" xmlns=\"http:\/\/www.w3.org\/2000\/svg\"><path d=\"M416 208H272V64c0-17.67-14.33-32-32-32h-32c-17.67 0-32 14.33-32 32v144H32c-17.67 0-32 14.33-32 32v32c0 17.67 14.33 32 32 32h144v144c0 17.67 14.33 32 32 32h32c17.67 0 32-14.33 32-32V304h144c17.67 0 32-14.33 32-32v-32c0-17.67-14.33-32-32-32z\"><\/path><\/svg><\/span>\n\t\t<\/span>\n\n\t\t\t\t\t\t<\/summary>\n\t\t\t\t<div role=\"region\" aria-labelledby=\"e-n-accordion-item-7792\" class=\"elementor-element elementor-element-306513f e-con-full e-flex e-con e-child\" data-id=\"306513f\" data-element_type=\"container\">\n\t\t\t\t<div class=\"elementor-element elementor-element-6217f64 elementor-widget elementor-widget-text-editor\" data-id=\"6217f64\" data-element_type=\"widget\" data-widget_type=\"text-editor.default\">\n\t\t\t\t\t\t\t\t\t<p>La conciliation est possible si l\u2019entreprise n\u2019est pas en cessation des paiements, ou si elle l\u2019est depuis\u00a0<strong>moins de 45 jours<\/strong>. D\u2019o\u00f9 l\u2019importance d\u2019agir sans attendre.<\/p>\t\t\t\t\t\t\t\t<\/div>\n\t\t\t\t<\/div>\n\t\t\t\t\t<\/details>\n\t\t\t\t\t\t<details id=\"e-n-accordion-item-7793\" class=\"e-n-accordion-item\" >\n\t\t\t\t<summary class=\"e-n-accordion-item-title\" data-accordion-index=\"4\" tabindex=\"-1\" aria-expanded=\"false\" aria-controls=\"e-n-accordion-item-7793\" >\n\t\t\t\t\t<span class='e-n-accordion-item-title-header'><h3 class=\"e-n-accordion-item-title-text\"> Que se passe-t-il si la situation se d\u00e9grade ? <\/h3><\/span>\n\t\t\t\t\t\t\t<span class='e-n-accordion-item-title-icon'>\n\t\t\t<span class='e-opened' ><svg aria-hidden=\"true\" class=\"e-font-icon-svg e-fas-minus\" viewBox=\"0 0 448 512\" xmlns=\"http:\/\/www.w3.org\/2000\/svg\"><path d=\"M416 208H32c-17.67 0-32 14.33-32 32v32c0 17.67 14.33 32 32 32h384c17.67 0 32-14.33 32-32v-32c0-17.67-14.33-32-32-32z\"><\/path><\/svg><\/span>\n\t\t\t<span class='e-closed'><svg aria-hidden=\"true\" class=\"e-font-icon-svg e-fas-plus\" viewBox=\"0 0 448 512\" xmlns=\"http:\/\/www.w3.org\/2000\/svg\"><path d=\"M416 208H272V64c0-17.67-14.33-32-32-32h-32c-17.67 0-32 14.33-32 32v144H32c-17.67 0-32 14.33-32 32v32c0 17.67 14.33 32 32 32h144v144c0 17.67 14.33 32 32 32h32c17.67 0 32-14.33 32-32V304h144c17.67 0 32-14.33 32-32v-32c0-17.67-14.33-32-32-32z\"><\/path><\/svg><\/span>\n\t\t<\/span>\n\n\t\t\t\t\t\t<\/summary>\n\t\t\t\t<div role=\"region\" aria-labelledby=\"e-n-accordion-item-7793\" class=\"elementor-element elementor-element-530de00 e-flex e-con-boxed e-con e-child\" data-id=\"530de00\" data-element_type=\"container\">\n\t\t\t\t\t<div class=\"e-con-inner\">\n\t\t\t\t<div class=\"elementor-element elementor-element-5904cad elementor-widget elementor-widget-text-editor\" data-id=\"5904cad\" data-element_type=\"widget\" data-widget_type=\"text-editor.default\">\n\t\t\t\t\t\t\t\t\t<p>Si la pr\u00e9vention ne suffit pas, il peut \u00eatre n\u00e9cessaire d\u2019envisager une proc\u00e9dure collective (sauvegarde, redressement judiciaire\u2026). L\u2019objectif est justement d\u2019agir assez t\u00f4t pour \u00e9viter d\u2019y \u00eatre contraint.<\/p>\t\t\t\t\t\t\t\t<\/div>\n\t\t\t\t\t<\/div>\n\t\t\t\t<\/div>\n\t\t\t\t\t<\/details>\n\t\t\t\t\t\t<details id=\"e-n-accordion-item-7794\" class=\"e-n-accordion-item\" >\n\t\t\t\t<summary class=\"e-n-accordion-item-title\" data-accordion-index=\"5\" tabindex=\"-1\" aria-expanded=\"false\" aria-controls=\"e-n-accordion-item-7794\" >\n\t\t\t\t\t<span class='e-n-accordion-item-title-header'><h3 class=\"e-n-accordion-item-title-text\"> Intervenez-vous uniquement \u00e0 Marseille ? <\/h3><\/span>\n\t\t\t\t\t\t\t<span class='e-n-accordion-item-title-icon'>\n\t\t\t<span class='e-opened' ><svg aria-hidden=\"true\" class=\"e-font-icon-svg e-fas-minus\" viewBox=\"0 0 448 512\" xmlns=\"http:\/\/www.w3.org\/2000\/svg\"><path d=\"M416 208H32c-17.67 0-32 14.33-32 32v32c0 17.67 14.33 32 32 32h384c17.67 0 32-14.33 32-32v-32c0-17.67-14.33-32-32-32z\"><\/path><\/svg><\/span>\n\t\t\t<span class='e-closed'><svg aria-hidden=\"true\" class=\"e-font-icon-svg e-fas-plus\" viewBox=\"0 0 448 512\" xmlns=\"http:\/\/www.w3.org\/2000\/svg\"><path d=\"M416 208H272V64c0-17.67-14.33-32-32-32h-32c-17.67 0-32 14.33-32 32v144H32c-17.67 0-32 14.33-32 32v32c0 17.67 14.33 32 32 32h144v144c0 17.67 14.33 32 32 32h32c17.67 0 32-14.33 32-32V304h144c17.67 0 32-14.33 32-32v-32c0-17.67-14.33-32-32-32z\"><\/path><\/svg><\/span>\n\t\t<\/span>\n\n\t\t\t\t\t\t<\/summary>\n\t\t\t\t<div role=\"region\" aria-labelledby=\"e-n-accordion-item-7794\" class=\"elementor-element elementor-element-0c0dae0 e-flex e-con-boxed e-con e-child\" data-id=\"0c0dae0\" data-element_type=\"container\">\n\t\t\t\t\t<div class=\"e-con-inner\">\n\t\t\t\t<div class=\"elementor-element elementor-element-0e1828b elementor-widget elementor-widget-text-editor\" data-id=\"0e1828b\" data-element_type=\"widget\" data-widget_type=\"text-editor.default\">\n\t\t\t\t\t\t\t\t\t<p>Le cabinet est bas\u00e9 \u00e0 Marseille et intervient \u00e9galement\u00a0<strong>\u00e0 distance<\/strong>\u00a0partout en France, selon votre situation et vos contraintes.<\/p>\t\t\t\t\t\t\t\t<\/div>\n\t\t\t\t\t<\/div>\n\t\t\t\t<\/div>\n\t\t\t\t\t<\/details>\n\t\t\t\t\t<\/div>\n\t\t\t\t\t<script type=\"application\/ld+json\">{\"@context\":\"https:\\\/\\\/schema.org\",\"@type\":\"FAQPage\",\"mainEntity\":[{\"@type\":\"Question\",\"name\":\"Ces proc\\u00e9dures sont-elles confidentielles ?\",\"acceptedAnswer\":{\"@type\":\"Answer\",\"text\":\"Oui. Le mandat ad hoc et la conciliation sont des proc\\u00e9dures\\u00a0confidentielles. Les tiers non concern\\u00e9s par la n\\u00e9gociation n\\u2019ont pas vocation \\u00e0 \\u00eatre inform\\u00e9s.\"}},{\"@type\":\"Question\",\"name\":\"Doit-on \\u00eatre en cessation des paiements pour demander un mandat ad hoc ?\",\"acceptedAnswer\":{\"@type\":\"Answer\",\"text\":\"En pratique, le mandat ad hoc est privil\\u00e9gi\\u00e9 lorsque l\\u2019entreprise\\u00a0n\\u2019est pas\\u00a0en cessation des paiements et qu\\u2019une solution peut \\u00eatre n\\u00e9goci\\u00e9e rapidement.\"}},{\"@type\":\"Question\",\"name\":\"Quand peut-on demander une conciliation ?\",\"acceptedAnswer\":{\"@type\":\"Answer\",\"text\":\"La conciliation est possible si l\\u2019entreprise n\\u2019est pas en cessation des paiements, ou si elle l\\u2019est depuis\\u00a0moins de 45 jours. D\\u2019o\\u00f9 l\\u2019importance d\\u2019agir sans attendre.\"}},{\"@type\":\"Question\",\"name\":\"Que se passe-t-il si la situation se d\\u00e9grade ?\",\"acceptedAnswer\":{\"@type\":\"Answer\",\"text\":\"Si la pr\\u00e9vention ne suffit pas, il peut \\u00eatre n\\u00e9cessaire d\\u2019envisager une proc\\u00e9dure collective (sauvegarde, redressement judiciaire\\u2026). L\\u2019objectif est justement d\\u2019agir assez t\\u00f4t pour \\u00e9viter d\\u2019y \\u00eatre contraint.\"}},{\"@type\":\"Question\",\"name\":\"Intervenez-vous uniquement \\u00e0 Marseille ?\",\"acceptedAnswer\":{\"@type\":\"Answer\",\"text\":\"Le cabinet est bas\\u00e9 \\u00e0 Marseille et intervient \\u00e9galement\\u00a0\\u00e0 distance\\u00a0partout en France, selon votre situation et vos contraintes.\"}}]}<\/script>\n\t\t\t\t\t\t\t<\/div>\n\t\t\t\t<\/div>\n\t\t<div class=\"elementor-element elementor-element-add4095 e-con-full image-frame left-frame elementor-hidden-mobile e-flex e-con e-child\" data-id=\"add4095\" data-element_type=\"container\">\n\t\t\t\t<div class=\"elementor-element elementor-element-b975903 elementor-widget elementor-widget-image\" data-id=\"b975903\" data-element_type=\"widget\" data-widget_type=\"image.default\">\n\t\t\t\t\t\t\t\t\t\t\t\t\t\t\t<img fetchpriority=\"high\" decoding=\"async\" width=\"500\" height=\"750\" src=\"https:\/\/sion.beestk.com\/wp-content\/uploads\/2026\/01\/consultation-faq.webp\" class=\"attachment-large size-large wp-image-847\" alt=\"\" srcset=\"https:\/\/sion.beestk.com\/wp-content\/uploads\/2026\/01\/consultation-faq.webp 500w, https:\/\/sion.beestk.com\/wp-content\/uploads\/2026\/01\/consultation-faq-200x300.webp 200w\" sizes=\"(max-width: 500px) 100vw, 500px\" \/>\t\t\t\t\t\t\t\t\t\t\t\t\t\t\t<\/div>\n\t\t\t\t<\/div>\n\t\t\t\t\t<\/div>\n\t\t\t\t<\/div>\n\t\t\t\t<\/div>\n\t\t","protected":false},"excerpt":{"rendered":"<p>Le mandat ad hoc et la conciliation\u00a0sont deux proc\u00e9dures amiables et\u00a0confidentielles\u00a0destin\u00e9es \u00e0 aider les entreprises qui rencontrent des difficult\u00e9s financi\u00e8res, avant qu\u2019elles ne deviennent irr\u00e9versibles. L\u2019objectif :\u00a0n\u00e9gocier avec vos cr\u00e9anciers\u00a0(banques, fournisseurs, bailleurs, organismes\u2026) et retrouver de la visibilit\u00e9, sans exposer votre situation. Le Cabinet Ya\u00ebl Sion &amp; ASSOCI\u00c9S\u00a0vous accompagne \u00e0 chaque \u00e9tape : analyse de [&hellip;]<\/p>\n","protected":false},"author":3,"featured_media":0,"parent":296,"menu_order":0,"comment_status":"closed","ping_status":"closed","template":"","meta":{"_acf_changed":false,"footnotes":""},"class_list":["post-298","page","type-page","status-publish","hentry"],"acf":[],"yoast_head":"<!-- This site is optimized with the Yoast SEO plugin v26.8 - https:\/\/yoast.com\/product\/yoast-seo-wordpress\/ -->\n<title>Avocat mandat ad hoc &amp; conciliation | Ya\u00ebl Sion &amp; ASSOCI\u00c9S<\/title>\n<meta name=\"description\" content=\"Avocat mandat ad hoc &amp; conciliation \u00e0 Marseille : proc\u00e9dures confidentielles pour n\u00e9gocier avec vos cr\u00e9anciers, obtenir des d\u00e9lais et prot\u00e9ger votre entreprise\" \/>\n<meta name=\"robots\" content=\"noindex, follow, max-snippet:-1, max-image-preview:large, max-video-preview:-1\" \/>\n<meta property=\"og:locale\" content=\"fr_FR\" \/>\n<meta property=\"og:type\" content=\"article\" \/>\n<meta property=\"og:title\" content=\"Avocat mandat ad hoc &amp; conciliation | Ya\u00ebl Sion &amp; ASSOCI\u00c9S\" \/>\n<meta property=\"og:description\" content=\"Avocat mandat ad hoc &amp; conciliation \u00e0 Marseille : proc\u00e9dures confidentielles pour n\u00e9gocier avec vos cr\u00e9anciers, obtenir des d\u00e9lais et prot\u00e9ger votre entreprise\" \/>\n<meta property=\"og:url\" content=\"https:\/\/sion.beestk.com\/fr\/nos-expertises\/droit-des-entreprises-en-difficulte\/mandat-ad-hoc-conciliation\/\" \/>\n<meta property=\"og:site_name\" content=\"Sion Avocat\" \/>\n<meta property=\"article:publisher\" content=\"https:\/\/maps.app.goo.gl\/wgFyjZZdY3JC98nZA\" \/>\n<meta property=\"article:modified_time\" content=\"2026-02-05T11:47:25+00:00\" \/>\n<meta property=\"og:image\" content=\"https:\/\/sion.beestk.com\/wp-content\/uploads\/2026\/01\/consultation-faq.webp\" \/>\n<meta name=\"twitter:card\" content=\"summary_large_image\" \/>\n<meta name=\"twitter:label1\" content=\"Dur\u00e9e de lecture estim\u00e9e\" \/>\n\t<meta name=\"twitter:data1\" content=\"6 minutes\" \/>\n<script type=\"application\/ld+json\" class=\"yoast-schema-graph\">{\n\t    \"@context\": \"https:\/\/schema.org\",\n\t    \"@graph\": [\n\t        {\n\t            \"@type\": \"WebPage\",\n\t            \"@id\": \"https:\/\/sion.beestk.com\/fr\/nos-expertises\/droit-des-entreprises-en-difficulte\/mandat-ad-hoc-conciliation\/\",\n\t            \"url\": \"https:\/\/sion.beestk.com\/fr\/nos-expertises\/droit-des-entreprises-en-difficulte\/mandat-ad-hoc-conciliation\/\",\n\t            \"name\": \"Avocat mandat ad hoc & conciliation | Ya\u00ebl Sion & ASSOCI\u00c9S\",\n\t            \"isPartOf\": {\n\t                \"@id\": \"https:\/\/sion.beestk.com\/fr\/#website\"\n\t            },\n\t            \"primaryImageOfPage\": {\n\t                \"@id\": \"https:\/\/sion.beestk.com\/fr\/nos-expertises\/droit-des-entreprises-en-difficulte\/mandat-ad-hoc-conciliation\/#primaryimage\"\n\t            },\n\t            \"image\": {\n\t                \"@id\": \"https:\/\/sion.beestk.com\/fr\/nos-expertises\/droit-des-entreprises-en-difficulte\/mandat-ad-hoc-conciliation\/#primaryimage\"\n\t            },\n\t            \"thumbnailUrl\": \"https:\/\/sion.beestk.com\/wp-content\/uploads\/2026\/01\/consultation-faq.webp\",\n\t            \"datePublished\": \"2025-12-21T09:35:25+00:00\",\n\t            \"dateModified\": \"2026-02-05T11:47:25+00:00\",\n\t            \"description\": \"Avocat mandat ad hoc & conciliation \u00e0 Marseille : proc\u00e9dures confidentielles pour n\u00e9gocier avec vos cr\u00e9anciers, obtenir des d\u00e9lais et prot\u00e9ger votre entreprise\",\n\t            \"breadcrumb\": {\n\t                \"@id\": \"https:\/\/sion.beestk.com\/fr\/nos-expertises\/droit-des-entreprises-en-difficulte\/mandat-ad-hoc-conciliation\/#breadcrumb\"\n\t            },\n\t            \"inLanguage\": \"fr-FR\",\n\t            \"potentialAction\": [\n\t                {\n\t                    \"@type\": \"ReadAction\",\n\t                    \"target\": [\n\t                        \"https:\/\/sion.beestk.com\/fr\/nos-expertises\/droit-des-entreprises-en-difficulte\/mandat-ad-hoc-conciliation\/\"\n\t                    ]\n\t                }\n\t            ]\n\t        },\n\t        {\n\t            \"@type\": \"ImageObject\",\n\t            \"inLanguage\": \"fr-FR\",\n\t            \"@id\": \"https:\/\/sion.beestk.com\/fr\/nos-expertises\/droit-des-entreprises-en-difficulte\/mandat-ad-hoc-conciliation\/#primaryimage\",\n\t            \"url\": \"https:\/\/sion.beestk.com\/wp-content\/uploads\/2026\/01\/consultation-faq.webp\",\n\t            \"contentUrl\": \"https:\/\/sion.beestk.com\/wp-content\/uploads\/2026\/01\/consultation-faq.webp\"\n\t        },\n\t        {\n\t            \"@type\": \"BreadcrumbList\",\n\t            \"@id\": \"https:\/\/sion.beestk.com\/fr\/nos-expertises\/droit-des-entreprises-en-difficulte\/mandat-ad-hoc-conciliation\/#breadcrumb\",\n\t            \"itemListElement\": [\n\t                {\n\t                    \"@type\": \"ListItem\",\n\t                    \"position\": 1,\n\t                    \"name\": \"Accueil\",\n\t                    \"item\": \"https:\/\/sion.beestk.com\/fr\/\"\n\t                },\n\t                {\n\t                    \"@type\": \"ListItem\",\n\t                    \"position\": 2,\n\t                    \"name\": \"Nos Expertises\",\n\t                    \"item\": \"https:\/\/sion.beestk.com\/fr\/nos-expertises\/\"\n\t                },\n\t                {\n\t                    \"@type\": \"ListItem\",\n\t                    \"position\": 3,\n\t                    \"name\": \"Droit des entreprises en difficult\u00e9\",\n\t                    \"item\": \"https:\/\/sion.beestk.com\/fr\/nos-expertises\/droit-des-entreprises-en-difficulte\/\"\n\t                },\n\t                {\n\t                    \"@type\": \"ListItem\",\n\t                    \"position\": 4,\n\t                    \"name\": \"Mandat ad hoc &amp; conciliation : agir vite pour prot\u00e9ger votre entreprise\"\n\t                }\n\t            ]\n\t        },\n\t        {\n\t            \"@type\": \"WebSite\",\n\t            \"@id\": \"https:\/\/sion.beestk.com\/fr\/#website\",\n\t            \"url\": \"https:\/\/sion.beestk.com\/fr\/\",\n\t            \"name\": \"Cabinet Ya\u00ebl Sion & ASSOCI\u00c9S\",\n\t            \"description\": \"\",\n\t            \"publisher\": {\n\t                \"@id\": \"https:\/\/sion.beestk.com\/fr\/#organization\"\n\t            },\n\t            \"potentialAction\": [\n\t                {\n\t                    \"@type\": \"SearchAction\",\n\t                    \"target\": {\n\t                        \"@type\": \"EntryPoint\",\n\t                        \"urlTemplate\": \"https:\/\/sion.beestk.com\/fr\/?s={search_term_string}\"\n\t                    },\n\t                    \"query-input\": {\n\t                        \"@type\": \"PropertyValueSpecification\",\n\t                        \"valueRequired\": true,\n\t                        \"valueName\": \"search_term_string\"\n\t                    }\n\t                }\n\t            ],\n\t            \"inLanguage\": \"fr-FR\"\n\t        },\n\t        {\n\t            \"@type\": [\n\t                \"Organization\",\n\t                \"LocalBusiness\",\n\t                \"LegalService\"\n\t            ],\n\t            \"@id\": \"https:\/\/sion.beestk.com\/fr\/#organization\",\n\t            \"name\": \"Cabinet Ya\u00ebl Sion & ASSOCI\u00c9S\",\n\t            \"url\": \"https:\/\/sion.beestk.com\/fr\/\",\n\t            \"logo\": {\n\t                \"@type\": \"ImageObject\",\n\t                \"inLanguage\": \"fr-FR\",\n\t                \"@id\": \"https:\/\/sion.beestk.com\/fr\/#\/schema\/logo\/image\/\",\n\t                \"url\": \"https:\/\/sion.beestk.com\/wp-content\/uploads\/2025\/12\/logo.png\",\n\t                \"contentUrl\": \"https:\/\/sion.beestk.com\/wp-content\/uploads\/2025\/12\/logo.png\",\n\t                \"width\": 150,\n\t                \"height\": 72,\n\t                \"caption\": \"Cabinet Ya\u00ebl Sion & ASSOCI\u00c9S\"\n\t            },\n\t            \"image\": {\n\t                \"@id\": \"https:\/\/sion.beestk.com\/fr\/#\/schema\/logo\/image\/\"\n\t            },\n\t            \"sameAs\": [\n\t                \"https:\/\/maps.app.goo.gl\/wgFyjZZdY3JC98nZA\",\n\t                \"https:\/\/www.linkedin.com\/in\/ya%C3%ABl-sion-0a18091b3\/\"\n\t            ],\n\t            \"telephone\": \"+33465848884\",\n\t            \"address\": {\n\t                \"@type\": \"PostalAddress\",\n\t                \"addressCountry\": \"FR\",\n\t                \"addressLocality\": \"Marseille\",\n\t                \"postalCode\": \"13008\",\n\t                \"streetAddress\": \"565 avenue du Prado\"\n\t            },\n\t            \"openingHours\": [\n\t                \"Mo-Th 09:00-19:00\",\n\t                \"Fr 09:00-16:00\"\n\t            ],\n\t            \"hasMap\": \"https:\/\/maps.app.goo.gl\/wgFyjZZdY3JC98nZA\",\n\t            \"founder\": [\n\t                {\n\t                    \"@type\": \"Person\",\n\t                    \"name\": \"Ya\u00ebl Sion\",\n\t                    \"jobTitle\": \"Avocat\",\n\t                    \"worksFor\": {\n\t                        \"@id\": \"https:\/\/sion.beestk.com\/fr\/#organization\"\n\t                    },\n\t                    \"sameAs\": [\n\t                        \"https:\/\/www.linkedin.com\/in\/ya%C3%ABl-sion-0a18091b3\/\"\n\t                    ]\n\t                }\n\t            ],\n\t            \"foundingDate\": \"2015\"\n\t        }\n\t    ]\n\t}<\/script>\n<!-- \/ Yoast SEO plugin. -->","yoast_head_json":{"title":"Avocat mandat ad hoc & conciliation | Ya\u00ebl Sion & ASSOCI\u00c9S","description":"Avocat mandat ad hoc & conciliation \u00e0 Marseille : proc\u00e9dures confidentielles pour n\u00e9gocier avec vos cr\u00e9anciers, obtenir des d\u00e9lais et prot\u00e9ger votre entreprise","robots":{"index":"noindex","follow":"follow","max-snippet":"max-snippet:-1","max-image-preview":"max-image-preview:large","max-video-preview":"max-video-preview:-1"},"og_locale":"fr_FR","og_type":"article","og_title":"Avocat mandat ad hoc & conciliation | Ya\u00ebl Sion & ASSOCI\u00c9S","og_description":"Avocat mandat ad hoc & conciliation \u00e0 Marseille : proc\u00e9dures confidentielles pour n\u00e9gocier avec vos cr\u00e9anciers, obtenir des d\u00e9lais et prot\u00e9ger votre entreprise","og_url":"https:\/\/sion.beestk.com\/fr\/nos-expertises\/droit-des-entreprises-en-difficulte\/mandat-ad-hoc-conciliation\/","og_site_name":"Sion Avocat","article_publisher":"https:\/\/maps.app.goo.gl\/wgFyjZZdY3JC98nZA","article_modified_time":"2026-02-05T11:47:25+00:00","og_image":[{"url":"https:\/\/sion.beestk.com\/wp-content\/uploads\/2026\/01\/consultation-faq.webp","type":"","width":"","height":""}],"twitter_card":"summary_large_image","twitter_misc":{"Dur\u00e9e de lecture estim\u00e9e":"6 minutes"},"schema":{"@context":"https:\/\/schema.org","@graph":[{"@type":"WebPage","@id":"https:\/\/sion.beestk.com\/fr\/nos-expertises\/droit-des-entreprises-en-difficulte\/mandat-ad-hoc-conciliation\/","url":"https:\/\/sion.beestk.com\/fr\/nos-expertises\/droit-des-entreprises-en-difficulte\/mandat-ad-hoc-conciliation\/","name":"Avocat mandat ad hoc & conciliation | Ya\u00ebl Sion & ASSOCI\u00c9S","isPartOf":{"@id":"https:\/\/sion.beestk.com\/fr\/#website"},"primaryImageOfPage":{"@id":"https:\/\/sion.beestk.com\/fr\/nos-expertises\/droit-des-entreprises-en-difficulte\/mandat-ad-hoc-conciliation\/#primaryimage"},"image":{"@id":"https:\/\/sion.beestk.com\/fr\/nos-expertises\/droit-des-entreprises-en-difficulte\/mandat-ad-hoc-conciliation\/#primaryimage"},"thumbnailUrl":"https:\/\/sion.beestk.com\/wp-content\/uploads\/2026\/01\/consultation-faq.webp","datePublished":"2025-12-21T09:35:25+00:00","dateModified":"2026-02-05T11:47:25+00:00","description":"Avocat mandat ad hoc & conciliation \u00e0 Marseille : proc\u00e9dures confidentielles pour n\u00e9gocier avec vos cr\u00e9anciers, obtenir des d\u00e9lais et prot\u00e9ger votre entreprise","breadcrumb":{"@id":"https:\/\/sion.beestk.com\/fr\/nos-expertises\/droit-des-entreprises-en-difficulte\/mandat-ad-hoc-conciliation\/#breadcrumb"},"inLanguage":"fr-FR","potentialAction":[{"@type":"ReadAction","target":["https:\/\/sion.beestk.com\/fr\/nos-expertises\/droit-des-entreprises-en-difficulte\/mandat-ad-hoc-conciliation\/"]}]},{"@type":"ImageObject","inLanguage":"fr-FR","@id":"https:\/\/sion.beestk.com\/fr\/nos-expertises\/droit-des-entreprises-en-difficulte\/mandat-ad-hoc-conciliation\/#primaryimage","url":"https:\/\/sion.beestk.com\/wp-content\/uploads\/2026\/01\/consultation-faq.webp","contentUrl":"https:\/\/sion.beestk.com\/wp-content\/uploads\/2026\/01\/consultation-faq.webp"},{"@type":"BreadcrumbList","@id":"https:\/\/sion.beestk.com\/fr\/nos-expertises\/droit-des-entreprises-en-difficulte\/mandat-ad-hoc-conciliation\/#breadcrumb","itemListElement":[{"@type":"ListItem","position":1,"name":"Accueil","item":"https:\/\/sion.beestk.com\/fr\/"},{"@type":"ListItem","position":2,"name":"Nos Expertises","item":"https:\/\/sion.beestk.com\/fr\/nos-expertises\/"},{"@type":"ListItem","position":3,"name":"Droit des entreprises en difficult\u00e9","item":"https:\/\/sion.beestk.com\/fr\/nos-expertises\/droit-des-entreprises-en-difficulte\/"},{"@type":"ListItem","position":4,"name":"Mandat ad hoc &amp; conciliation : agir vite pour prot\u00e9ger votre entreprise"}]},{"@type":"WebSite","@id":"https:\/\/sion.beestk.com\/fr\/#website","url":"https:\/\/sion.beestk.com\/fr\/","name":"Cabinet Ya\u00ebl Sion & ASSOCI\u00c9S","description":"","publisher":{"@id":"https:\/\/sion.beestk.com\/fr\/#organization"},"potentialAction":[{"@type":"SearchAction","target":{"@type":"EntryPoint","urlTemplate":"https:\/\/sion.beestk.com\/fr\/?s={search_term_string}"},"query-input":{"@type":"PropertyValueSpecification","valueRequired":true,"valueName":"search_term_string"}}],"inLanguage":"fr-FR"},{"@type":["Organization","LocalBusiness","LegalService"],"@id":"https:\/\/sion.beestk.com\/fr\/#organization","name":"Cabinet Ya\u00ebl Sion & ASSOCI\u00c9S","url":"https:\/\/sion.beestk.com\/fr\/","logo":{"@type":"ImageObject","inLanguage":"fr-FR","@id":"https:\/\/sion.beestk.com\/fr\/#\/schema\/logo\/image\/","url":"https:\/\/sion.beestk.com\/wp-content\/uploads\/2025\/12\/logo.png","contentUrl":"https:\/\/sion.beestk.com\/wp-content\/uploads\/2025\/12\/logo.png","width":150,"height":72,"caption":"Cabinet Ya\u00ebl Sion & ASSOCI\u00c9S"},"image":{"@id":"https:\/\/sion.beestk.com\/fr\/#\/schema\/logo\/image\/"},"sameAs":["https:\/\/maps.app.goo.gl\/wgFyjZZdY3JC98nZA","https:\/\/www.linkedin.com\/in\/ya%C3%ABl-sion-0a18091b3\/"],"telephone":"+33465848884","address":{"@type":"PostalAddress","addressCountry":"FR","addressLocality":"Marseille","postalCode":"13008","streetAddress":"565 avenue du Prado"},"openingHours":["Mo-Th 09:00-19:00","Fr 09:00-16:00"],"hasMap":"https:\/\/maps.app.goo.gl\/wgFyjZZdY3JC98nZA","founder":[{"@type":"Person","name":"Ya\u00ebl Sion","jobTitle":"Avocat","worksFor":{"@id":"https:\/\/sion.beestk.com\/fr\/#organization"},"sameAs":["https:\/\/www.linkedin.com\/in\/ya%C3%ABl-sion-0a18091b3\/"]}],"foundingDate":"2015"}]}},"_links":{"self":[{"href":"https:\/\/sion.beestk.com\/fr\/wp-json\/wp\/v2\/pages\/298","targetHints":{"allow":["GET"]}}],"collection":[{"href":"https:\/\/sion.beestk.com\/fr\/wp-json\/wp\/v2\/pages"}],"about":[{"href":"https:\/\/sion.beestk.com\/fr\/wp-json\/wp\/v2\/types\/page"}],"author":[{"embeddable":true,"href":"https:\/\/sion.beestk.com\/fr\/wp-json\/wp\/v2\/users\/3"}],"replies":[{"embeddable":true,"href":"https:\/\/sion.beestk.com\/fr\/wp-json\/wp\/v2\/comments?post=298"}],"version-history":[{"count":1,"href":"https:\/\/sion.beestk.com\/fr\/wp-json\/wp\/v2\/pages\/298\/revisions"}],"predecessor-version":[{"id":3184,"href":"https:\/\/sion.beestk.com\/fr\/wp-json\/wp\/v2\/pages\/298\/revisions\/3184"}],"up":[{"embeddable":true,"href":"https:\/\/sion.beestk.com\/fr\/wp-json\/wp\/v2\/pages\/296"}],"wp:attachment":[{"href":"https:\/\/sion.beestk.com\/fr\/wp-json\/wp\/v2\/media?parent=298"}],"curies":[{"name":"wp","href":"https:\/\/api.w.org\/{rel}","templated":true}]}}