{"id":296,"date":"2025-12-21T10:35:09","date_gmt":"2025-12-21T09:35:09","guid":{"rendered":"https:\/\/sion.beestk.com\/?page_id=296"},"modified":"2026-02-05T12:47:25","modified_gmt":"2026-02-05T11:47:25","slug":"droit-des-entreprises-en-difficulte","status":"publish","type":"page","link":"https:\/\/sion.beestk.com\/fr\/nos-expertises\/droit-des-entreprises-en-difficulte\/","title":{"rendered":"Droit des entreprises en difficult\u00e9"},"content":{"rendered":"\t\t<div data-elementor-type=\"wp-page\" data-elementor-id=\"296\" class=\"elementor elementor-296\" data-elementor-post-type=\"page\">\n\t\t\t\t<div class=\"elementor-element elementor-element-9504a67 intro-page e-flex e-con-boxed e-con e-parent\" data-id=\"9504a67\" data-element_type=\"container\">\n\t\t\t\t\t<div class=\"e-con-inner\">\n\t\t\t\t<div class=\"elementor-element elementor-element-7ec422a elementor-widget elementor-widget-text-editor\" data-id=\"7ec422a\" data-element_type=\"widget\" data-widget_type=\"text-editor.default\">\n\t\t\t\t\t\t\t\t\t<p>Le droit des entreprises en difficult\u00e9 encadre les solutions permettant d\u2019anticiper, traiter et r\u00e9soudre une situation de crise : n\u00e9gociations amiables, redressement ou liquidation, ainsi que les op\u00e9rations de reprise. L\u2019enjeu est d\u2019agir t\u00f4t, de choisir la bonne voie, et de prot\u00e9ger au mieux l\u2019entreprise, le dirigeant et l\u2019activit\u00e9.<\/p>\t\t\t\t\t\t\t\t<\/div>\n\t\t\t\t\t<\/div>\n\t\t\t\t<\/div>\n\t\t<div class=\"elementor-element elementor-element-1c05da0 e-flex e-con-boxed e-con e-parent\" data-id=\"1c05da0\" data-element_type=\"container\">\n\t\t\t\t\t<div class=\"e-con-inner\">\n\t\t<div class=\"elementor-element elementor-element-cbd5415 e-con-full image-frame e-flex e-con e-child\" data-id=\"cbd5415\" data-element_type=\"container\">\n\t\t\t\t<div class=\"elementor-element elementor-element-b7b7bac elementor-widget-mobile__width-inherit ratio-m-3-2 elementor-widget elementor-widget-image\" data-id=\"b7b7bac\" data-element_type=\"widget\" data-widget_type=\"image.default\">\n\t\t\t\t\t\t\t\t\t\t\t\t\t\t\t<img fetchpriority=\"high\" decoding=\"async\" width=\"500\" height=\"750\" src=\"https:\/\/sion.beestk.com\/wp-content\/uploads\/2026\/01\/consultation-faq.webp\" class=\"attachment-large size-large wp-image-847\" alt=\"\" srcset=\"https:\/\/sion.beestk.com\/wp-content\/uploads\/2026\/01\/consultation-faq.webp 500w, https:\/\/sion.beestk.com\/wp-content\/uploads\/2026\/01\/consultation-faq-200x300.webp 200w\" sizes=\"(max-width: 500px) 100vw, 500px\" \/>\t\t\t\t\t\t\t\t\t\t\t\t\t\t\t<\/div>\n\t\t\t\t<\/div>\n\t\t<div class=\"elementor-element elementor-element-79f35c0 e-con-full e-flex e-con e-child\" data-id=\"79f35c0\" data-element_type=\"container\">\n\t\t\t\t<div class=\"elementor-element elementor-element-e953044 title-line elementor-widget elementor-widget-heading\" data-id=\"e953044\" data-element_type=\"widget\" data-widget_type=\"heading.default\">\n\t\t\t\t\t<h2 class=\"elementor-heading-title elementor-size-default\">Comprendre le droit des entreprises en difficult\u00e9<\/h2>\t\t\t\t<\/div>\n\t\t\t\t<div class=\"elementor-element elementor-element-377f274 elementor-widget elementor-widget-text-editor\" data-id=\"377f274\" data-element_type=\"widget\" data-widget_type=\"text-editor.default\">\n\t\t\t\t\t\t\t\t\t<p>Une entreprise peut rencontrer des difficult\u00e9s pour de multiples raisons : baisse d\u2019activit\u00e9, tension de tr\u00e9sorerie, impay\u00e9s, hausse des charges, rupture d\u2019un contrat, contentieux, ou perte d\u2019un financement. Le droit des entreprises en difficult\u00e9 apporte un cadre juridique pour :<\/p><ul><li><strong>pr\u00e9venir<\/strong> l\u2019aggravation (en n\u00e9gociant et en restructurant avant la rupture),<\/li><li><strong>organiser<\/strong> le traitement des dettes et des cr\u00e9anciers,<\/li><li><strong>maintenir<\/strong> l\u2019activit\u00e9 lorsque c\u2019est possible (plan, poursuite),<\/li><li><strong>prot\u00e9ger<\/strong> les int\u00e9r\u00eats de l\u2019entreprise et du dirigeant,<\/li><li><strong>faciliter<\/strong> une reprise (cession, rachat, plan de cession).<\/li><\/ul>\t\t\t\t\t\t\t\t<\/div>\n\t\t\t\t<\/div>\n\t\t\t\t\t<\/div>\n\t\t\t\t<\/div>\n\t\t<div class=\"elementor-element elementor-element-b27bcad e-flex e-con-boxed e-con e-parent\" data-id=\"b27bcad\" data-element_type=\"container\">\n\t\t\t\t\t<div class=\"e-con-inner\">\n\t\t\t\t<div class=\"elementor-element elementor-element-be47ca3 elementor-widget elementor-widget-text-editor\" data-id=\"be47ca3\" data-element_type=\"widget\" data-widget_type=\"text-editor.default\">\n\t\t\t\t\t\t\t\t\t<p>Dans la pratique, la priorit\u00e9 est de reprendre le contr\u00f4le :<\/p><p>analyser la situation, identifier les leviers r\u00e9alistes, et construire une strat\u00e9gie qui tienne compte du calendrier et des risques.<\/p>\t\t\t\t\t\t\t\t<\/div>\n\t\t\t\t\t<\/div>\n\t\t\t\t<\/div>\n\t\t<div class=\"elementor-element elementor-element-7adeda2 e-flex e-con-boxed e-con e-parent\" data-id=\"7adeda2\" data-element_type=\"container\" data-settings=\"{&quot;background_background&quot;:&quot;classic&quot;}\">\n\t\t\t\t\t<div class=\"e-con-inner\">\n\t\t\t\t<div class=\"elementor-element elementor-element-53ed48c title-line line-center elementor-widget elementor-widget-heading\" data-id=\"53ed48c\" data-element_type=\"widget\" data-widget_type=\"heading.default\">\n\t\t\t\t\t<h2 class=\"elementor-heading-title elementor-size-default\">Nos principaux domaines d\u2019intervention<\/h2>\t\t\t\t<\/div>\n\t\t\t\t<div class=\"elementor-element elementor-element-91c7237 elementor-widget elementor-widget-text-editor\" data-id=\"91c7237\" data-element_type=\"widget\" data-widget_type=\"text-editor.default\">\n\t\t\t\t\t\t\t\t\t<p>Le droit des entreprises en difficult\u00e9 recouvre des situations tr\u00e8s diff\u00e9rentes, depuis la pr\u00e9vention des difficult\u00e9s jusqu\u2019aux proc\u00e9dures collectives et aux op\u00e9rations de reprise. Le cabinet intervient \u00e0 chaque \u00e9tape, avec une approche pragmatique, structur\u00e9e et orient\u00e9e solutions.<\/p>\t\t\t\t\t\t\t\t<\/div>\n\t\t<div class=\"elementor-element elementor-element-aeb198d e-con-full e-flex e-con e-child\" data-id=\"aeb198d\" data-element_type=\"container\">\n\t\t<div class=\"elementor-element elementor-element-09266e6 e-con-full e-flex e-con e-child\" data-id=\"09266e6\" data-element_type=\"container\" data-settings=\"{&quot;background_background&quot;:&quot;classic&quot;}\">\n\t\t\t\t<div class=\"elementor-element elementor-element-7f8aafb elementor-widget elementor-widget-heading\" data-id=\"7f8aafb\" data-element_type=\"widget\" data-widget_type=\"heading.default\">\n\t\t\t\t\t<h3 class=\"elementor-heading-title elementor-size-default\">Mandat ad hoc et conciliation<\/h3>\t\t\t\t<\/div>\n\t\t\t\t<div class=\"elementor-element elementor-element-2bfa4ab elementor-widget elementor-widget-text-editor\" data-id=\"2bfa4ab\" data-element_type=\"widget\" data-widget_type=\"text-editor.default\">\n\t\t\t\t\t\t\t\t\t<p>Lorsque l\u2019entreprise n\u2019est pas encore en situation irr\u00e9versible, les proc\u00e9dures amiables offrent souvent les solutions les plus souples : n\u00e9gocier avec les cr\u00e9anciers, rechercher des accords, r\u00e9am\u00e9nager certains engagements et pr\u00e9server l\u2019activit\u00e9. L\u2019enjeu est d\u2019agir suffisamment t\u00f4t pour conserver des marges de man\u0153uvre.<\/p>\t\t\t\t\t\t\t\t<\/div>\n\t\t\t\t<div class=\"elementor-element elementor-element-13dd328 elementor-align-center elementor-widget elementor-widget-button\" data-id=\"13dd328\" data-element_type=\"widget\" data-widget_type=\"button.default\">\n\t\t\t\t\t\t\t\t\t\t<a class=\"elementor-button elementor-button-link elementor-size-sm\" href=\"https:\/\/sion.beestk.com\/fr\/nos-expertises\/droit-des-entreprises-en-difficulte\/mandat-ad-hoc-conciliation\/\">\n\t\t\t\t\t\t<span class=\"elementor-button-content-wrapper\">\n\t\t\t\t\t\t\t\t\t<span class=\"elementor-button-text\">En savoir plus<\/span>\n\t\t\t\t\t<\/span>\n\t\t\t\t\t<\/a>\n\t\t\t\t\t\t\t\t<\/div>\n\t\t\t\t<\/div>\n\t\t<div class=\"elementor-element elementor-element-c516eb5 e-con-full e-flex e-con e-child\" data-id=\"c516eb5\" data-element_type=\"container\" data-settings=\"{&quot;background_background&quot;:&quot;classic&quot;}\">\n\t\t\t\t<div class=\"elementor-element elementor-element-3daa1c2 elementor-widget elementor-widget-heading\" data-id=\"3daa1c2\" data-element_type=\"widget\" data-widget_type=\"heading.default\">\n\t\t\t\t\t<h3 class=\"elementor-heading-title elementor-size-default\">Redressement judiciaire<\/h3>\t\t\t\t<\/div>\n\t\t\t\t<div class=\"elementor-element elementor-element-d6c1285 elementor-widget elementor-widget-text-editor\" data-id=\"d6c1285\" data-element_type=\"widget\" data-widget_type=\"text-editor.default\">\n\t\t\t\t\t\t\t\t\t<p>Le redressement judiciaire vise \u00e0 permettre la poursuite de l\u2019activit\u00e9 lorsque la situation n\u00e9cessite un cadre plus structurant. La proc\u00e9dure implique des obligations et un calendrier \u00e0 respecter : d\u00e9clarations, \u00e9changes avec les organes de la proc\u00e9dure, gestion des contrats, analyse de la viabilit\u00e9 et pr\u00e9paration d\u2019un plan ou d\u2019une solution adapt\u00e9e.<\/p>\t\t\t\t\t\t\t\t<\/div>\n\t\t\t\t<div class=\"elementor-element elementor-element-8a1012c elementor-align-center elementor-widget elementor-widget-button\" data-id=\"8a1012c\" data-element_type=\"widget\" data-widget_type=\"button.default\">\n\t\t\t\t\t\t\t\t\t\t<a class=\"elementor-button elementor-button-link elementor-size-sm\" href=\"https:\/\/sion.beestk.com\/fr\/nos-expertises\/droit-des-entreprises-en-difficulte\/redressement-judiciaire\/\">\n\t\t\t\t\t\t<span class=\"elementor-button-content-wrapper\">\n\t\t\t\t\t\t\t\t\t<span class=\"elementor-button-text\">En savoir plus<\/span>\n\t\t\t\t\t<\/span>\n\t\t\t\t\t<\/a>\n\t\t\t\t\t\t\t\t<\/div>\n\t\t\t\t<\/div>\n\t\t\t\t<\/div>\n\t\t<div class=\"elementor-element elementor-element-7f5664f e-con-full e-flex e-con e-child\" data-id=\"7f5664f\" data-element_type=\"container\">\n\t\t<div class=\"elementor-element elementor-element-18af4b5 e-con-full e-flex e-con e-child\" data-id=\"18af4b5\" data-element_type=\"container\" data-settings=\"{&quot;background_background&quot;:&quot;classic&quot;}\">\n\t\t\t\t<div class=\"elementor-element elementor-element-28742c9 elementor-widget elementor-widget-heading\" data-id=\"28742c9\" data-element_type=\"widget\" data-widget_type=\"heading.default\">\n\t\t\t\t\t<h3 class=\"elementor-heading-title elementor-size-default\">Liquidation judiciaire<\/h3>\t\t\t\t<\/div>\n\t\t\t\t<div class=\"elementor-element elementor-element-02f16e6 elementor-widget elementor-widget-text-editor\" data-id=\"02f16e6\" data-element_type=\"widget\" data-widget_type=\"text-editor.default\">\n\t\t\t\t\t\t\t\t\t<p>Lorsque le redressement n\u2019est pas envisageable, la liquidation judiciaire organise la cessation de l\u2019activit\u00e9 dans un cadre juridique. L\u2019enjeu est de g\u00e9rer la proc\u00e9dure avec rigueur, d\u2019anticiper les points sensibles et de limiter au mieux les cons\u00e9quences, y compris pour le dirigeant.<\/p>\t\t\t\t\t\t\t\t<\/div>\n\t\t\t\t<div class=\"elementor-element elementor-element-bb79752 elementor-align-center elementor-widget elementor-widget-button\" data-id=\"bb79752\" data-element_type=\"widget\" data-widget_type=\"button.default\">\n\t\t\t\t\t\t\t\t\t\t<a class=\"elementor-button elementor-button-link elementor-size-sm\" href=\"https:\/\/sion.beestk.com\/fr\/nos-expertises\/droit-des-entreprises-en-difficulte\/liquidation-judiciaire\/\">\n\t\t\t\t\t\t<span class=\"elementor-button-content-wrapper\">\n\t\t\t\t\t\t\t\t\t<span class=\"elementor-button-text\">En savoir plus<\/span>\n\t\t\t\t\t<\/span>\n\t\t\t\t\t<\/a>\n\t\t\t\t\t\t\t\t<\/div>\n\t\t\t\t<\/div>\n\t\t<div class=\"elementor-element elementor-element-384a310 e-con-full e-flex e-con e-child\" data-id=\"384a310\" data-element_type=\"container\" data-settings=\"{&quot;background_background&quot;:&quot;classic&quot;}\">\n\t\t\t\t<div class=\"elementor-element elementor-element-af58ba5 elementor-widget elementor-widget-heading\" data-id=\"af58ba5\" data-element_type=\"widget\" data-widget_type=\"heading.default\">\n\t\t\t\t\t<h3 class=\"elementor-heading-title elementor-size-default\">Rachat \/ cession d\u2019entreprise en difficult\u00e9<\/h3>\t\t\t\t<\/div>\n\t\t\t\t<div class=\"elementor-element elementor-element-d222208 elementor-widget elementor-widget-text-editor\" data-id=\"d222208\" data-element_type=\"widget\" data-widget_type=\"text-editor.default\">\n\t\t\t\t\t\t\t\t\t<p>Une situation de crise peut aussi conduire \u00e0 une reprise : rachat d\u2019actifs, reprise d\u2019activit\u00e9, plan de cession ou restructuration. Ces op\u00e9rations exigent une analyse fine (p\u00e9rim\u00e8tre repris, passif, contrats, social, garanties) et une s\u00e9curisation du calendrier et des engagements.<\/p>\t\t\t\t\t\t\t\t<\/div>\n\t\t\t\t<div class=\"elementor-element elementor-element-fbb6290 elementor-align-center elementor-widget elementor-widget-button\" data-id=\"fbb6290\" data-element_type=\"widget\" data-widget_type=\"button.default\">\n\t\t\t\t\t\t\t\t\t\t<a class=\"elementor-button elementor-button-link elementor-size-sm\" href=\"https:\/\/sion.beestk.com\/fr\/nos-expertises\/droit-des-entreprises-en-difficulte\/rachat-cession-dentreprise-en-difficulte\/\">\n\t\t\t\t\t\t<span class=\"elementor-button-content-wrapper\">\n\t\t\t\t\t\t\t\t\t<span class=\"elementor-button-text\">En savoir plus<\/span>\n\t\t\t\t\t<\/span>\n\t\t\t\t\t<\/a>\n\t\t\t\t\t\t\t\t<\/div>\n\t\t\t\t<\/div>\n\t\t\t\t<\/div>\n\t\t\t\t\t<\/div>\n\t\t\t\t<\/div>\n\t\t<div class=\"elementor-element elementor-element-adb815c e-flex e-con-boxed e-con e-parent\" data-id=\"adb815c\" data-element_type=\"container\" data-settings=\"{&quot;background_background&quot;:&quot;classic&quot;}\">\n\t\t\t\t\t<div class=\"e-con-inner\">\n\t\t\t\t<div class=\"elementor-element elementor-element-1aa2042 title-line line-center elementor-widget elementor-widget-heading\" data-id=\"1aa2042\" data-element_type=\"widget\" data-widget_type=\"heading.default\">\n\t\t\t\t\t<h2 class=\"elementor-heading-title elementor-size-default\">Notre approche :<br> lucidit\u00e9, strat\u00e9gie, mise en \u0153uvre<\/h2>\t\t\t\t<\/div>\n\t\t\t\t<div class=\"elementor-element elementor-element-e2766aa elementor-widget elementor-widget-text-editor\" data-id=\"e2766aa\" data-element_type=\"widget\" data-widget_type=\"text-editor.default\">\n\t\t\t\t\t\t\t\t\t<p>En mati\u00e8re de difficult\u00e9s d\u2019entreprise, le temps compte. L\u2019accompagnement vise \u00e0 clarifier rapidement la situation, puis \u00e0 d\u00e9ployer la solution la plus adapt\u00e9e.<\/p>\t\t\t\t\t\t\t\t<\/div>\n\t\t<div class=\"elementor-element elementor-element-a5675cb e-con-full icons-container e-flex e-con e-child\" data-id=\"a5675cb\" data-element_type=\"container\">\n\t\t<div class=\"elementor-element elementor-element-0805fc9 e-con-full e-flex e-con e-child\" data-id=\"0805fc9\" data-element_type=\"container\">\n\t\t<div class=\"elementor-element elementor-element-49608bc e-con-full e-flex e-con e-child\" data-id=\"49608bc\" data-element_type=\"container\" data-settings=\"{&quot;background_background&quot;:&quot;classic&quot;}\">\n\t\t\t\t<div class=\"elementor-element elementor-element-e56eaf4 elementor-view-default elementor-position-block-start elementor-mobile-position-block-start elementor-widget elementor-widget-icon-box\" data-id=\"e56eaf4\" data-element_type=\"widget\" data-widget_type=\"icon-box.default\">\n\t\t\t\t\t\t\t<div class=\"elementor-icon-box-wrapper\">\n\n\t\t\t\t\t\t<div class=\"elementor-icon-box-icon\">\n\t\t\t\t<span  class=\"elementor-icon\">\n\t\t\t\t<svg xmlns=\"http:\/\/www.w3.org\/2000\/svg\" id=\"Calque_2\" data-name=\"Calque 2\" viewBox=\"0 0 200 200\"><g id=\"Calque_1-2\" data-name=\"Calque 1\"><circle cx=\"100\" cy=\"100\" r=\"100\" fill=\"#d1be95\"><\/circle><path d=\"M109.5924,142.8572c.5665,1.5876,1.5975,2.6757,3.0944,3.2658,1.4969.5888,3.9229.9515,7.2794,1.0882v2.7888c-3.8559-.272-9.7962-.4087-17.8234-.4087-8.4806,0-15.17.1366-20.0681.4087v-2.7888c4.1267-.1366,7.1428-.4994,9.0471-1.0882,1.9056-.5901,3.2198-1.6782,3.9465-3.2658.7242-1.5876,1.0882-4.1267,1.0882-7.6185v-62.9942c0-3.2186-.4658-5.5888-1.395-7.108s-2.4944-2.5279-4.6931-3.0273c-2.2012-.4994-5.5453-.7491-10.0347-.7491v-2.9242c11.4284-1.6782,20.9973-4.4906,28.7077-8.4359v85.2387c0,3.4919.2832,6.031.8509,7.6185Z\" fill=\"#fff\"><\/path><\/g><\/svg>\t\t\t\t<\/span>\n\t\t\t<\/div>\n\t\t\t\n\t\t\t\t\t\t<div class=\"elementor-icon-box-content\">\n\n\t\t\t\t\t\t\t\t\t<h3 class=\"elementor-icon-box-title\">\n\t\t\t\t\t\t<span  >\n\t\t\t\t\t\t\tClarifier\t\t\t\t\t\t<\/span>\n\t\t\t\t\t<\/h3>\n\t\t\t\t\n\t\t\t\t\t\t\t\t\t<p class=\"elementor-icon-box-description\">\n\t\t\t\t\t\ttr\u00e9sorerie, dettes, cr\u00e9anciers, contrats, risques et marges de man\u0153uvre.\t\t\t\t\t<\/p>\n\t\t\t\t\n\t\t\t<\/div>\n\t\t\t\n\t\t<\/div>\n\t\t\t\t\t\t<\/div>\n\t\t\t\t<\/div>\n\t\t\t\t<\/div>\n\t\t<div class=\"elementor-element elementor-element-39f44d2 e-con-full e-flex e-con e-child\" data-id=\"39f44d2\" data-element_type=\"container\">\n\t\t<div class=\"elementor-element elementor-element-90fe4a9 e-con-full e-flex e-con e-child\" data-id=\"90fe4a9\" data-element_type=\"container\" data-settings=\"{&quot;background_background&quot;:&quot;classic&quot;}\">\n\t\t\t\t<div class=\"elementor-element elementor-element-5a2467e elementor-view-default elementor-position-block-start elementor-mobile-position-block-start elementor-widget elementor-widget-icon-box\" data-id=\"5a2467e\" data-element_type=\"widget\" data-widget_type=\"icon-box.default\">\n\t\t\t\t\t\t\t<div class=\"elementor-icon-box-wrapper\">\n\n\t\t\t\t\t\t<div class=\"elementor-icon-box-icon\">\n\t\t\t\t<span  class=\"elementor-icon\">\n\t\t\t\t<svg xmlns=\"http:\/\/www.w3.org\/2000\/svg\" id=\"Calque_2\" data-name=\"Calque 2\" viewBox=\"0 0 200 200\"><g id=\"Calque_1-2\" data-name=\"Calque 1\"><circle cx=\"100\" cy=\"100\" r=\"100\" fill=\"#d1be95\"><\/circle><path d=\"M90.8388,124.7129c5.4992-7.2116,10.4119-15.2913,14.7394-24.2401,4.3275-8.9463,6.4906-17.589,6.4906-25.9291,0-4.688-.7099-8.6426-2.1298-11.8663-1.4199-3.2225-3.3916-5.6338-5.9153-7.2351-2.5261-1.5989-5.4325-2.4002-8.7229-2.4002-3.4262,0-6.6375.8346-9.6353,2.5027s-5.0362,3.9892-6.119,6.9635c2.3434.3618,4.2608,1.1495,5.7473,2.3668,1.4878,1.2174,2.231,2.8632,2.231,4.9362,0,2.1187-.721,3.8534-2.1631,5.2053-1.4433,1.3532-3.2459,2.0285-5.409,2.0285-2.2989,0-4.1028-.7544-5.409-2.2644-1.3075-1.51-1.9606-3.3015-1.9606-5.3757,0-3.3348,1.6223-6.8511,4.8683-10.5477,2.7484-3.0644,6.0511-5.3078,9.9057-6.7277,3.8534-1.4199,7.9438-2.1298,12.2713-2.1298,4.9127,0,9.3303.868,13.2516,2.6027,3.9225,1.7359,7.0092,4.283,9.2636,7.6413,2.2533,3.3583,3.3805,7.3808,3.3805,12.0688,0,5.9498-1.8149,11.8774-5.4424,17.7816-3.6299,5.9054-9.6353,14.0084-18.0199,24.3067-8.3833,10.3008-14.785,18.6063-19.2014,24.9167h31.0344c3.0644,0,5.3967-.947,6.998-2.841,1.5989-1.8927,2.6706-5.2275,3.2113-10.0057h3.178c-.2704,2.073-.4062,4.7102-.4062,7.9105,0,4.8683.3148,10.0736.947,15.6184h-29.7504c-4.1917,0-7.787-.0222-10.7835-.0679-2.999-.0444-5.6239-.0679-7.8771-.0679-1.5779,0-3.9892.0457-7.2351.1358v-2.7718c6.9413-7.7981,13.1615-15.3036,18.6619-22.5152Z\" fill=\"#fff\"><\/path><\/g><\/svg>\t\t\t\t<\/span>\n\t\t\t<\/div>\n\t\t\t\n\t\t\t\t\t\t<div class=\"elementor-icon-box-content\">\n\n\t\t\t\t\t\t\t\t\t<h3 class=\"elementor-icon-box-title\">\n\t\t\t\t\t\t<span  >\n\t\t\t\t\t\t\tChoisir\t\t\t\t\t\t<\/span>\n\t\t\t\t\t<\/h3>\n\t\t\t\t\n\t\t\t\t\t\t\t\t\t<p class=\"elementor-icon-box-description\">\n\t\t\t\t\t\tamiable vs judiciaire, poursuite vs cession, plan vs liquidation.\t\t\t\t\t<\/p>\n\t\t\t\t\n\t\t\t<\/div>\n\t\t\t\n\t\t<\/div>\n\t\t\t\t\t\t<\/div>\n\t\t\t\t<\/div>\n\t\t\t\t<\/div>\n\t\t<div class=\"elementor-element elementor-element-370f77f e-con-full e-flex e-con e-child\" data-id=\"370f77f\" data-element_type=\"container\">\n\t\t<div class=\"elementor-element elementor-element-61e1621 e-con-full e-flex e-con e-child\" data-id=\"61e1621\" data-element_type=\"container\" data-settings=\"{&quot;background_background&quot;:&quot;classic&quot;}\">\n\t\t\t\t<div class=\"elementor-element elementor-element-2bb6caf elementor-view-default elementor-position-block-start elementor-mobile-position-block-start elementor-widget elementor-widget-icon-box\" data-id=\"2bb6caf\" data-element_type=\"widget\" data-widget_type=\"icon-box.default\">\n\t\t\t\t\t\t\t<div class=\"elementor-icon-box-wrapper\">\n\n\t\t\t\t\t\t<div class=\"elementor-icon-box-icon\">\n\t\t\t\t<span  class=\"elementor-icon\">\n\t\t\t\t<svg xmlns=\"http:\/\/www.w3.org\/2000\/svg\" id=\"Calque_2\" data-name=\"Calque 2\" viewBox=\"0 0 200 200\"><g id=\"Calque_1-2\" data-name=\"Calque 1\"><circle cx=\"100\" cy=\"100\" r=\"100\" fill=\"#d1be95\"><\/circle><path d=\"M113.2299,52.4872c3.6243,1.6577,6.4421,4.0348,8.4546,7.1287,2.0113,3.0951,3.0176,6.6976,3.0176,10.8087,0,4.2891-1.2279,8.2342-3.6812,11.8367-2.4533,3.6037-5.5932,6.631-9.4161,9.0855-3.8241,2.4533-7.8153,4.2552-11.9699,5.4043,5.3934.2216,10.3788,1.3042,14.9536,3.2489,4.5761,1.9459,8.2669,4.7746,11.0751,8.4885,2.8069,3.7127,4.2104,8.2221,4.2104,13.5272,0,5.7034-1.5693,10.6767-4.708,14.9209-3.1399,4.2443-7.3939,7.4823-12.7655,9.7152-5.3716,2.2317-11.3511,3.3482-17.9373,3.3482-7.1626,0-13.153-1.5911-17.9712-4.7746-4.2443-2.9171-6.3658-6.1672-6.3658-9.7479,0-2.1215.6842-3.8568,2.0561-5.2057,1.3695-1.3478,3.1375-2.0222,5.305-2.0222,2.0319,0,3.7563.6636,5.1718,1.9895,1.4144,1.326,2.1215,3.1169,2.1215,5.3716,0,1.8563-.5195,3.3821-1.5585,4.5748-1.039,1.194-2.4194,1.9677-4.1438,2.3213.8392,1.3708,2.7403,2.5756,5.7022,3.6146s6.1454,1.5572,9.5493,1.5572c4.863,0,8.9959-1.0935,12.401-3.2816,3.4039-2.1881,5.9674-5.1609,7.6917-8.9196,1.7243-3.7575,2.5865-7.9787,2.5865-12.6662,0-4.9066-.8513-9.1606-2.5526-12.7643-1.7026-3.6037-4.1232-6.4215-7.2619-8.4558-3.1387-2.0319-6.8078-3.2489-11.0072-3.6473-.5752.2228-1.2836.5098-2.1227.8622-.8404.3548-1.5027.597-1.9895.7302-.4868.132-.9724.1986-1.4579.1986-.8852,0-1.5815-.2095-2.09-.6297s-.7617-.9385-.7617-1.5585c0-.574.287-1.0826.8622-1.5258.574-.4408,1.326-.6624,2.2547-.6624.6624,0,1.5463.1223,2.6519.3645,1.1044.2434,1.8999.4093,2.3879.4977,5.305-1.1056,9.2393-3.7357,11.8028-7.8916,2.5635-4.1547,3.8471-9.1727,3.8471-15.0529,0-6.3658-1.3054-11.3172-3.9125-14.8543-2.6095-3.5359-6.4324-5.305-11.4722-5.305-3.4935,0-6.809.7956-9.9477,2.3867-3.1387,1.5924-5.3498,3.8471-6.631,6.7642,2.2983.3548,4.1886,1.1274,5.6695,2.3213s2.222,2.8081,2.222,4.8412c0,2.0779-.7084,3.7793-2.1227,5.1052-1.4156,1.3272-3.1823,1.9895-5.305,1.9895-2.2547,0-4.0227-.729-5.305-2.1881s-1.9229-3.1835-1.9229-5.173c0-1.5463.4202-3.2586,1.2606-5.1391.8392-1.8781,2.0101-3.657,3.5141-5.3377,2.6083-2.8735,5.9686-5.0398,10.0797-6.499,4.1111-1.4592,8.4437-2.1881,12.9968-2.1881,4.7311,0,8.9087.8295,12.5342,2.4872Z\" fill=\"#fff\"><\/path><\/g><\/svg>\t\t\t\t<\/span>\n\t\t\t<\/div>\n\t\t\t\n\t\t\t\t\t\t<div class=\"elementor-icon-box-content\">\n\n\t\t\t\t\t\t\t\t\t<h3 class=\"elementor-icon-box-title\">\n\t\t\t\t\t\t<span  >\n\t\t\t\t\t\t\tS\u00e9curiser\t\t\t\t\t\t<\/span>\n\t\t\t\t\t<\/h3>\n\t\t\t\t\n\t\t\t\t\t\t\t\t\t<p class=\"elementor-icon-box-description\">\n\t\t\t\t\t\tdocuments, d\u00e9lais, \u00e9changes, preuves, coh\u00e9rence des d\u00e9marches.\t\t\t\t\t<\/p>\n\t\t\t\t\n\t\t\t<\/div>\n\t\t\t\n\t\t<\/div>\n\t\t\t\t\t\t<\/div>\n\t\t\t\t<\/div>\n\t\t\t\t<\/div>\n\t\t<div class=\"elementor-element elementor-element-8d55811 e-con-full e-flex e-con e-child\" data-id=\"8d55811\" data-element_type=\"container\">\n\t\t<div class=\"elementor-element elementor-element-51e3258 e-con-full e-flex e-con e-child\" data-id=\"51e3258\" data-element_type=\"container\" data-settings=\"{&quot;background_background&quot;:&quot;classic&quot;}\">\n\t\t\t\t<div class=\"elementor-element elementor-element-4a1b192 elementor-view-default elementor-position-block-start elementor-mobile-position-block-start elementor-widget elementor-widget-icon-box\" data-id=\"4a1b192\" data-element_type=\"widget\" data-widget_type=\"icon-box.default\">\n\t\t\t\t\t\t\t<div class=\"elementor-icon-box-wrapper\">\n\n\t\t\t\t\t\t<div class=\"elementor-icon-box-icon\">\n\t\t\t\t<span  class=\"elementor-icon\">\n\t\t\t\t<svg xmlns=\"http:\/\/www.w3.org\/2000\/svg\" id=\"Calque_2\" data-name=\"Calque 2\" viewBox=\"0 0 200 200\"><g id=\"Calque_1-2\" data-name=\"Calque 1\"><circle cx=\"100\" cy=\"100\" r=\"100\" fill=\"#d1be95\"><\/circle><path d=\"M116.5319,135.3285c0,3.4706.2803,5.9943.8445,7.5722.563,1.5779,1.6001,2.6595,3.1101,3.2459,1.51.5852,3.9324.9458,7.2691,1.0816v2.7718c-3.8775-.2704-9.7816-.4062-17.7156-.4062-8.4291,0-15.0778.1358-19.946.4062v-2.7718c4.1016-.1358,7.0993-.4963,8.9933-1.0816,1.8927-.5865,3.2003-1.668,3.9213-3.2459s1.0816-4.1016,1.0816-7.5722v-10.954h-38.066v-2.7718l48.3434-71.6027h2.1644v65.1108h17.444v9.2637h-17.444v10.954ZM104.0901,69.3374l-30.6284,45.7734h30.6284v-45.7734Z\" fill=\"#fff\"><\/path><\/g><\/svg>\t\t\t\t<\/span>\n\t\t\t<\/div>\n\t\t\t\n\t\t\t\t\t\t<div class=\"elementor-icon-box-content\">\n\n\t\t\t\t\t\t\t\t\t<h3 class=\"elementor-icon-box-title\">\n\t\t\t\t\t\t<span  >\n\t\t\t\t\t\t\tAccompagner\t\t\t\t\t\t<\/span>\n\t\t\t\t\t<\/h3>\n\t\t\t\t\n\t\t\t\t\t\t\t\t\t<p class=\"elementor-icon-box-description\">\n\t\t\t\t\t\tn\u00e9gociation, audiences, formalit\u00e9s, suivi jusqu\u2019\u00e0 l\u2019issue.\t\t\t\t\t<\/p>\n\t\t\t\t\n\t\t\t<\/div>\n\t\t\t\n\t\t<\/div>\n\t\t\t\t\t\t<\/div>\n\t\t\t\t<\/div>\n\t\t\t\t<\/div>\n\t\t\t\t<\/div>\n\t\t\t\t\t<\/div>\n\t\t\t\t<\/div>\n\t\t<div class=\"elementor-element elementor-element-f3e8e81 e-con-full e-flex e-con e-child\" data-id=\"f3e8e81\" data-element_type=\"container\" data-settings=\"{&quot;background_background&quot;:&quot;classic&quot;}\">\n\t\t\t\t<div class=\"elementor-element elementor-element-72144f6 elementor-widget elementor-widget-heading\" data-id=\"72144f6\" data-element_type=\"widget\" data-widget_type=\"heading.default\">\n\t\t\t\t\t<h2 class=\"elementor-heading-title elementor-size-default\">Aller plus loin<\/h2>\t\t\t\t<\/div>\n\t\t\t\t<div class=\"elementor-element elementor-element-93a4a97 elementor-widget__width-initial elementor-widget-mobile__width-inherit elementor-widget elementor-widget-text-editor\" data-id=\"93a4a97\" data-element_type=\"widget\" data-widget_type=\"text-editor.default\">\n\t\t\t\t\t\t\t\t\t<p>Pour approfondir chaque th\u00e9matique, vous pouvez consulter les pages d\u00e9di\u00e9es. Si vous \u00eates face \u00e0 une urgence, un courrier, ou une d\u00e9cision \u00e0 prendre rapidement, une consultation peut permettre de cadrer la situation et les prochaines \u00e9tapes.<\/p>\t\t\t\t\t\t\t\t<\/div>\n\t\t<div class=\"elementor-element elementor-element-a6f9f03 e-con-full e-flex e-con e-child\" data-id=\"a6f9f03\" data-element_type=\"container\">\n\t\t\t\t<div class=\"elementor-element elementor-element-15271a1 elementor-align-left elementor-widget elementor-widget-button\" data-id=\"15271a1\" data-element_type=\"widget\" data-widget_type=\"button.default\">\n\t\t\t\t\t\t\t\t\t\t<a class=\"elementor-button elementor-button-link elementor-size-sm\" href=\"tel:+33465848884\">\n\t\t\t\t\t\t<span class=\"elementor-button-content-wrapper\">\n\t\t\t\t\t\t<span class=\"elementor-button-icon\">\n\t\t\t\t<svg aria-hidden=\"true\" class=\"e-font-icon-svg e-fas-phone-alt\" viewBox=\"0 0 512 512\" xmlns=\"http:\/\/www.w3.org\/2000\/svg\"><path d=\"M497.39 361.8l-112-48a24 24 0 0 0-28 6.9l-49.6 60.6A370.66 370.66 0 0 1 130.6 204.11l60.6-49.6a23.94 23.94 0 0 0 6.9-28l-48-112A24.16 24.16 0 0 0 122.6.61l-104 24A24 24 0 0 0 0 48c0 256.5 207.9 464 464 464a24 24 0 0 0 23.4-18.6l24-104a24.29 24.29 0 0 0-14.01-27.6z\"><\/path><\/svg>\t\t\t<\/span>\n\t\t\t\t\t\t\t\t\t<span class=\"elementor-button-text\">Nous appeler<\/span>\n\t\t\t\t\t<\/span>\n\t\t\t\t\t<\/a>\n\t\t\t\t\t\t\t\t<\/div>\n\t\t\t\t<div class=\"elementor-element elementor-element-0dfce97 elementor-align-left elementor-widget elementor-widget-button\" data-id=\"0dfce97\" data-element_type=\"widget\" data-widget_type=\"button.default\">\n\t\t\t\t\t\t\t\t\t\t<a class=\"elementor-button elementor-button-link elementor-size-sm\" href=\"https:\/\/sion.beestk.com\/fr\/contact\/\">\n\t\t\t\t\t\t<span class=\"elementor-button-content-wrapper\">\n\t\t\t\t\t\t<span class=\"elementor-button-icon\">\n\t\t\t\t<svg aria-hidden=\"true\" class=\"e-font-icon-svg e-far-envelope\" viewBox=\"0 0 512 512\" xmlns=\"http:\/\/www.w3.org\/2000\/svg\"><path d=\"M464 64H48C21.49 64 0 85.49 0 112v288c0 26.51 21.49 48 48 48h416c26.51 0 48-21.49 48-48V112c0-26.51-21.49-48-48-48zm0 48v40.805c-22.422 18.259-58.168 46.651-134.587 106.49-16.841 13.247-50.201 45.072-73.413 44.701-23.208.375-56.579-31.459-73.413-44.701C106.18 199.465 70.425 171.067 48 152.805V112h416zM48 400V214.398c22.914 18.251 55.409 43.862 104.938 82.646 21.857 17.205 60.134 55.186 103.062 54.955 42.717.231 80.509-37.199 103.053-54.947 49.528-38.783 82.032-64.401 104.947-82.653V400H48z\"><\/path><\/svg>\t\t\t<\/span>\n\t\t\t\t\t\t\t\t\t<span class=\"elementor-button-text\">Nous \u00e9crire<\/span>\n\t\t\t\t\t<\/span>\n\t\t\t\t\t<\/a>\n\t\t\t\t\t\t\t\t<\/div>\n\t\t\t\t<\/div>\n\t\t\t\t<\/div>\n\t\t<div class=\"elementor-element elementor-element-e519108 e-flex e-con-boxed e-con e-parent\" data-id=\"e519108\" data-element_type=\"container\">\n\t\t\t\t\t<div class=\"e-con-inner\">\n\t\t<div class=\"elementor-element elementor-element-0c3ebe6 e-con-full e-flex e-con e-child\" data-id=\"0c3ebe6\" data-element_type=\"container\">\n\t\t\t\t<div class=\"elementor-element elementor-element-2c2b198 title-line elementor-widget elementor-widget-heading\" data-id=\"2c2b198\" data-element_type=\"widget\" data-widget_type=\"heading.default\">\n\t\t\t\t\t<h2 class=\"elementor-heading-title elementor-size-default\">FAQ - Droit des entreprises en difficult\u00e9<\/h2>\t\t\t\t<\/div>\n\t\t\t\t<div class=\"elementor-element elementor-element-7941ccb elementor-widget elementor-widget-n-accordion\" data-id=\"7941ccb\" data-element_type=\"widget\" data-settings=\"{&quot;default_state&quot;:&quot;expanded&quot;,&quot;max_items_expended&quot;:&quot;one&quot;,&quot;n_accordion_animation_duration&quot;:{&quot;unit&quot;:&quot;ms&quot;,&quot;size&quot;:400,&quot;sizes&quot;:[]}}\" data-widget_type=\"nested-accordion.default\">\n\t\t\t\t\t\t\t<div class=\"e-n-accordion\" aria-label=\"Accordion. Open links with Enter or Space, close with Escape, and navigate with Arrow Keys\">\n\t\t\t\t\t\t<details id=\"e-n-accordion-item-1270\" class=\"e-n-accordion-item\" open>\n\t\t\t\t<summary class=\"e-n-accordion-item-title\" data-accordion-index=\"1\" tabindex=\"0\" aria-expanded=\"true\" aria-controls=\"e-n-accordion-item-1270\" >\n\t\t\t\t\t<span class='e-n-accordion-item-title-header'><h3 class=\"e-n-accordion-item-title-text\"> Quels sont les premiers signes d\u2019une entreprise en difficult\u00e9 ? <\/h3><\/span>\n\t\t\t\t\t\t\t<span class='e-n-accordion-item-title-icon'>\n\t\t\t<span class='e-opened' ><svg aria-hidden=\"true\" class=\"e-font-icon-svg e-fas-minus\" viewBox=\"0 0 448 512\" xmlns=\"http:\/\/www.w3.org\/2000\/svg\"><path d=\"M416 208H32c-17.67 0-32 14.33-32 32v32c0 17.67 14.33 32 32 32h384c17.67 0 32-14.33 32-32v-32c0-17.67-14.33-32-32-32z\"><\/path><\/svg><\/span>\n\t\t\t<span class='e-closed'><svg aria-hidden=\"true\" class=\"e-font-icon-svg e-fas-plus\" viewBox=\"0 0 448 512\" xmlns=\"http:\/\/www.w3.org\/2000\/svg\"><path d=\"M416 208H272V64c0-17.67-14.33-32-32-32h-32c-17.67 0-32 14.33-32 32v144H32c-17.67 0-32 14.33-32 32v32c0 17.67 14.33 32 32 32h144v144c0 17.67 14.33 32 32 32h32c17.67 0 32-14.33 32-32V304h144c17.67 0 32-14.33 32-32v-32c0-17.67-14.33-32-32-32z\"><\/path><\/svg><\/span>\n\t\t<\/span>\n\n\t\t\t\t\t\t<\/summary>\n\t\t\t\t<div role=\"region\" aria-labelledby=\"e-n-accordion-item-1270\" class=\"elementor-element elementor-element-7705da4 e-con-full e-flex e-con e-child\" data-id=\"7705da4\" data-element_type=\"container\">\n\t\t\t\t<div class=\"elementor-element elementor-element-3b1ec66 elementor-widget elementor-widget-text-editor\" data-id=\"3b1ec66\" data-element_type=\"widget\" data-widget_type=\"text-editor.default\">\n\t\t\t\t\t\t\t\t\t<p>Les signaux les plus fr\u00e9quents sont les tensions de tr\u00e9sorerie, les retards de paiement (charges, fournisseurs, fiscalit\u00e9), la multiplication des relances, la baisse durable d\u2019activit\u00e9, ou la perte d\u2019un partenaire cl\u00e9. L\u2019important est de ne pas rester seul : un cadrage rapide permet d\u2019identifier les options r\u00e9alistes.<\/p>\t\t\t\t\t\t\t\t<\/div>\n\t\t\t\t<\/div>\n\t\t\t\t\t<\/details>\n\t\t\t\t\t\t<details id=\"e-n-accordion-item-1271\" class=\"e-n-accordion-item\" >\n\t\t\t\t<summary class=\"e-n-accordion-item-title\" data-accordion-index=\"2\" tabindex=\"-1\" aria-expanded=\"false\" aria-controls=\"e-n-accordion-item-1271\" >\n\t\t\t\t\t<span class='e-n-accordion-item-title-header'><h3 class=\"e-n-accordion-item-title-text\"> Quand faut-il r\u00e9agir face \u00e0 une difficult\u00e9 de tr\u00e9sorerie ? <\/h3><\/span>\n\t\t\t\t\t\t\t<span class='e-n-accordion-item-title-icon'>\n\t\t\t<span class='e-opened' ><svg aria-hidden=\"true\" class=\"e-font-icon-svg e-fas-minus\" viewBox=\"0 0 448 512\" xmlns=\"http:\/\/www.w3.org\/2000\/svg\"><path d=\"M416 208H32c-17.67 0-32 14.33-32 32v32c0 17.67 14.33 32 32 32h384c17.67 0 32-14.33 32-32v-32c0-17.67-14.33-32-32-32z\"><\/path><\/svg><\/span>\n\t\t\t<span class='e-closed'><svg aria-hidden=\"true\" class=\"e-font-icon-svg e-fas-plus\" viewBox=\"0 0 448 512\" xmlns=\"http:\/\/www.w3.org\/2000\/svg\"><path d=\"M416 208H272V64c0-17.67-14.33-32-32-32h-32c-17.67 0-32 14.33-32 32v144H32c-17.67 0-32 14.33-32 32v32c0 17.67 14.33 32 32 32h144v144c0 17.67 14.33 32 32 32h32c17.67 0 32-14.33 32-32V304h144c17.67 0 32-14.33 32-32v-32c0-17.67-14.33-32-32-32z\"><\/path><\/svg><\/span>\n\t\t<\/span>\n\n\t\t\t\t\t\t<\/summary>\n\t\t\t\t<div role=\"region\" aria-labelledby=\"e-n-accordion-item-1271\" class=\"elementor-element elementor-element-a0259bd e-con-full e-flex e-con e-child\" data-id=\"a0259bd\" data-element_type=\"container\">\n\t\t\t\t<div class=\"elementor-element elementor-element-e70a54f elementor-widget elementor-widget-text-editor\" data-id=\"e70a54f\" data-element_type=\"widget\" data-widget_type=\"text-editor.default\">\n\t\t\t\t\t\t\t\t\t<p>Le plus t\u00f4t possible. Plus l\u2019action est pr\u00e9coce, plus les solutions amiables (mandat ad hoc, conciliation) sont envisageables et efficaces. Attendre peut r\u00e9duire les options et accro\u00eetre le risque d\u2019une proc\u00e9dure collective.<\/p>\t\t\t\t\t\t\t\t<\/div>\n\t\t\t\t<\/div>\n\t\t\t\t\t<\/details>\n\t\t\t\t\t\t<details id=\"e-n-accordion-item-1272\" class=\"e-n-accordion-item\" >\n\t\t\t\t<summary class=\"e-n-accordion-item-title\" data-accordion-index=\"3\" tabindex=\"-1\" aria-expanded=\"false\" aria-controls=\"e-n-accordion-item-1272\" >\n\t\t\t\t\t<span class='e-n-accordion-item-title-header'><h3 class=\"e-n-accordion-item-title-text\"> Quelle est la diff\u00e9rence entre mandat ad hoc et conciliation ? <\/h3><\/span>\n\t\t\t\t\t\t\t<span class='e-n-accordion-item-title-icon'>\n\t\t\t<span class='e-opened' ><svg aria-hidden=\"true\" class=\"e-font-icon-svg e-fas-minus\" viewBox=\"0 0 448 512\" xmlns=\"http:\/\/www.w3.org\/2000\/svg\"><path d=\"M416 208H32c-17.67 0-32 14.33-32 32v32c0 17.67 14.33 32 32 32h384c17.67 0 32-14.33 32-32v-32c0-17.67-14.33-32-32-32z\"><\/path><\/svg><\/span>\n\t\t\t<span class='e-closed'><svg aria-hidden=\"true\" class=\"e-font-icon-svg e-fas-plus\" viewBox=\"0 0 448 512\" xmlns=\"http:\/\/www.w3.org\/2000\/svg\"><path d=\"M416 208H272V64c0-17.67-14.33-32-32-32h-32c-17.67 0-32 14.33-32 32v144H32c-17.67 0-32 14.33-32 32v32c0 17.67 14.33 32 32 32h144v144c0 17.67 14.33 32 32 32h32c17.67 0 32-14.33 32-32V304h144c17.67 0 32-14.33 32-32v-32c0-17.67-14.33-32-32-32z\"><\/path><\/svg><\/span>\n\t\t<\/span>\n\n\t\t\t\t\t\t<\/summary>\n\t\t\t\t<div role=\"region\" aria-labelledby=\"e-n-accordion-item-1272\" class=\"elementor-element elementor-element-0fece09 e-con-full e-flex e-con e-child\" data-id=\"0fece09\" data-element_type=\"container\">\n\t\t\t\t<div class=\"elementor-element elementor-element-b2f6d2b elementor-widget elementor-widget-text-editor\" data-id=\"b2f6d2b\" data-element_type=\"widget\" data-widget_type=\"text-editor.default\">\n\t\t\t\t\t\t\t\t\t<p>Ce sont deux proc\u00e9dures amiables destin\u00e9es \u00e0 organiser une n\u00e9gociation avec les cr\u00e9anciers. Elles se diff\u00e9rencient par leurs conditions et leur cadre, mais l\u2019objectif est similaire : obtenir un accord pour stabiliser la situation et \u00e9viter une proc\u00e9dure plus lourde.<\/p>\t\t\t\t\t\t\t\t<\/div>\n\t\t\t\t<\/div>\n\t\t\t\t\t<\/details>\n\t\t\t\t\t\t<details id=\"e-n-accordion-item-1273\" class=\"e-n-accordion-item\" >\n\t\t\t\t<summary class=\"e-n-accordion-item-title\" data-accordion-index=\"4\" tabindex=\"-1\" aria-expanded=\"false\" aria-controls=\"e-n-accordion-item-1273\" >\n\t\t\t\t\t<span class='e-n-accordion-item-title-header'><h3 class=\"e-n-accordion-item-title-text\"> Le redressement judiciaire signifie-t-il forc\u00e9ment la fin de l\u2019entreprise ? <\/h3><\/span>\n\t\t\t\t\t\t\t<span class='e-n-accordion-item-title-icon'>\n\t\t\t<span class='e-opened' ><svg aria-hidden=\"true\" class=\"e-font-icon-svg e-fas-minus\" viewBox=\"0 0 448 512\" xmlns=\"http:\/\/www.w3.org\/2000\/svg\"><path d=\"M416 208H32c-17.67 0-32 14.33-32 32v32c0 17.67 14.33 32 32 32h384c17.67 0 32-14.33 32-32v-32c0-17.67-14.33-32-32-32z\"><\/path><\/svg><\/span>\n\t\t\t<span class='e-closed'><svg aria-hidden=\"true\" class=\"e-font-icon-svg e-fas-plus\" viewBox=\"0 0 448 512\" xmlns=\"http:\/\/www.w3.org\/2000\/svg\"><path d=\"M416 208H272V64c0-17.67-14.33-32-32-32h-32c-17.67 0-32 14.33-32 32v144H32c-17.67 0-32 14.33-32 32v32c0 17.67 14.33 32 32 32h144v144c0 17.67 14.33 32 32 32h32c17.67 0 32-14.33 32-32V304h144c17.67 0 32-14.33 32-32v-32c0-17.67-14.33-32-32-32z\"><\/path><\/svg><\/span>\n\t\t<\/span>\n\n\t\t\t\t\t\t<\/summary>\n\t\t\t\t<div role=\"region\" aria-labelledby=\"e-n-accordion-item-1273\" class=\"elementor-element elementor-element-088e896 e-flex e-con-boxed e-con e-child\" data-id=\"088e896\" data-element_type=\"container\">\n\t\t\t\t\t<div class=\"e-con-inner\">\n\t\t\t\t<div class=\"elementor-element elementor-element-d85458c elementor-widget elementor-widget-text-editor\" data-id=\"d85458c\" data-element_type=\"widget\" data-widget_type=\"text-editor.default\">\n\t\t\t\t\t\t\t\t\t<p>Non. L\u2019objectif du redressement est de rechercher la poursuite de l\u2019activit\u00e9 lorsque c\u2019est possible, via un plan ou, selon les cas, une solution de reprise. Tout d\u00e9pend de la viabilit\u00e9 de l\u2019entreprise et des options disponibles.<\/p>\t\t\t\t\t\t\t\t<\/div>\n\t\t\t\t\t<\/div>\n\t\t\t\t<\/div>\n\t\t\t\t\t<\/details>\n\t\t\t\t\t\t<details id=\"e-n-accordion-item-1274\" class=\"e-n-accordion-item\" >\n\t\t\t\t<summary class=\"e-n-accordion-item-title\" data-accordion-index=\"5\" tabindex=\"-1\" aria-expanded=\"false\" aria-controls=\"e-n-accordion-item-1274\" >\n\t\t\t\t\t<span class='e-n-accordion-item-title-header'><h3 class=\"e-n-accordion-item-title-text\"> Le dirigeant est-il personnellement en risque ? <\/h3><\/span>\n\t\t\t\t\t\t\t<span class='e-n-accordion-item-title-icon'>\n\t\t\t<span class='e-opened' ><svg aria-hidden=\"true\" class=\"e-font-icon-svg e-fas-minus\" viewBox=\"0 0 448 512\" xmlns=\"http:\/\/www.w3.org\/2000\/svg\"><path d=\"M416 208H32c-17.67 0-32 14.33-32 32v32c0 17.67 14.33 32 32 32h384c17.67 0 32-14.33 32-32v-32c0-17.67-14.33-32-32-32z\"><\/path><\/svg><\/span>\n\t\t\t<span class='e-closed'><svg aria-hidden=\"true\" class=\"e-font-icon-svg e-fas-plus\" viewBox=\"0 0 448 512\" xmlns=\"http:\/\/www.w3.org\/2000\/svg\"><path d=\"M416 208H272V64c0-17.67-14.33-32-32-32h-32c-17.67 0-32 14.33-32 32v144H32c-17.67 0-32 14.33-32 32v32c0 17.67 14.33 32 32 32h144v144c0 17.67 14.33 32 32 32h32c17.67 0 32-14.33 32-32V304h144c17.67 0 32-14.33 32-32v-32c0-17.67-14.33-32-32-32z\"><\/path><\/svg><\/span>\n\t\t<\/span>\n\n\t\t\t\t\t\t<\/summary>\n\t\t\t\t<div role=\"region\" aria-labelledby=\"e-n-accordion-item-1274\" class=\"elementor-element elementor-element-8e3fdb5 e-flex e-con-boxed e-con e-child\" data-id=\"8e3fdb5\" data-element_type=\"container\">\n\t\t\t\t\t<div class=\"e-con-inner\">\n\t\t\t\t<div class=\"elementor-element elementor-element-c32249b elementor-widget elementor-widget-text-editor\" data-id=\"c32249b\" data-element_type=\"widget\" data-widget_type=\"text-editor.default\">\n\t\t\t\t\t\t\t\t\t<p>Cela d\u00e9pend de la situation (gestion, garanties, dettes, contexte). Un accompagnement permet d\u2019identifier les points sensibles, de s\u00e9curiser les d\u00e9marches et de limiter les cons\u00e9quences lorsque la proc\u00e9dure devient in\u00e9vitable.<\/p>\t\t\t\t\t\t\t\t<\/div>\n\t\t\t\t\t<\/div>\n\t\t\t\t<\/div>\n\t\t\t\t\t<\/details>\n\t\t\t\t\t\t<details id=\"e-n-accordion-item-1275\" class=\"e-n-accordion-item\" >\n\t\t\t\t<summary class=\"e-n-accordion-item-title\" data-accordion-index=\"6\" tabindex=\"-1\" aria-expanded=\"false\" aria-controls=\"e-n-accordion-item-1275\" >\n\t\t\t\t\t<span class='e-n-accordion-item-title-header'><h3 class=\"e-n-accordion-item-title-text\"> Peut-on reprendre une entreprise en difficult\u00e9 ? <\/h3><\/span>\n\t\t\t\t\t\t\t<span class='e-n-accordion-item-title-icon'>\n\t\t\t<span class='e-opened' ><svg aria-hidden=\"true\" class=\"e-font-icon-svg e-fas-minus\" viewBox=\"0 0 448 512\" xmlns=\"http:\/\/www.w3.org\/2000\/svg\"><path d=\"M416 208H32c-17.67 0-32 14.33-32 32v32c0 17.67 14.33 32 32 32h384c17.67 0 32-14.33 32-32v-32c0-17.67-14.33-32-32-32z\"><\/path><\/svg><\/span>\n\t\t\t<span class='e-closed'><svg aria-hidden=\"true\" class=\"e-font-icon-svg e-fas-plus\" viewBox=\"0 0 448 512\" xmlns=\"http:\/\/www.w3.org\/2000\/svg\"><path d=\"M416 208H272V64c0-17.67-14.33-32-32-32h-32c-17.67 0-32 14.33-32 32v144H32c-17.67 0-32 14.33-32 32v32c0 17.67 14.33 32 32 32h144v144c0 17.67 14.33 32 32 32h32c17.67 0 32-14.33 32-32V304h144c17.67 0 32-14.33 32-32v-32c0-17.67-14.33-32-32-32z\"><\/path><\/svg><\/span>\n\t\t<\/span>\n\n\t\t\t\t\t\t<\/summary>\n\t\t\t\t<div role=\"region\" aria-labelledby=\"e-n-accordion-item-1275\" class=\"elementor-element elementor-element-e1dfe28 e-flex e-con-boxed e-con e-child\" data-id=\"e1dfe28\" data-element_type=\"container\">\n\t\t\t\t\t<div class=\"e-con-inner\">\n\t\t\t\t<div class=\"elementor-element elementor-element-5db9f87 elementor-widget elementor-widget-text-editor\" data-id=\"5db9f87\" data-element_type=\"widget\" data-widget_type=\"text-editor.default\">\n\t\t\t\t\t\t\t\t\t<p>Oui. Il est possible de reprendre une activit\u00e9 ou des actifs, notamment dans le cadre d\u2019une cession organis\u00e9e. La reprise se pr\u00e9pare : p\u00e9rim\u00e8tre, risques, contrats, social, calendrier et garanties doivent \u00eatre s\u00e9curis\u00e9s.<\/p>\t\t\t\t\t\t\t\t<\/div>\n\t\t\t\t\t<\/div>\n\t\t\t\t<\/div>\n\t\t\t\t\t<\/details>\n\t\t\t\t\t\t<details id=\"e-n-accordion-item-1276\" class=\"e-n-accordion-item\" >\n\t\t\t\t<summary class=\"e-n-accordion-item-title\" data-accordion-index=\"7\" tabindex=\"-1\" aria-expanded=\"false\" aria-controls=\"e-n-accordion-item-1276\" >\n\t\t\t\t\t<span class='e-n-accordion-item-title-header'><h3 class=\"e-n-accordion-item-title-text\"> Peut-on se faire accompagner uniquement pour un point pr\u00e9cis ? <\/h3><\/span>\n\t\t\t\t\t\t\t<span class='e-n-accordion-item-title-icon'>\n\t\t\t<span class='e-opened' ><svg aria-hidden=\"true\" class=\"e-font-icon-svg e-fas-minus\" viewBox=\"0 0 448 512\" xmlns=\"http:\/\/www.w3.org\/2000\/svg\"><path d=\"M416 208H32c-17.67 0-32 14.33-32 32v32c0 17.67 14.33 32 32 32h384c17.67 0 32-14.33 32-32v-32c0-17.67-14.33-32-32-32z\"><\/path><\/svg><\/span>\n\t\t\t<span class='e-closed'><svg aria-hidden=\"true\" class=\"e-font-icon-svg e-fas-plus\" viewBox=\"0 0 448 512\" xmlns=\"http:\/\/www.w3.org\/2000\/svg\"><path d=\"M416 208H272V64c0-17.67-14.33-32-32-32h-32c-17.67 0-32 14.33-32 32v144H32c-17.67 0-32 14.33-32 32v32c0 17.67 14.33 32 32 32h144v144c0 17.67 14.33 32 32 32h32c17.67 0 32-14.33 32-32V304h144c17.67 0 32-14.33 32-32v-32c0-17.67-14.33-32-32-32z\"><\/path><\/svg><\/span>\n\t\t<\/span>\n\n\t\t\t\t\t\t<\/summary>\n\t\t\t\t<div role=\"region\" aria-labelledby=\"e-n-accordion-item-1276\" class=\"elementor-element elementor-element-ebef131 e-flex e-con-boxed e-con e-child\" data-id=\"ebef131\" data-element_type=\"container\">\n\t\t\t\t\t<div class=\"e-con-inner\">\n\t\t\t\t<div class=\"elementor-element elementor-element-8ad1e0a elementor-widget elementor-widget-text-editor\" data-id=\"8ad1e0a\" data-element_type=\"widget\" data-widget_type=\"text-editor.default\">\n\t\t\t\t\t\t\t\t\t<p>Oui. L\u2019intervention peut \u00eatre ponctuelle (analyse, strat\u00e9gie, relecture, n\u00e9gociation) ou plus globale, selon vos enjeux et votre calendrier.<\/p>\t\t\t\t\t\t\t\t<\/div>\n\t\t\t\t\t<\/div>\n\t\t\t\t<\/div>\n\t\t\t\t\t<\/details>\n\t\t\t\t\t<\/div>\n\t\t\t\t\t<script type=\"application\/ld+json\">{\"@context\":\"https:\\\/\\\/schema.org\",\"@type\":\"FAQPage\",\"mainEntity\":[{\"@type\":\"Question\",\"name\":\"Quels sont les premiers signes d\\u2019une entreprise en difficult\\u00e9 ?\",\"acceptedAnswer\":{\"@type\":\"Answer\",\"text\":\"Les signaux les plus fr\\u00e9quents sont les tensions de tr\\u00e9sorerie, les retards de paiement (charges, fournisseurs, fiscalit\\u00e9), la multiplication des relances, la baisse durable d\\u2019activit\\u00e9, ou la perte d\\u2019un partenaire cl\\u00e9. L\\u2019important est de ne pas rester seul : un cadrage rapide permet d\\u2019identifier les options r\\u00e9alistes.\"}},{\"@type\":\"Question\",\"name\":\"Quand faut-il r\\u00e9agir face \\u00e0 une difficult\\u00e9 de tr\\u00e9sorerie ?\",\"acceptedAnswer\":{\"@type\":\"Answer\",\"text\":\"Le plus t\\u00f4t possible. Plus l\\u2019action est pr\\u00e9coce, plus les solutions amiables (mandat ad hoc, conciliation) sont envisageables et efficaces. Attendre peut r\\u00e9duire les options et accro\\u00eetre le risque d\\u2019une proc\\u00e9dure collective.\"}},{\"@type\":\"Question\",\"name\":\"Quelle est la diff\\u00e9rence entre mandat ad hoc et conciliation ?\",\"acceptedAnswer\":{\"@type\":\"Answer\",\"text\":\"Ce sont deux proc\\u00e9dures amiables destin\\u00e9es \\u00e0 organiser une n\\u00e9gociation avec les cr\\u00e9anciers. Elles se diff\\u00e9rencient par leurs conditions et leur cadre, mais l\\u2019objectif est similaire : obtenir un accord pour stabiliser la situation et \\u00e9viter une proc\\u00e9dure plus lourde.\"}},{\"@type\":\"Question\",\"name\":\"Le redressement judiciaire signifie-t-il forc\\u00e9ment la fin de l\\u2019entreprise ?\",\"acceptedAnswer\":{\"@type\":\"Answer\",\"text\":\"Non. L\\u2019objectif du redressement est de rechercher la poursuite de l\\u2019activit\\u00e9 lorsque c\\u2019est possible, via un plan ou, selon les cas, une solution de reprise. Tout d\\u00e9pend de la viabilit\\u00e9 de l\\u2019entreprise et des options disponibles.\"}},{\"@type\":\"Question\",\"name\":\"Le dirigeant est-il personnellement en risque ?\",\"acceptedAnswer\":{\"@type\":\"Answer\",\"text\":\"Cela d\\u00e9pend de la situation (gestion, garanties, dettes, contexte). Un accompagnement permet d\\u2019identifier les points sensibles, de s\\u00e9curiser les d\\u00e9marches et de limiter les cons\\u00e9quences lorsque la proc\\u00e9dure devient in\\u00e9vitable.\"}},{\"@type\":\"Question\",\"name\":\"Peut-on reprendre une entreprise en difficult\\u00e9 ?\",\"acceptedAnswer\":{\"@type\":\"Answer\",\"text\":\"Oui. Il est possible de reprendre une activit\\u00e9 ou des actifs, notamment dans le cadre d\\u2019une cession organis\\u00e9e. La reprise se pr\\u00e9pare : p\\u00e9rim\\u00e8tre, risques, contrats, social, calendrier et garanties doivent \\u00eatre s\\u00e9curis\\u00e9s.\"}},{\"@type\":\"Question\",\"name\":\"Peut-on se faire accompagner uniquement pour un point pr\\u00e9cis ?\",\"acceptedAnswer\":{\"@type\":\"Answer\",\"text\":\"Oui. L\\u2019intervention peut \\u00eatre ponctuelle (analyse, strat\\u00e9gie, relecture, n\\u00e9gociation) ou plus globale, selon vos enjeux et votre calendrier.\"}}]}<\/script>\n\t\t\t\t\t\t\t<\/div>\n\t\t\t\t<\/div>\n\t\t<div class=\"elementor-element elementor-element-c4aaf42 e-con-full image-frame left-frame elementor-hidden-mobile e-flex e-con e-child\" data-id=\"c4aaf42\" data-element_type=\"container\">\n\t\t\t\t<div class=\"elementor-element elementor-element-abbcc76 elementor-widget elementor-widget-image\" data-id=\"abbcc76\" data-element_type=\"widget\" data-widget_type=\"image.default\">\n\t\t\t\t\t\t\t\t\t\t\t\t\t\t\t<img fetchpriority=\"high\" decoding=\"async\" width=\"500\" height=\"750\" src=\"https:\/\/sion.beestk.com\/wp-content\/uploads\/2026\/01\/consultation-faq.webp\" class=\"attachment-large size-large wp-image-847\" alt=\"\" srcset=\"https:\/\/sion.beestk.com\/wp-content\/uploads\/2026\/01\/consultation-faq.webp 500w, https:\/\/sion.beestk.com\/wp-content\/uploads\/2026\/01\/consultation-faq-200x300.webp 200w\" sizes=\"(max-width: 500px) 100vw, 500px\" \/>\t\t\t\t\t\t\t\t\t\t\t\t\t\t\t<\/div>\n\t\t\t\t<\/div>\n\t\t\t\t\t<\/div>\n\t\t\t\t<\/div>\n\t\t\t\t<\/div>\n\t\t","protected":false},"excerpt":{"rendered":"<p>Le droit des entreprises en difficult\u00e9 encadre les solutions permettant d\u2019anticiper, traiter et r\u00e9soudre une situation de crise : n\u00e9gociations amiables, redressement ou liquidation, ainsi que les op\u00e9rations de reprise. L\u2019enjeu est d\u2019agir t\u00f4t, de choisir la bonne voie, et de prot\u00e9ger au mieux l\u2019entreprise, le dirigeant et l\u2019activit\u00e9. Comprendre le droit des entreprises en [&hellip;]<\/p>\n","protected":false},"author":3,"featured_media":0,"parent":286,"menu_order":0,"comment_status":"closed","ping_status":"closed","template":"","meta":{"_acf_changed":false,"footnotes":""},"class_list":["post-296","page","type-page","status-publish","hentry"],"acf":[],"yoast_head":"<!-- This site is optimized with the Yoast SEO plugin v26.8 - https:\/\/yoast.com\/product\/yoast-seo-wordpress\/ -->\n<title>Droit des entreprises en difficult\u00e9 | Pr\u00e9vention &amp; proc\u00e9dures collectives<\/title>\n<meta name=\"description\" content=\"Droit des entreprises en difficult\u00e9 : pr\u00e9vention, mandat ad hoc, conciliation, redressement et liquidation, rachat\/cession...\" \/>\n<meta name=\"robots\" content=\"noindex, follow, max-snippet:-1, max-image-preview:large, max-video-preview:-1\" \/>\n<meta property=\"og:locale\" content=\"fr_FR\" \/>\n<meta property=\"og:type\" content=\"article\" \/>\n<meta property=\"og:title\" content=\"Droit des entreprises en difficult\u00e9 | Pr\u00e9vention &amp; proc\u00e9dures collectives\" \/>\n<meta property=\"og:description\" content=\"Droit des entreprises en difficult\u00e9 : pr\u00e9vention, mandat ad hoc, conciliation, redressement et liquidation, rachat\/cession...\" \/>\n<meta property=\"og:url\" content=\"https:\/\/sion.beestk.com\/fr\/nos-expertises\/droit-des-entreprises-en-difficulte\/\" \/>\n<meta property=\"og:site_name\" content=\"Sion Avocat\" \/>\n<meta property=\"article:publisher\" content=\"https:\/\/maps.app.goo.gl\/wgFyjZZdY3JC98nZA\" \/>\n<meta property=\"article:modified_time\" content=\"2026-02-05T11:47:25+00:00\" \/>\n<meta property=\"og:image\" content=\"https:\/\/sion.beestk.com\/wp-content\/uploads\/2026\/01\/consultation-faq.webp\" \/>\n<meta name=\"twitter:card\" content=\"summary_large_image\" \/>\n<meta name=\"twitter:label1\" content=\"Dur\u00e9e de lecture estim\u00e9e\" \/>\n\t<meta name=\"twitter:data1\" content=\"6 minutes\" \/>\n<script type=\"application\/ld+json\" class=\"yoast-schema-graph\">{\n\t    \"@context\": \"https:\/\/schema.org\",\n\t    \"@graph\": [\n\t        {\n\t            \"@type\": \"WebPage\",\n\t            \"@id\": \"https:\/\/sion.beestk.com\/fr\/nos-expertises\/droit-des-entreprises-en-difficulte\/\",\n\t            \"url\": \"https:\/\/sion.beestk.com\/fr\/nos-expertises\/droit-des-entreprises-en-difficulte\/\",\n\t            \"name\": \"Droit des entreprises en difficult\u00e9 | Pr\u00e9vention & proc\u00e9dures collectives\",\n\t            \"isPartOf\": {\n\t                \"@id\": \"https:\/\/sion.beestk.com\/fr\/#website\"\n\t            },\n\t            \"primaryImageOfPage\": {\n\t                \"@id\": \"https:\/\/sion.beestk.com\/fr\/nos-expertises\/droit-des-entreprises-en-difficulte\/#primaryimage\"\n\t            },\n\t            \"image\": {\n\t                \"@id\": \"https:\/\/sion.beestk.com\/fr\/nos-expertises\/droit-des-entreprises-en-difficulte\/#primaryimage\"\n\t            },\n\t            \"thumbnailUrl\": \"https:\/\/sion.beestk.com\/wp-content\/uploads\/2026\/01\/consultation-faq.webp\",\n\t            \"datePublished\": \"2025-12-21T09:35:09+00:00\",\n\t            \"dateModified\": \"2026-02-05T11:47:25+00:00\",\n\t            \"description\": \"Droit des entreprises en difficult\u00e9 : pr\u00e9vention, mandat ad hoc, conciliation, redressement et liquidation, rachat\/cession...\",\n\t            \"breadcrumb\": {\n\t                \"@id\": \"https:\/\/sion.beestk.com\/fr\/nos-expertises\/droit-des-entreprises-en-difficulte\/#breadcrumb\"\n\t            },\n\t            \"inLanguage\": \"fr-FR\",\n\t            \"potentialAction\": [\n\t                {\n\t                    \"@type\": \"ReadAction\",\n\t                    \"target\": [\n\t                        \"https:\/\/sion.beestk.com\/fr\/nos-expertises\/droit-des-entreprises-en-difficulte\/\"\n\t                    ]\n\t                }\n\t            ]\n\t        },\n\t        {\n\t            \"@type\": \"ImageObject\",\n\t            \"inLanguage\": \"fr-FR\",\n\t            \"@id\": \"https:\/\/sion.beestk.com\/fr\/nos-expertises\/droit-des-entreprises-en-difficulte\/#primaryimage\",\n\t            \"url\": \"https:\/\/sion.beestk.com\/wp-content\/uploads\/2026\/01\/consultation-faq.webp\",\n\t            \"contentUrl\": \"https:\/\/sion.beestk.com\/wp-content\/uploads\/2026\/01\/consultation-faq.webp\"\n\t        },\n\t        {\n\t            \"@type\": \"BreadcrumbList\",\n\t            \"@id\": \"https:\/\/sion.beestk.com\/fr\/nos-expertises\/droit-des-entreprises-en-difficulte\/#breadcrumb\",\n\t            \"itemListElement\": [\n\t                {\n\t                    \"@type\": \"ListItem\",\n\t                    \"position\": 1,\n\t                    \"name\": \"Accueil\",\n\t                    \"item\": \"https:\/\/sion.beestk.com\/fr\/\"\n\t                },\n\t                {\n\t                    \"@type\": \"ListItem\",\n\t                    \"position\": 2,\n\t                    \"name\": \"Nos Expertises\",\n\t                    \"item\": \"https:\/\/sion.beestk.com\/fr\/nos-expertises\/\"\n\t                },\n\t                {\n\t                    \"@type\": \"ListItem\",\n\t                    \"position\": 3,\n\t                    \"name\": \"Droit des entreprises en difficult\u00e9\"\n\t                }\n\t            ]\n\t        },\n\t        {\n\t            \"@type\": \"WebSite\",\n\t            \"@id\": \"https:\/\/sion.beestk.com\/fr\/#website\",\n\t            \"url\": \"https:\/\/sion.beestk.com\/fr\/\",\n\t            \"name\": \"Cabinet Ya\u00ebl Sion & ASSOCI\u00c9S\",\n\t            \"description\": \"\",\n\t            \"publisher\": {\n\t                \"@id\": \"https:\/\/sion.beestk.com\/fr\/#organization\"\n\t            },\n\t            \"potentialAction\": [\n\t                {\n\t                    \"@type\": \"SearchAction\",\n\t                    \"target\": {\n\t                        \"@type\": \"EntryPoint\",\n\t                        \"urlTemplate\": \"https:\/\/sion.beestk.com\/fr\/?s={search_term_string}\"\n\t                    },\n\t                    \"query-input\": {\n\t                        \"@type\": \"PropertyValueSpecification\",\n\t                        \"valueRequired\": true,\n\t                        \"valueName\": \"search_term_string\"\n\t                    }\n\t                }\n\t            ],\n\t            \"inLanguage\": \"fr-FR\"\n\t        },\n\t        {\n\t            \"@type\": [\n\t                \"Organization\",\n\t                \"LocalBusiness\",\n\t                \"LegalService\"\n\t            ],\n\t            \"@id\": \"https:\/\/sion.beestk.com\/fr\/#organization\",\n\t            \"name\": \"Cabinet Ya\u00ebl Sion & ASSOCI\u00c9S\",\n\t            \"url\": \"https:\/\/sion.beestk.com\/fr\/\",\n\t            \"logo\": {\n\t                \"@type\": \"ImageObject\",\n\t                \"inLanguage\": \"fr-FR\",\n\t                \"@id\": \"https:\/\/sion.beestk.com\/fr\/#\/schema\/logo\/image\/\",\n\t                \"url\": \"https:\/\/sion.beestk.com\/wp-content\/uploads\/2025\/12\/logo.png\",\n\t                \"contentUrl\": \"https:\/\/sion.beestk.com\/wp-content\/uploads\/2025\/12\/logo.png\",\n\t                \"width\": 150,\n\t                \"height\": 72,\n\t                \"caption\": \"Cabinet Ya\u00ebl Sion & ASSOCI\u00c9S\"\n\t            },\n\t            \"image\": {\n\t                \"@id\": \"https:\/\/sion.beestk.com\/fr\/#\/schema\/logo\/image\/\"\n\t            },\n\t            \"sameAs\": [\n\t                \"https:\/\/maps.app.goo.gl\/wgFyjZZdY3JC98nZA\",\n\t                \"https:\/\/www.linkedin.com\/in\/ya%C3%ABl-sion-0a18091b3\/\"\n\t            ],\n\t            \"telephone\": \"+33465848884\",\n\t            \"address\": {\n\t                \"@type\": \"PostalAddress\",\n\t                \"addressCountry\": \"FR\",\n\t                \"addressLocality\": \"Marseille\",\n\t                \"postalCode\": \"13008\",\n\t                \"streetAddress\": \"565 avenue du Prado\"\n\t            },\n\t            \"openingHours\": [\n\t                \"Mo-Th 09:00-19:00\",\n\t                \"Fr 09:00-16:00\"\n\t            ],\n\t            \"hasMap\": \"https:\/\/maps.app.goo.gl\/wgFyjZZdY3JC98nZA\",\n\t            \"founder\": [\n\t                {\n\t                    \"@type\": \"Person\",\n\t                    \"name\": \"Ya\u00ebl Sion\",\n\t                    \"jobTitle\": \"Avocat\",\n\t                    \"worksFor\": {\n\t                        \"@id\": \"https:\/\/sion.beestk.com\/fr\/#organization\"\n\t                    },\n\t                    \"sameAs\": [\n\t                        \"https:\/\/www.linkedin.com\/in\/ya%C3%ABl-sion-0a18091b3\/\"\n\t                    ]\n\t                }\n\t            ],\n\t            \"foundingDate\": \"2015\"\n\t        }\n\t    ]\n\t}<\/script>\n<!-- \/ Yoast SEO plugin. -->","yoast_head_json":{"title":"Droit des entreprises en difficult\u00e9 | Pr\u00e9vention & proc\u00e9dures collectives","description":"Droit des entreprises en difficult\u00e9 : pr\u00e9vention, mandat ad hoc, conciliation, redressement et liquidation, rachat\/cession...","robots":{"index":"noindex","follow":"follow","max-snippet":"max-snippet:-1","max-image-preview":"max-image-preview:large","max-video-preview":"max-video-preview:-1"},"og_locale":"fr_FR","og_type":"article","og_title":"Droit des entreprises en difficult\u00e9 | Pr\u00e9vention & proc\u00e9dures collectives","og_description":"Droit des entreprises en difficult\u00e9 : pr\u00e9vention, mandat ad hoc, conciliation, redressement et liquidation, rachat\/cession...","og_url":"https:\/\/sion.beestk.com\/fr\/nos-expertises\/droit-des-entreprises-en-difficulte\/","og_site_name":"Sion Avocat","article_publisher":"https:\/\/maps.app.goo.gl\/wgFyjZZdY3JC98nZA","article_modified_time":"2026-02-05T11:47:25+00:00","og_image":[{"url":"https:\/\/sion.beestk.com\/wp-content\/uploads\/2026\/01\/consultation-faq.webp","type":"","width":"","height":""}],"twitter_card":"summary_large_image","twitter_misc":{"Dur\u00e9e de lecture estim\u00e9e":"6 minutes"},"schema":{"@context":"https:\/\/schema.org","@graph":[{"@type":"WebPage","@id":"https:\/\/sion.beestk.com\/fr\/nos-expertises\/droit-des-entreprises-en-difficulte\/","url":"https:\/\/sion.beestk.com\/fr\/nos-expertises\/droit-des-entreprises-en-difficulte\/","name":"Droit des entreprises en difficult\u00e9 | Pr\u00e9vention & proc\u00e9dures collectives","isPartOf":{"@id":"https:\/\/sion.beestk.com\/fr\/#website"},"primaryImageOfPage":{"@id":"https:\/\/sion.beestk.com\/fr\/nos-expertises\/droit-des-entreprises-en-difficulte\/#primaryimage"},"image":{"@id":"https:\/\/sion.beestk.com\/fr\/nos-expertises\/droit-des-entreprises-en-difficulte\/#primaryimage"},"thumbnailUrl":"https:\/\/sion.beestk.com\/wp-content\/uploads\/2026\/01\/consultation-faq.webp","datePublished":"2025-12-21T09:35:09+00:00","dateModified":"2026-02-05T11:47:25+00:00","description":"Droit des entreprises en difficult\u00e9 : pr\u00e9vention, mandat ad hoc, conciliation, redressement et liquidation, rachat\/cession...","breadcrumb":{"@id":"https:\/\/sion.beestk.com\/fr\/nos-expertises\/droit-des-entreprises-en-difficulte\/#breadcrumb"},"inLanguage":"fr-FR","potentialAction":[{"@type":"ReadAction","target":["https:\/\/sion.beestk.com\/fr\/nos-expertises\/droit-des-entreprises-en-difficulte\/"]}]},{"@type":"ImageObject","inLanguage":"fr-FR","@id":"https:\/\/sion.beestk.com\/fr\/nos-expertises\/droit-des-entreprises-en-difficulte\/#primaryimage","url":"https:\/\/sion.beestk.com\/wp-content\/uploads\/2026\/01\/consultation-faq.webp","contentUrl":"https:\/\/sion.beestk.com\/wp-content\/uploads\/2026\/01\/consultation-faq.webp"},{"@type":"BreadcrumbList","@id":"https:\/\/sion.beestk.com\/fr\/nos-expertises\/droit-des-entreprises-en-difficulte\/#breadcrumb","itemListElement":[{"@type":"ListItem","position":1,"name":"Accueil","item":"https:\/\/sion.beestk.com\/fr\/"},{"@type":"ListItem","position":2,"name":"Nos Expertises","item":"https:\/\/sion.beestk.com\/fr\/nos-expertises\/"},{"@type":"ListItem","position":3,"name":"Droit des entreprises en difficult\u00e9"}]},{"@type":"WebSite","@id":"https:\/\/sion.beestk.com\/fr\/#website","url":"https:\/\/sion.beestk.com\/fr\/","name":"Cabinet Ya\u00ebl Sion & ASSOCI\u00c9S","description":"","publisher":{"@id":"https:\/\/sion.beestk.com\/fr\/#organization"},"potentialAction":[{"@type":"SearchAction","target":{"@type":"EntryPoint","urlTemplate":"https:\/\/sion.beestk.com\/fr\/?s={search_term_string}"},"query-input":{"@type":"PropertyValueSpecification","valueRequired":true,"valueName":"search_term_string"}}],"inLanguage":"fr-FR"},{"@type":["Organization","LocalBusiness","LegalService"],"@id":"https:\/\/sion.beestk.com\/fr\/#organization","name":"Cabinet Ya\u00ebl Sion & ASSOCI\u00c9S","url":"https:\/\/sion.beestk.com\/fr\/","logo":{"@type":"ImageObject","inLanguage":"fr-FR","@id":"https:\/\/sion.beestk.com\/fr\/#\/schema\/logo\/image\/","url":"https:\/\/sion.beestk.com\/wp-content\/uploads\/2025\/12\/logo.png","contentUrl":"https:\/\/sion.beestk.com\/wp-content\/uploads\/2025\/12\/logo.png","width":150,"height":72,"caption":"Cabinet Ya\u00ebl Sion & ASSOCI\u00c9S"},"image":{"@id":"https:\/\/sion.beestk.com\/fr\/#\/schema\/logo\/image\/"},"sameAs":["https:\/\/maps.app.goo.gl\/wgFyjZZdY3JC98nZA","https:\/\/www.linkedin.com\/in\/ya%C3%ABl-sion-0a18091b3\/"],"telephone":"+33465848884","address":{"@type":"PostalAddress","addressCountry":"FR","addressLocality":"Marseille","postalCode":"13008","streetAddress":"565 avenue du Prado"},"openingHours":["Mo-Th 09:00-19:00","Fr 09:00-16:00"],"hasMap":"https:\/\/maps.app.goo.gl\/wgFyjZZdY3JC98nZA","founder":[{"@type":"Person","name":"Ya\u00ebl Sion","jobTitle":"Avocat","worksFor":{"@id":"https:\/\/sion.beestk.com\/fr\/#organization"},"sameAs":["https:\/\/www.linkedin.com\/in\/ya%C3%ABl-sion-0a18091b3\/"]}],"foundingDate":"2015"}]}},"_links":{"self":[{"href":"https:\/\/sion.beestk.com\/fr\/wp-json\/wp\/v2\/pages\/296","targetHints":{"allow":["GET"]}}],"collection":[{"href":"https:\/\/sion.beestk.com\/fr\/wp-json\/wp\/v2\/pages"}],"about":[{"href":"https:\/\/sion.beestk.com\/fr\/wp-json\/wp\/v2\/types\/page"}],"author":[{"embeddable":true,"href":"https:\/\/sion.beestk.com\/fr\/wp-json\/wp\/v2\/users\/3"}],"replies":[{"embeddable":true,"href":"https:\/\/sion.beestk.com\/fr\/wp-json\/wp\/v2\/comments?post=296"}],"version-history":[{"count":1,"href":"https:\/\/sion.beestk.com\/fr\/wp-json\/wp\/v2\/pages\/296\/revisions"}],"predecessor-version":[{"id":3238,"href":"https:\/\/sion.beestk.com\/fr\/wp-json\/wp\/v2\/pages\/296\/revisions\/3238"}],"up":[{"embeddable":true,"href":"https:\/\/sion.beestk.com\/fr\/wp-json\/wp\/v2\/pages\/286"}],"wp:attachment":[{"href":"https:\/\/sion.beestk.com\/fr\/wp-json\/wp\/v2\/media?parent=296"}],"curies":[{"name":"wp","href":"https:\/\/api.w.org\/{rel}","templated":true}]}}